{"id":415632,"date":"2023-12-18T09:04:20","date_gmt":"2023-12-18T08:04:20","guid":{"rendered":"https:\/\/paulinenaue.info\/wp-content\/uploads\/2023\/12\/2023-12-17-Gruss-Arne-Breder.jpeg"},"modified":"2023-12-18T09:04:42","modified_gmt":"2023-12-18T08:04:42","slug":"2023-12-17-gruss-arne-breder","status":"inherit","type":"attachment","link":"https:\/\/paulinenaue.info\/index.php\/event\/weihnachtsgruss-des-paulinenauer-buergermeisters\/2023-12-17-gruss-arne-breder\/","title":{"rendered":"2023-12-17, Gru\u00df Arne Breder"},"author":1,"featured_media":0,"comment_status":"open","ping_status":"closed","template":"","meta":{"_acf_changed":false,"_price":"","_stock":"","_tribe_ticket_header":"","_tribe_default_ticket_provider":"","_tribe_ticket_capacity":"0","_ticket_start_date":"","_ticket_end_date":"","_tribe_ticket_show_description":"","_tribe_ticket_show_not_going":false,"_tribe_ticket_use_global_stock":"","_tribe_ticket_global_stock_level":"","_global_stock_mode":"","_global_stock_cap":"","_tribe_rsvp_for_event":"","_tribe_ticket_going_count":"","_tribe_ticket_not_going_count":"","_tribe_tickets_list":"[]","_tribe_ticket_has_attendee_info_fields":false,"jetpack_post_was_ever_published":false},"class_list":["post-415632","attachment","type-attachment","status-inherit","hentry"],"acf":[],"yoast_head":"<!-- This site is optimized with the Yoast SEO plugin v27.5 - https:\/\/yoast.com\/product\/yoast-seo-wordpress\/ -->\n<title>2023-12-17, Gru\u00df Arne Breder - Paulinenaue<\/title>\n<meta name=\"robots\" content=\"index, follow, max-snippet:-1, max-image-preview:large, max-video-preview:-1\" \/>\n<link rel=\"canonical\" href=\"https:\/\/paulinenaue.info\/wp-content\/uploads\/2023\/12\/2023-12-17-Gruss-Arne-Breder.jpeg\" \/>\n<meta property=\"og:locale\" content=\"de_DE\" \/>\n<meta property=\"og:type\" content=\"article\" \/>\n<meta property=\"og:title\" content=\"2023-12-17, Gru\u00df Arne Breder - Paulinenaue\" \/>\n<meta property=\"og:description\" content=\"Weihnachtsgru\u00df des Paulinenauer B\u00fcrgermeisters Arne Breder. In diesem Jahr lie\u00df er sich bei der Anfertigung famili\u00e4r unterst\u00fctzen.\" \/>\n<meta property=\"og:url\" content=\"https:\/\/paulinenaue.info\/wp-content\/uploads\/2023\/12\/2023-12-17-Gruss-Arne-Breder.jpeg\" \/>\n<meta property=\"og:site_name\" content=\"Paulinenaue\" \/>\n<meta property=\"article:modified_time\" content=\"2023-12-18T08:04:42+00:00\" \/>\n<meta property=\"og:image\" content=\"https:\/\/paulinenaue.info\/wp-content\/uploads\/2023\/12\/2023-12-17-Gruss-Arne-Breder.jpeg\" \/>\n\t<meta property=\"og:image:width\" content=\"708\" \/>\n\t<meta property=\"og:image:height\" content=\"1000\" \/>\n\t<meta property=\"og:image:type\" content=\"image\/jpeg\" \/>\n<meta name=\"twitter:card\" content=\"summary_large_image\" \/>\n<script type=\"application\/ld+json\" class=\"yoast-schema-graph\">{\"@context\":\"https:\\\/\\\/schema.org\",\"@graph\":[{\"@type\":\"WebPage\",\"@id\":\"https:\\\/\\\/paulinenaue.info\\\/wp-content\\\/uploads\\\/2023\\\/12\\\/2023-12-17-Gruss-Arne-Breder.jpeg\",\"url\":\"https:\\\/\\\/paulinenaue.info\\\/wp-content\\\/uploads\\\/2023\\\/12\\\/2023-12-17-Gruss-Arne-Breder.jpeg\",\"name\":\"2023-12-17, Gru\u00df Arne Breder - Paulinenaue\",\"isPartOf\":{\"@id\":\"https:\\\/\\\/paulinenaue.info\\\/#website\"},\"datePublished\":\"2023-12-18T08:04:20+00:00\",\"dateModified\":\"2023-12-18T08:04:42+00:00\",\"breadcrumb\":{\"@id\":\"https:\\\/\\\/paulinenaue.info\\\/wp-content\\\/uploads\\\/2023\\\/12\\\/2023-12-17-Gruss-Arne-Breder.jpeg#breadcrumb\"},\"inLanguage\":\"de\",\"potentialAction\":[{\"@type\":\"ReadAction\",\"target\":[\"https:\\\/\\\/paulinenaue.info\\\/wp-content\\\/uploads\\\/2023\\\/12\\\/2023-12-17-Gruss-Arne-Breder.jpeg\"]}]},{\"@type\":\"BreadcrumbList\",\"@id\":\"https:\\\/\\\/paulinenaue.info\\\/wp-content\\\/uploads\\\/2023\\\/12\\\/2023-12-17-Gruss-Arne-Breder.jpeg#breadcrumb\",\"itemListElement\":[{\"@type\":\"ListItem\",\"position\":1,\"name\":\"Home\",\"item\":\"https:\\\/\\\/paulinenaue.info\\\/\"},{\"@type\":\"ListItem\",\"position\":2,\"name\":\"Weihnachtsgru\u00df des Paulinenauer B\u00fcrgermeisters\",\"item\":\"https:\\\/\\\/paulinenaue.info\\\/index.php\\\/event\\\/weihnachtsgruss-des-paulinenauer-buergermeisters\\\/\"},{\"@type\":\"ListItem\",\"position\":3,\"name\":\"2023-12-17, Gru\u00df Arne Breder\"}]},{\"@type\":\"WebSite\",\"@id\":\"https:\\\/\\\/paulinenaue.info\\\/#website\",\"url\":\"https:\\\/\\\/paulinenaue.info\\\/\",\"name\":\"Paulinenaue\",\"description\":\"Ein Dorf im Havelland\",\"potentialAction\":[{\"@type\":\"SearchAction\",\"target\":{\"@type\":\"EntryPoint\",\"urlTemplate\":\"https:\\\/\\\/paulinenaue.info\\\/?s={search_term_string}\"},\"query-input\":{\"@type\":\"PropertyValueSpecification\",\"valueRequired\":true,\"valueName\":\"search_term_string\"}}],\"inLanguage\":\"de\"}]}<\/script>\n<!-- \/ Yoast SEO plugin. -->","yoast_head_json":{"title":"2023-12-17, Gru\u00df Arne Breder - Paulinenaue","robots":{"index":"index","follow":"follow","max-snippet":"max-snippet:-1","max-image-preview":"max-image-preview:large","max-video-preview":"max-video-preview:-1"},"canonical":"https:\/\/paulinenaue.info\/wp-content\/uploads\/2023\/12\/2023-12-17-Gruss-Arne-Breder.jpeg","og_locale":"de_DE","og_type":"article","og_title":"2023-12-17, Gru\u00df Arne Breder - Paulinenaue","og_description":"Weihnachtsgru\u00df des Paulinenauer B\u00fcrgermeisters Arne Breder. In diesem Jahr lie\u00df er sich bei der Anfertigung famili\u00e4r unterst\u00fctzen.","og_url":"https:\/\/paulinenaue.info\/wp-content\/uploads\/2023\/12\/2023-12-17-Gruss-Arne-Breder.jpeg","og_site_name":"Paulinenaue","article_modified_time":"2023-12-18T08:04:42+00:00","og_image":[{"width":708,"height":1000,"url":"https:\/\/paulinenaue.info\/wp-content\/uploads\/2023\/12\/2023-12-17-Gruss-Arne-Breder.jpeg","type":"image\/jpeg"}],"twitter_card":"summary_large_image","schema":{"@context":"https:\/\/schema.org","@graph":[{"@type":"WebPage","@id":"https:\/\/paulinenaue.info\/wp-content\/uploads\/2023\/12\/2023-12-17-Gruss-Arne-Breder.jpeg","url":"https:\/\/paulinenaue.info\/wp-content\/uploads\/2023\/12\/2023-12-17-Gruss-Arne-Breder.jpeg","name":"2023-12-17, Gru\u00df Arne Breder - Paulinenaue","isPartOf":{"@id":"https:\/\/paulinenaue.info\/#website"},"datePublished":"2023-12-18T08:04:20+00:00","dateModified":"2023-12-18T08:04:42+00:00","breadcrumb":{"@id":"https:\/\/paulinenaue.info\/wp-content\/uploads\/2023\/12\/2023-12-17-Gruss-Arne-Breder.jpeg#breadcrumb"},"inLanguage":"de","potentialAction":[{"@type":"ReadAction","target":["https:\/\/paulinenaue.info\/wp-content\/uploads\/2023\/12\/2023-12-17-Gruss-Arne-Breder.jpeg"]}]},{"@type":"BreadcrumbList","@id":"https:\/\/paulinenaue.info\/wp-content\/uploads\/2023\/12\/2023-12-17-Gruss-Arne-Breder.jpeg#breadcrumb","itemListElement":[{"@type":"ListItem","position":1,"name":"Home","item":"https:\/\/paulinenaue.info\/"},{"@type":"ListItem","position":2,"name":"Weihnachtsgru\u00df des Paulinenauer B\u00fcrgermeisters","item":"https:\/\/paulinenaue.info\/index.php\/event\/weihnachtsgruss-des-paulinenauer-buergermeisters\/"},{"@type":"ListItem","position":3,"name":"2023-12-17, Gru\u00df Arne Breder"}]},{"@type":"WebSite","@id":"https:\/\/paulinenaue.info\/#website","url":"https:\/\/paulinenaue.info\/","name":"Paulinenaue","description":"Ein Dorf im Havelland","potentialAction":[{"@type":"SearchAction","target":{"@type":"EntryPoint","urlTemplate":"https:\/\/paulinenaue.info\/?s={search_term_string}"},"query-input":{"@type":"PropertyValueSpecification","valueRequired":true,"valueName":"search_term_string"}}],"inLanguage":"de"}]}},"jetpack_sharing_enabled":true,"jetpack_shortlink":"https:\/\/wp.me\/acYhWA-1K7K","description":{"rendered":"<p class=\"attachment\"><a data-rel=\"iLightbox[postimages]\" data-title=\"\" data-caption=\"\" href='https:\/\/paulinenaue.info\/wp-content\/uploads\/2023\/12\/2023-12-17-Gruss-Arne-Breder.jpeg'><img decoding=\"async\" width=\"212\" height=\"300\" src=\"https:\/\/paulinenaue.info\/wp-content\/uploads\/2023\/12\/2023-12-17-Gruss-Arne-Breder-212x300.jpeg\" class=\"attachment-medium size-medium lazyload\" alt=\"\" srcset=\"data:image\/svg+xml,%3Csvg%20xmlns%3D%27http%3A%2F%2Fwww.w3.org%2F2000%2Fsvg%27%20width%3D%27708%27%20height%3D%271000%27%20viewBox%3D%270%200%20708%201000%27%3E%3Crect%20width%3D%27708%27%20height%3D%271000%27%20fill-opacity%3D%220%22%2F%3E%3C%2Fsvg%3E\" data-orig-src=\"https:\/\/paulinenaue.info\/wp-content\/uploads\/2023\/12\/2023-12-17-Gruss-Arne-Breder-212x300.jpeg\" data-srcset=\"https:\/\/paulinenaue.info\/wp-content\/uploads\/2023\/12\/2023-12-17-Gruss-Arne-Breder-200x282.jpeg 200w, https:\/\/paulinenaue.info\/wp-content\/uploads\/2023\/12\/2023-12-17-Gruss-Arne-Breder-212x300.jpeg 212w, https:\/\/paulinenaue.info\/wp-content\/uploads\/2023\/12\/2023-12-17-Gruss-Arne-Breder-400x565.jpeg 400w, https:\/\/paulinenaue.info\/wp-content\/uploads\/2023\/12\/2023-12-17-Gruss-Arne-Breder-600x847.jpeg 600w, https:\/\/paulinenaue.info\/wp-content\/uploads\/2023\/12\/2023-12-17-Gruss-Arne-Breder.jpeg 708w\" data-sizes=\"auto\" data-attachment-id=\"415632\" data-permalink=\"https:\/\/paulinenaue.info\/index.php\/event\/weihnachtsgruss-des-paulinenauer-buergermeisters\/2023-12-17-gruss-arne-breder\/\" data-orig-file=\"https:\/\/paulinenaue.info\/wp-content\/uploads\/2023\/12\/2023-12-17-Gruss-Arne-Breder.jpeg\" data-orig-size=\"708,1000\" data-comments-opened=\"1\" data-image-meta=\"{&quot;aperture&quot;:&quot;0&quot;,&quot;credit&quot;:&quot;&quot;,&quot;camera&quot;:&quot;&quot;,&quot;caption&quot;:&quot;&quot;,&quot;created_timestamp&quot;:&quot;1702854630&quot;,&quot;copyright&quot;:&quot;&quot;,&quot;focal_length&quot;:&quot;0&quot;,&quot;iso&quot;:&quot;0&quot;,&quot;shutter_speed&quot;:&quot;0&quot;,&quot;title&quot;:&quot;&quot;,&quot;orientation&quot;:&quot;1&quot;}\" data-image-title=\"2023-12-17, Gru\u00df Arne Breder\" data-image-description=\"\" data-image-caption=\"&lt;p&gt;Weihnachtsgru\u00df des Paulinenauer B\u00fcrgermeisters Arne Breder. In diesem Jahr lie\u00df er sich bei der Anfertigung famili\u00e4r unterst\u00fctzen. &lt;\/p&gt;\n\" data-large-file=\"https:\/\/paulinenaue.info\/wp-content\/uploads\/2023\/12\/2023-12-17-Gruss-Arne-Breder.jpeg\" \/><\/a><\/p>\n"},"caption":{"rendered":"<p>Weihnachtsgru\u00df des Paulinenauer B\u00fcrgermeisters Arne Breder. In diesem Jahr lie\u00df er sich bei der Anfertigung famili\u00e4r unterst\u00fctzen. <\/p>\n"},"alt_text":"","media_type":"image","mime_type":"image\/jpeg","media_details":{"width":708,"height":1000,"file":"2023\/12\/2023-12-17-Gruss-Arne-Breder.jpeg","filesize":171681,"sizes":{"medium":{"file":"2023-12-17-Gruss-Arne-Breder-212x300.jpeg","width":212,"height":300,"filesize":17487,"mime_type":"image\/jpeg","source_url":"https:\/\/paulinenaue.info\/wp-content\/uploads\/2023\/12\/2023-12-17-Gruss-Arne-Breder-212x300.jpeg"},"thumbnail":{"file":"2023-12-17-Gruss-Arne-Breder-150x150.jpeg","width":150,"height":150,"filesize":8041,"mime_type":"image\/jpeg","source_url":"https:\/\/paulinenaue.info\/wp-content\/uploads\/2023\/12\/2023-12-17-Gruss-Arne-Breder-150x150.jpeg"},"blog-large":{"file":"2023-12-17-Gruss-Arne-Breder-669x272.jpeg","width":669,"height":272,"filesize":29707,"mime_type":"image\/jpeg","source_url":"https:\/\/paulinenaue.info\/wp-content\/uploads\/2023\/12\/2023-12-17-Gruss-Arne-Breder-669x272.jpeg"},"blog-medium":{"file":"2023-12-17-Gruss-Arne-Breder-320x202.jpeg","width":320,"height":202,"filesize":15232,"mime_type":"image\/jpeg","source_url":"https:\/\/paulinenaue.info\/wp-content\/uploads\/2023\/12\/2023-12-17-Gruss-Arne-Breder-320x202.jpeg"},"recent-posts":{"file":"2023-12-17-Gruss-Arne-Breder-700x441.jpeg","width":700,"height":441,"filesize":47263,"mime_type":"image\/jpeg","source_url":"https:\/\/paulinenaue.info\/wp-content\/uploads\/2023\/12\/2023-12-17-Gruss-Arne-Breder-700x441.jpeg"},"recent-works-thumbnail":{"file":"2023-12-17-Gruss-Arne-Breder-66x66.jpeg","width":66,"height":66,"filesize":2398,"mime_type":"image\/jpeg","source_url":"https:\/\/paulinenaue.info\/wp-content\/uploads\/2023\/12\/2023-12-17-Gruss-Arne-Breder-66x66.jpeg"},"fusion-200":{"file":"2023-12-17-Gruss-Arne-Breder-200x282.jpeg","width":200,"height":282,"filesize":15986,"mime_type":"image\/jpeg","source_url":"https:\/\/paulinenaue.info\/wp-content\/uploads\/2023\/12\/2023-12-17-Gruss-Arne-Breder-200x282.jpeg"},"fusion-400":{"file":"2023-12-17-Gruss-Arne-Breder-400x565.jpeg","width":400,"height":565,"filesize":44871,"mime_type":"image\/jpeg","source_url":"https:\/\/paulinenaue.info\/wp-content\/uploads\/2023\/12\/2023-12-17-Gruss-Arne-Breder-400x565.jpeg"},"fusion-600":{"file":"2023-12-17-Gruss-Arne-Breder-600x847.jpeg","width":600,"height":847,"filesize":81687,"mime_type":"image\/jpeg","source_url":"https:\/\/paulinenaue.info\/wp-content\/uploads\/2023\/12\/2023-12-17-Gruss-Arne-Breder-600x847.jpeg"},"full":{"file":"2023-12-17-Gruss-Arne-Breder.jpeg","width":708,"height":1000,"mime_type":"image\/jpeg","source_url":"https:\/\/paulinenaue.info\/wp-content\/uploads\/2023\/12\/2023-12-17-Gruss-Arne-Breder.jpeg"}},"image_meta":{"aperture":"0","credit":"","camera":"","caption":"","created_timestamp":"1702854630","copyright":"","focal_length":"0","iso":"0","shutter_speed":"0","title":"","orientation":"1","keywords":[]}},"post":415631,"source_url":"https:\/\/paulinenaue.info\/wp-content\/uploads\/2023\/12\/2023-12-17-Gruss-Arne-Breder.jpeg","_links":{"self":[{"href":"https:\/\/paulinenaue.info\/index.php\/wp-json\/wp\/v2\/media\/415632","targetHints":{"allow":["GET"]}}],"collection":[{"href":"https:\/\/paulinenaue.info\/index.php\/wp-json\/wp\/v2\/media"}],"about":[{"href":"https:\/\/paulinenaue.info\/index.php\/wp-json\/wp\/v2\/types\/attachment"}],"author":[{"embeddable":true,"href":"https:\/\/paulinenaue.info\/index.php\/wp-json\/wp\/v2\/users\/1"}],"replies":[{"embeddable":true,"href":"https:\/\/paulinenaue.info\/index.php\/wp-json\/wp\/v2\/comments?post=415632"}],"wp:attached-to":[{"embeddable":true,"post_type":"tribe_events","id":415631,"href":"https:\/\/paulinenaue.info\/index.php\/wp-json\/wp\/v2\/tribe_events\/415631"}],"curies":[{"name":"wp","href":"https:\/\/api.w.org\/{rel}","templated":true}]}}