{"id":417644,"date":"2025-03-24T23:02:40","date_gmt":"2025-03-24T22:02:40","guid":{"rendered":"https:\/\/paulinenaue.info\/wp-content\/uploads\/2025\/03\/2003-07-06-Bruecke-an-der-Luchsiedlung-ES-01.jpeg"},"modified":"2025-03-24T23:03:38","modified_gmt":"2025-03-24T22:03:38","slug":"foto-eberhard-schwarz-2","status":"inherit","type":"attachment","link":"https:\/\/paulinenaue.info\/index.php\/die-bahn-baut-bei-paulinenaue\/foto-eberhard-schwarz-2\/","title":{"rendered":"Foto: Eberhard Schwarz"},"author":1,"featured_media":0,"comment_status":"open","ping_status":"closed","template":"","meta":{"_acf_changed":false,"_price":"","_stock":"","_tribe_ticket_header":"","_tribe_default_ticket_provider":"","_tribe_ticket_capacity":"0","_ticket_start_date":"","_ticket_end_date":"","_tribe_ticket_show_description":"","_tribe_ticket_show_not_going":false,"_tribe_ticket_use_global_stock":"","_tribe_ticket_global_stock_level":"","_global_stock_mode":"","_global_stock_cap":"","_tribe_rsvp_for_event":"","_tribe_ticket_going_count":"","_tribe_ticket_not_going_count":"","_tribe_tickets_list":"[]","_tribe_ticket_has_attendee_info_fields":false,"jetpack_post_was_ever_published":false},"class_list":["post-417644","attachment","type-attachment","status-inherit","hentry"],"acf":[],"yoast_head":"<!-- This site is optimized with the Yoast SEO plugin v27.5 - https:\/\/yoast.com\/product\/yoast-seo-wordpress\/ -->\n<title>Foto: Eberhard Schwarz - Paulinenaue<\/title>\n<meta name=\"robots\" content=\"index, follow, max-snippet:-1, max-image-preview:large, max-video-preview:-1\" \/>\n<link rel=\"canonical\" href=\"https:\/\/paulinenaue.info\/wp-content\/uploads\/2025\/03\/2003-07-06-Bruecke-an-der-Luchsiedlung-ES-01.jpeg\" \/>\n<meta property=\"og:locale\" content=\"de_DE\" \/>\n<meta property=\"og:type\" content=\"article\" \/>\n<meta property=\"og:title\" content=\"Foto: Eberhard Schwarz - Paulinenaue\" \/>\n<meta property=\"og:description\" content=\"Und an der neuen Br\u00fccke in der N\u00e4he der Luchsiedlung wird bereits t\u00fcchtig gearbeitet. Foto: Eberhard Schwarz, 2003\" \/>\n<meta property=\"og:url\" content=\"https:\/\/paulinenaue.info\/wp-content\/uploads\/2025\/03\/2003-07-06-Bruecke-an-der-Luchsiedlung-ES-01.jpeg\" \/>\n<meta property=\"og:site_name\" content=\"Paulinenaue\" \/>\n<meta property=\"article:modified_time\" content=\"2025-03-24T22:03:38+00:00\" \/>\n<meta property=\"og:image\" content=\"https:\/\/paulinenaue.info\/wp-content\/uploads\/2025\/03\/2003-07-06-Bruecke-an-der-Luchsiedlung-ES-01.jpeg\" \/>\n\t<meta property=\"og:image:width\" content=\"1000\" \/>\n\t<meta property=\"og:image:height\" content=\"670\" \/>\n\t<meta property=\"og:image:type\" content=\"image\/jpeg\" \/>\n<meta name=\"twitter:card\" content=\"summary_large_image\" \/>\n<script type=\"application\/ld+json\" class=\"yoast-schema-graph\">{\"@context\":\"https:\\\/\\\/schema.org\",\"@graph\":[{\"@type\":\"WebPage\",\"@id\":\"https:\\\/\\\/paulinenaue.info\\\/wp-content\\\/uploads\\\/2025\\\/03\\\/2003-07-06-Bruecke-an-der-Luchsiedlung-ES-01.jpeg\",\"url\":\"https:\\\/\\\/paulinenaue.info\\\/wp-content\\\/uploads\\\/2025\\\/03\\\/2003-07-06-Bruecke-an-der-Luchsiedlung-ES-01.jpeg\",\"name\":\"Foto: Eberhard Schwarz - Paulinenaue\",\"isPartOf\":{\"@id\":\"https:\\\/\\\/paulinenaue.info\\\/#website\"},\"datePublished\":\"2025-03-24T22:02:40+00:00\",\"dateModified\":\"2025-03-24T22:03:38+00:00\",\"breadcrumb\":{\"@id\":\"https:\\\/\\\/paulinenaue.info\\\/wp-content\\\/uploads\\\/2025\\\/03\\\/2003-07-06-Bruecke-an-der-Luchsiedlung-ES-01.jpeg#breadcrumb\"},\"inLanguage\":\"de\",\"potentialAction\":[{\"@type\":\"ReadAction\",\"target\":[\"https:\\\/\\\/paulinenaue.info\\\/wp-content\\\/uploads\\\/2025\\\/03\\\/2003-07-06-Bruecke-an-der-Luchsiedlung-ES-01.jpeg\"]}]},{\"@type\":\"BreadcrumbList\",\"@id\":\"https:\\\/\\\/paulinenaue.info\\\/wp-content\\\/uploads\\\/2025\\\/03\\\/2003-07-06-Bruecke-an-der-Luchsiedlung-ES-01.jpeg#breadcrumb\",\"itemListElement\":[{\"@type\":\"ListItem\",\"position\":1,\"name\":\"Home\",\"item\":\"https:\\\/\\\/paulinenaue.info\\\/\"},{\"@type\":\"ListItem\",\"position\":2,\"name\":\"Die Bahn baut bei Paulinenaue\",\"item\":\"https:\\\/\\\/paulinenaue.info\\\/index.php\\\/die-bahn-baut-bei-paulinenaue\\\/\"},{\"@type\":\"ListItem\",\"position\":3,\"name\":\"Foto: Eberhard Schwarz\"}]},{\"@type\":\"WebSite\",\"@id\":\"https:\\\/\\\/paulinenaue.info\\\/#website\",\"url\":\"https:\\\/\\\/paulinenaue.info\\\/\",\"name\":\"Paulinenaue\",\"description\":\"Ein Dorf im Havelland\",\"potentialAction\":[{\"@type\":\"SearchAction\",\"target\":{\"@type\":\"EntryPoint\",\"urlTemplate\":\"https:\\\/\\\/paulinenaue.info\\\/?s={search_term_string}\"},\"query-input\":{\"@type\":\"PropertyValueSpecification\",\"valueRequired\":true,\"valueName\":\"search_term_string\"}}],\"inLanguage\":\"de\"}]}<\/script>\n<!-- \/ Yoast SEO plugin. -->","yoast_head_json":{"title":"Foto: Eberhard Schwarz - Paulinenaue","robots":{"index":"index","follow":"follow","max-snippet":"max-snippet:-1","max-image-preview":"max-image-preview:large","max-video-preview":"max-video-preview:-1"},"canonical":"https:\/\/paulinenaue.info\/wp-content\/uploads\/2025\/03\/2003-07-06-Bruecke-an-der-Luchsiedlung-ES-01.jpeg","og_locale":"de_DE","og_type":"article","og_title":"Foto: Eberhard Schwarz - Paulinenaue","og_description":"Und an der neuen Br\u00fccke in der N\u00e4he der Luchsiedlung wird bereits t\u00fcchtig gearbeitet. Foto: Eberhard Schwarz, 2003","og_url":"https:\/\/paulinenaue.info\/wp-content\/uploads\/2025\/03\/2003-07-06-Bruecke-an-der-Luchsiedlung-ES-01.jpeg","og_site_name":"Paulinenaue","article_modified_time":"2025-03-24T22:03:38+00:00","og_image":[{"width":1000,"height":670,"url":"https:\/\/paulinenaue.info\/wp-content\/uploads\/2025\/03\/2003-07-06-Bruecke-an-der-Luchsiedlung-ES-01.jpeg","type":"image\/jpeg"}],"twitter_card":"summary_large_image","schema":{"@context":"https:\/\/schema.org","@graph":[{"@type":"WebPage","@id":"https:\/\/paulinenaue.info\/wp-content\/uploads\/2025\/03\/2003-07-06-Bruecke-an-der-Luchsiedlung-ES-01.jpeg","url":"https:\/\/paulinenaue.info\/wp-content\/uploads\/2025\/03\/2003-07-06-Bruecke-an-der-Luchsiedlung-ES-01.jpeg","name":"Foto: Eberhard Schwarz - Paulinenaue","isPartOf":{"@id":"https:\/\/paulinenaue.info\/#website"},"datePublished":"2025-03-24T22:02:40+00:00","dateModified":"2025-03-24T22:03:38+00:00","breadcrumb":{"@id":"https:\/\/paulinenaue.info\/wp-content\/uploads\/2025\/03\/2003-07-06-Bruecke-an-der-Luchsiedlung-ES-01.jpeg#breadcrumb"},"inLanguage":"de","potentialAction":[{"@type":"ReadAction","target":["https:\/\/paulinenaue.info\/wp-content\/uploads\/2025\/03\/2003-07-06-Bruecke-an-der-Luchsiedlung-ES-01.jpeg"]}]},{"@type":"BreadcrumbList","@id":"https:\/\/paulinenaue.info\/wp-content\/uploads\/2025\/03\/2003-07-06-Bruecke-an-der-Luchsiedlung-ES-01.jpeg#breadcrumb","itemListElement":[{"@type":"ListItem","position":1,"name":"Home","item":"https:\/\/paulinenaue.info\/"},{"@type":"ListItem","position":2,"name":"Die Bahn baut bei Paulinenaue","item":"https:\/\/paulinenaue.info\/index.php\/die-bahn-baut-bei-paulinenaue\/"},{"@type":"ListItem","position":3,"name":"Foto: Eberhard Schwarz"}]},{"@type":"WebSite","@id":"https:\/\/paulinenaue.info\/#website","url":"https:\/\/paulinenaue.info\/","name":"Paulinenaue","description":"Ein Dorf im Havelland","potentialAction":[{"@type":"SearchAction","target":{"@type":"EntryPoint","urlTemplate":"https:\/\/paulinenaue.info\/?s={search_term_string}"},"query-input":{"@type":"PropertyValueSpecification","valueRequired":true,"valueName":"search_term_string"}}],"inLanguage":"de"}]}},"jetpack_sharing_enabled":true,"jetpack_shortlink":"https:\/\/wp.me\/acYhWA-1KEc","description":{"rendered":"<p class=\"attachment\"><a data-rel=\"iLightbox[postimages]\" data-title=\"\" data-caption=\"\" href='https:\/\/paulinenaue.info\/wp-content\/uploads\/2025\/03\/2003-07-06-Bruecke-an-der-Luchsiedlung-ES-01.jpeg'><img decoding=\"async\" width=\"300\" height=\"201\" src=\"https:\/\/paulinenaue.info\/wp-content\/uploads\/2025\/03\/2003-07-06-Bruecke-an-der-Luchsiedlung-ES-01-300x201.jpeg\" class=\"attachment-medium size-medium lazyload\" alt=\"\" srcset=\"data:image\/svg+xml,%3Csvg%20xmlns%3D%27http%3A%2F%2Fwww.w3.org%2F2000%2Fsvg%27%20width%3D%271000%27%20height%3D%27670%27%20viewBox%3D%270%200%201000%20670%27%3E%3Crect%20width%3D%271000%27%20height%3D%27670%27%20fill-opacity%3D%220%22%2F%3E%3C%2Fsvg%3E\" data-orig-src=\"https:\/\/paulinenaue.info\/wp-content\/uploads\/2025\/03\/2003-07-06-Bruecke-an-der-Luchsiedlung-ES-01-300x201.jpeg\" data-srcset=\"https:\/\/paulinenaue.info\/wp-content\/uploads\/2025\/03\/2003-07-06-Bruecke-an-der-Luchsiedlung-ES-01-200x134.jpeg 200w, https:\/\/paulinenaue.info\/wp-content\/uploads\/2025\/03\/2003-07-06-Bruecke-an-der-Luchsiedlung-ES-01-300x201.jpeg 300w, https:\/\/paulinenaue.info\/wp-content\/uploads\/2025\/03\/2003-07-06-Bruecke-an-der-Luchsiedlung-ES-01-400x268.jpeg 400w, https:\/\/paulinenaue.info\/wp-content\/uploads\/2025\/03\/2003-07-06-Bruecke-an-der-Luchsiedlung-ES-01-600x402.jpeg 600w, https:\/\/paulinenaue.info\/wp-content\/uploads\/2025\/03\/2003-07-06-Bruecke-an-der-Luchsiedlung-ES-01-768x515.jpeg 768w, https:\/\/paulinenaue.info\/wp-content\/uploads\/2025\/03\/2003-07-06-Bruecke-an-der-Luchsiedlung-ES-01-800x536.jpeg 800w, https:\/\/paulinenaue.info\/wp-content\/uploads\/2025\/03\/2003-07-06-Bruecke-an-der-Luchsiedlung-ES-01.jpeg 1000w\" data-sizes=\"auto\" data-attachment-id=\"417644\" data-permalink=\"https:\/\/paulinenaue.info\/index.php\/die-bahn-baut-bei-paulinenaue\/foto-eberhard-schwarz-2\/\" data-orig-file=\"https:\/\/paulinenaue.info\/wp-content\/uploads\/2025\/03\/2003-07-06-Bruecke-an-der-Luchsiedlung-ES-01.jpeg\" data-orig-size=\"1000,670\" data-comments-opened=\"1\" data-image-meta=\"{&quot;aperture&quot;:&quot;35.3&quot;,&quot;credit&quot;:&quot;&quot;,&quot;camera&quot;:&quot;hp photosmart 612&quot;,&quot;caption&quot;:&quot;Foto: Eberhard Schwarz&quot;,&quot;created_timestamp&quot;:&quot;1057480948&quot;,&quot;copyright&quot;:&quot;&quot;,&quot;focal_length&quot;:&quot;5.77&quot;,&quot;iso&quot;:&quot;39&quot;,&quot;shutter_speed&quot;:&quot;0.00479&quot;,&quot;title&quot;:&quot;Foto: Eberhard Schwarz&quot;,&quot;orientation&quot;:&quot;1&quot;}\" data-image-title=\"Foto: Eberhard Schwarz\" data-image-description=\"\" data-image-caption=\"&lt;p&gt;Und an der neuen Br\u00fccke in der N\u00e4he der Luchsiedlung wird bereits t\u00fcchtig gearbeitet. Foto: Eberhard Schwarz, 2003&lt;\/p&gt;\n\" data-large-file=\"https:\/\/paulinenaue.info\/wp-content\/uploads\/2025\/03\/2003-07-06-Bruecke-an-der-Luchsiedlung-ES-01.jpeg\" \/><\/a><\/p>\n"},"caption":{"rendered":"<p>Und an der neuen Br\u00fccke in der N\u00e4he der Luchsiedlung wird bereits t\u00fcchtig gearbeitet. Foto: Eberhard Schwarz, 2003<\/p>\n"},"alt_text":"","media_type":"image","mime_type":"image\/jpeg","media_details":{"width":1000,"height":670,"file":"2025\/03\/2003-07-06-Bruecke-an-der-Luchsiedlung-ES-01.jpeg","filesize":812967,"sizes":{"medium":{"file":"2003-07-06-Bruecke-an-der-Luchsiedlung-ES-01-300x201.jpeg","width":300,"height":201,"filesize":50572,"mime_type":"image\/jpeg","source_url":"https:\/\/paulinenaue.info\/wp-content\/uploads\/2025\/03\/2003-07-06-Bruecke-an-der-Luchsiedlung-ES-01-300x201.jpeg"},"thumbnail":{"file":"2003-07-06-Bruecke-an-der-Luchsiedlung-ES-01-150x150.jpeg","width":150,"height":150,"filesize":39404,"mime_type":"image\/jpeg","source_url":"https:\/\/paulinenaue.info\/wp-content\/uploads\/2025\/03\/2003-07-06-Bruecke-an-der-Luchsiedlung-ES-01-150x150.jpeg"},"medium_large":{"file":"2003-07-06-Bruecke-an-der-Luchsiedlung-ES-01-768x515.jpeg","width":768,"height":515,"filesize":127359,"mime_type":"image\/jpeg","source_url":"https:\/\/paulinenaue.info\/wp-content\/uploads\/2025\/03\/2003-07-06-Bruecke-an-der-Luchsiedlung-ES-01-768x515.jpeg"},"blog-large":{"file":"2003-07-06-Bruecke-an-der-Luchsiedlung-ES-01-669x272.jpeg","width":669,"height":272,"filesize":79098,"mime_type":"image\/jpeg","source_url":"https:\/\/paulinenaue.info\/wp-content\/uploads\/2025\/03\/2003-07-06-Bruecke-an-der-Luchsiedlung-ES-01-669x272.jpeg"},"blog-medium":{"file":"2003-07-06-Bruecke-an-der-Luchsiedlung-ES-01-320x202.jpeg","width":320,"height":202,"filesize":51653,"mime_type":"image\/jpeg","source_url":"https:\/\/paulinenaue.info\/wp-content\/uploads\/2025\/03\/2003-07-06-Bruecke-an-der-Luchsiedlung-ES-01-320x202.jpeg"},"recent-posts":{"file":"2003-07-06-Bruecke-an-der-Luchsiedlung-ES-01-700x441.jpeg","width":700,"height":441,"filesize":110031,"mime_type":"image\/jpeg","source_url":"https:\/\/paulinenaue.info\/wp-content\/uploads\/2025\/03\/2003-07-06-Bruecke-an-der-Luchsiedlung-ES-01-700x441.jpeg"},"recent-works-thumbnail":{"file":"2003-07-06-Bruecke-an-der-Luchsiedlung-ES-01-66x66.jpeg","width":66,"height":66,"filesize":33387,"mime_type":"image\/jpeg","source_url":"https:\/\/paulinenaue.info\/wp-content\/uploads\/2025\/03\/2003-07-06-Bruecke-an-der-Luchsiedlung-ES-01-66x66.jpeg"},"fusion-200":{"file":"2003-07-06-Bruecke-an-der-Luchsiedlung-ES-01-200x134.jpeg","width":200,"height":134,"filesize":40796,"mime_type":"image\/jpeg","source_url":"https:\/\/paulinenaue.info\/wp-content\/uploads\/2025\/03\/2003-07-06-Bruecke-an-der-Luchsiedlung-ES-01-200x134.jpeg"},"fusion-400":{"file":"2003-07-06-Bruecke-an-der-Luchsiedlung-ES-01-400x268.jpeg","width":400,"height":268,"filesize":62266,"mime_type":"image\/jpeg","source_url":"https:\/\/paulinenaue.info\/wp-content\/uploads\/2025\/03\/2003-07-06-Bruecke-an-der-Luchsiedlung-ES-01-400x268.jpeg"},"fusion-600":{"file":"2003-07-06-Bruecke-an-der-Luchsiedlung-ES-01-600x402.jpeg","width":600,"height":402,"filesize":94629,"mime_type":"image\/jpeg","source_url":"https:\/\/paulinenaue.info\/wp-content\/uploads\/2025\/03\/2003-07-06-Bruecke-an-der-Luchsiedlung-ES-01-600x402.jpeg"},"fusion-800":{"file":"2003-07-06-Bruecke-an-der-Luchsiedlung-ES-01-800x536.jpeg","width":800,"height":536,"filesize":133005,"mime_type":"image\/jpeg","source_url":"https:\/\/paulinenaue.info\/wp-content\/uploads\/2025\/03\/2003-07-06-Bruecke-an-der-Luchsiedlung-ES-01-800x536.jpeg"},"full":{"file":"2003-07-06-Bruecke-an-der-Luchsiedlung-ES-01.jpeg","width":1000,"height":670,"mime_type":"image\/jpeg","source_url":"https:\/\/paulinenaue.info\/wp-content\/uploads\/2025\/03\/2003-07-06-Bruecke-an-der-Luchsiedlung-ES-01.jpeg"}},"image_meta":{"aperture":"35.3","credit":"","camera":"hp photosmart 612","caption":"Foto: Eberhard Schwarz","created_timestamp":"1057480948","copyright":"","focal_length":"5.77","iso":"39","shutter_speed":"0.00479","title":"Foto: Eberhard Schwarz","orientation":"1","keywords":[]}},"post":417641,"source_url":"https:\/\/paulinenaue.info\/wp-content\/uploads\/2025\/03\/2003-07-06-Bruecke-an-der-Luchsiedlung-ES-01.jpeg","_links":{"self":[{"href":"https:\/\/paulinenaue.info\/index.php\/wp-json\/wp\/v2\/media\/417644","targetHints":{"allow":["GET"]}}],"collection":[{"href":"https:\/\/paulinenaue.info\/index.php\/wp-json\/wp\/v2\/media"}],"about":[{"href":"https:\/\/paulinenaue.info\/index.php\/wp-json\/wp\/v2\/types\/attachment"}],"author":[{"embeddable":true,"href":"https:\/\/paulinenaue.info\/index.php\/wp-json\/wp\/v2\/users\/1"}],"replies":[{"embeddable":true,"href":"https:\/\/paulinenaue.info\/index.php\/wp-json\/wp\/v2\/comments?post=417644"}],"wp:attached-to":[{"embeddable":true,"post_type":"post","id":417641,"href":"https:\/\/paulinenaue.info\/index.php\/wp-json\/wp\/v2\/posts\/417641"}],"curies":[{"name":"wp","href":"https:\/\/api.w.org\/{rel}","templated":true}]}}