{"id":5079,"date":"2019-11-01T14:47:12","date_gmt":"2019-11-01T13:47:12","guid":{"rendered":"http:\/\/paulinenaue.info\/wp-content\/uploads\/2019\/10\/4.jpg"},"modified":"2024-06-05T23:51:16","modified_gmt":"2024-06-05T21:51:16","slug":"4-2","status":"inherit","type":"attachment","link":"https:\/\/paulinenaue.info\/index.php\/feierliche-eroeffnung-der-neuen-bruecke-ueber-den-ghhk\/4-2\/","title":{"rendered":"Kanalbr\u00fccke 2019, Rotes Band"},"author":3,"featured_media":0,"comment_status":"open","ping_status":"closed","template":"","meta":{"_acf_changed":false,"_price":"","_stock":"","_tribe_ticket_header":"","_tribe_default_ticket_provider":"","_tribe_ticket_capacity":"0","_ticket_start_date":"","_ticket_end_date":"","_tribe_ticket_show_description":"","_tribe_ticket_show_not_going":false,"_tribe_ticket_use_global_stock":"","_tribe_ticket_global_stock_level":"","_global_stock_mode":"","_global_stock_cap":"","_tribe_rsvp_for_event":"","_tribe_ticket_going_count":"","_tribe_ticket_not_going_count":"","_tribe_tickets_list":"[]","_tribe_ticket_has_attendee_info_fields":false,"jetpack_post_was_ever_published":false},"class_list":["post-5079","attachment","type-attachment","status-inherit","hentry"],"acf":[],"yoast_head":"<!-- This site is optimized with the Yoast SEO plugin v27.5 - https:\/\/yoast.com\/product\/yoast-seo-wordpress\/ -->\n<title>Kanalbr\u00fccke 2019, Rotes Band - Paulinenaue<\/title>\n<meta name=\"robots\" content=\"index, follow, max-snippet:-1, max-image-preview:large, max-video-preview:-1\" \/>\n<link rel=\"canonical\" href=\"https:\/\/paulinenaue.info\/wp-content\/uploads\/2019\/10\/4-e1717624273647.jpg\" \/>\n<meta property=\"og:locale\" content=\"de_DE\" \/>\n<meta property=\"og:type\" content=\"article\" \/>\n<meta property=\"og:title\" content=\"Kanalbr\u00fccke 2019, Rotes Band - Paulinenaue\" \/>\n<meta property=\"og:description\" content=\"Feierlich zerschneiden Amtsdirektor Pust, B\u00fcrgermeister Breder und Herr Mey vom LELF das rotwei\u00dfe Band.\" \/>\n<meta property=\"og:url\" content=\"https:\/\/paulinenaue.info\/wp-content\/uploads\/2019\/10\/4-e1717624273647.jpg\" \/>\n<meta property=\"og:site_name\" content=\"Paulinenaue\" \/>\n<meta property=\"article:modified_time\" content=\"2024-06-05T21:51:16+00:00\" \/>\n<meta property=\"og:image\" content=\"https:\/\/paulinenaue.info\/wp-content\/uploads\/2019\/10\/4-e1717624273647.jpg\" \/>\n\t<meta property=\"og:image:width\" content=\"1600\" \/>\n\t<meta property=\"og:image:height\" content=\"925\" \/>\n\t<meta property=\"og:image:type\" content=\"image\/jpeg\" \/>\n<meta name=\"twitter:card\" content=\"summary_large_image\" \/>\n<script type=\"application\/ld+json\" class=\"yoast-schema-graph\">{\"@context\":\"https:\\\/\\\/schema.org\",\"@graph\":[{\"@type\":\"WebPage\",\"@id\":\"https:\\\/\\\/paulinenaue.info\\\/wp-content\\\/uploads\\\/2019\\\/10\\\/4-e1717624273647.jpg\",\"url\":\"https:\\\/\\\/paulinenaue.info\\\/wp-content\\\/uploads\\\/2019\\\/10\\\/4-e1717624273647.jpg\",\"name\":\"Kanalbr\u00fccke 2019, Rotes Band - Paulinenaue\",\"isPartOf\":{\"@id\":\"https:\\\/\\\/paulinenaue.info\\\/#website\"},\"datePublished\":\"2019-11-01T13:47:12+00:00\",\"dateModified\":\"2024-06-05T21:51:16+00:00\",\"breadcrumb\":{\"@id\":\"https:\\\/\\\/paulinenaue.info\\\/wp-content\\\/uploads\\\/2019\\\/10\\\/4-e1717624273647.jpg#breadcrumb\"},\"inLanguage\":\"de\",\"potentialAction\":[{\"@type\":\"ReadAction\",\"target\":[\"https:\\\/\\\/paulinenaue.info\\\/wp-content\\\/uploads\\\/2019\\\/10\\\/4-e1717624273647.jpg\"]}]},{\"@type\":\"BreadcrumbList\",\"@id\":\"https:\\\/\\\/paulinenaue.info\\\/wp-content\\\/uploads\\\/2019\\\/10\\\/4-e1717624273647.jpg#breadcrumb\",\"itemListElement\":[{\"@type\":\"ListItem\",\"position\":1,\"name\":\"Home\",\"item\":\"https:\\\/\\\/paulinenaue.info\\\/\"},{\"@type\":\"ListItem\",\"position\":2,\"name\":\"Feierliche Er\u00f6ffnung der neuen Br\u00fccke \u00fcber den GHHK\",\"item\":\"https:\\\/\\\/paulinenaue.info\\\/index.php\\\/feierliche-eroeffnung-der-neuen-bruecke-ueber-den-ghhk\\\/\"},{\"@type\":\"ListItem\",\"position\":3,\"name\":\"Kanalbr\u00fccke 2019, Rotes Band\"}]},{\"@type\":\"WebSite\",\"@id\":\"https:\\\/\\\/paulinenaue.info\\\/#website\",\"url\":\"https:\\\/\\\/paulinenaue.info\\\/\",\"name\":\"Paulinenaue\",\"description\":\"Ein Dorf im Havelland\",\"potentialAction\":[{\"@type\":\"SearchAction\",\"target\":{\"@type\":\"EntryPoint\",\"urlTemplate\":\"https:\\\/\\\/paulinenaue.info\\\/?s={search_term_string}\"},\"query-input\":{\"@type\":\"PropertyValueSpecification\",\"valueRequired\":true,\"valueName\":\"search_term_string\"}}],\"inLanguage\":\"de\"}]}<\/script>\n<!-- \/ Yoast SEO plugin. -->","yoast_head_json":{"title":"Kanalbr\u00fccke 2019, Rotes Band - Paulinenaue","robots":{"index":"index","follow":"follow","max-snippet":"max-snippet:-1","max-image-preview":"max-image-preview:large","max-video-preview":"max-video-preview:-1"},"canonical":"https:\/\/paulinenaue.info\/wp-content\/uploads\/2019\/10\/4-e1717624273647.jpg","og_locale":"de_DE","og_type":"article","og_title":"Kanalbr\u00fccke 2019, Rotes Band - Paulinenaue","og_description":"Feierlich zerschneiden Amtsdirektor Pust, B\u00fcrgermeister Breder und Herr Mey vom LELF das rotwei\u00dfe Band.","og_url":"https:\/\/paulinenaue.info\/wp-content\/uploads\/2019\/10\/4-e1717624273647.jpg","og_site_name":"Paulinenaue","article_modified_time":"2024-06-05T21:51:16+00:00","og_image":[{"width":1600,"height":925,"url":"https:\/\/paulinenaue.info\/wp-content\/uploads\/2019\/10\/4-e1717624273647.jpg","type":"image\/jpeg"}],"twitter_card":"summary_large_image","schema":{"@context":"https:\/\/schema.org","@graph":[{"@type":"WebPage","@id":"https:\/\/paulinenaue.info\/wp-content\/uploads\/2019\/10\/4-e1717624273647.jpg","url":"https:\/\/paulinenaue.info\/wp-content\/uploads\/2019\/10\/4-e1717624273647.jpg","name":"Kanalbr\u00fccke 2019, Rotes Band - Paulinenaue","isPartOf":{"@id":"https:\/\/paulinenaue.info\/#website"},"datePublished":"2019-11-01T13:47:12+00:00","dateModified":"2024-06-05T21:51:16+00:00","breadcrumb":{"@id":"https:\/\/paulinenaue.info\/wp-content\/uploads\/2019\/10\/4-e1717624273647.jpg#breadcrumb"},"inLanguage":"de","potentialAction":[{"@type":"ReadAction","target":["https:\/\/paulinenaue.info\/wp-content\/uploads\/2019\/10\/4-e1717624273647.jpg"]}]},{"@type":"BreadcrumbList","@id":"https:\/\/paulinenaue.info\/wp-content\/uploads\/2019\/10\/4-e1717624273647.jpg#breadcrumb","itemListElement":[{"@type":"ListItem","position":1,"name":"Home","item":"https:\/\/paulinenaue.info\/"},{"@type":"ListItem","position":2,"name":"Feierliche Er\u00f6ffnung der neuen Br\u00fccke \u00fcber den GHHK","item":"https:\/\/paulinenaue.info\/index.php\/feierliche-eroeffnung-der-neuen-bruecke-ueber-den-ghhk\/"},{"@type":"ListItem","position":3,"name":"Kanalbr\u00fccke 2019, Rotes Band"}]},{"@type":"WebSite","@id":"https:\/\/paulinenaue.info\/#website","url":"https:\/\/paulinenaue.info\/","name":"Paulinenaue","description":"Ein Dorf im Havelland","potentialAction":[{"@type":"SearchAction","target":{"@type":"EntryPoint","urlTemplate":"https:\/\/paulinenaue.info\/?s={search_term_string}"},"query-input":{"@type":"PropertyValueSpecification","valueRequired":true,"valueName":"search_term_string"}}],"inLanguage":"de"}]}},"jetpack_sharing_enabled":true,"jetpack_shortlink":"https:\/\/wp.me\/acYhWA-1jV","description":{"rendered":"<p class=\"attachment\"><a data-rel=\"iLightbox[postimages]\" data-title=\"\" data-caption=\"\" href='https:\/\/paulinenaue.info\/wp-content\/uploads\/2019\/10\/4-e1717624273647.jpg'><img decoding=\"async\" width=\"300\" height=\"173\" src=\"https:\/\/paulinenaue.info\/wp-content\/uploads\/2019\/10\/4-e1717624273647-300x173.jpg\" class=\"attachment-medium size-medium lazyload\" alt=\"\" srcset=\"data:image\/svg+xml,%3Csvg%20xmlns%3D%27http%3A%2F%2Fwww.w3.org%2F2000%2Fsvg%27%20width%3D%271600%27%20height%3D%27925%27%20viewBox%3D%270%200%201600%20925%27%3E%3Crect%20width%3D%271600%27%20height%3D%27925%27%20fill-opacity%3D%220%22%2F%3E%3C%2Fsvg%3E\" data-orig-src=\"https:\/\/paulinenaue.info\/wp-content\/uploads\/2019\/10\/4-e1717624273647-300x173.jpg\" data-srcset=\"https:\/\/paulinenaue.info\/wp-content\/uploads\/2019\/10\/4-e1717624273647-200x116.jpg 200w, https:\/\/paulinenaue.info\/wp-content\/uploads\/2019\/10\/4-e1717624273647-300x173.jpg 300w, https:\/\/paulinenaue.info\/wp-content\/uploads\/2019\/10\/4-e1717624273647-400x231.jpg 400w, https:\/\/paulinenaue.info\/wp-content\/uploads\/2019\/10\/4-e1717624273647-600x347.jpg 600w, https:\/\/paulinenaue.info\/wp-content\/uploads\/2019\/10\/4-e1717624273647-768x444.jpg 768w, https:\/\/paulinenaue.info\/wp-content\/uploads\/2019\/10\/4-e1717624273647-800x463.jpg 800w, https:\/\/paulinenaue.info\/wp-content\/uploads\/2019\/10\/4-e1717624273647-1024x592.jpg 1024w, https:\/\/paulinenaue.info\/wp-content\/uploads\/2019\/10\/4-e1717624273647-1200x694.jpg 1200w, https:\/\/paulinenaue.info\/wp-content\/uploads\/2019\/10\/4-e1717624273647-1536x888.jpg 1536w, https:\/\/paulinenaue.info\/wp-content\/uploads\/2019\/10\/4-e1717624273647.jpg 1600w\" data-sizes=\"auto\" data-attachment-id=\"5079\" data-permalink=\"https:\/\/paulinenaue.info\/index.php\/feierliche-eroeffnung-der-neuen-bruecke-ueber-den-ghhk\/4-2\/\" data-orig-file=\"https:\/\/paulinenaue.info\/wp-content\/uploads\/2019\/10\/4-e1717624273647.jpg\" data-orig-size=\"1600,925\" data-comments-opened=\"1\" data-image-meta=\"{&quot;aperture&quot;:&quot;0&quot;,&quot;credit&quot;:&quot;&quot;,&quot;camera&quot;:&quot;&quot;,&quot;caption&quot;:&quot;&quot;,&quot;created_timestamp&quot;:&quot;0&quot;,&quot;copyright&quot;:&quot;&quot;,&quot;focal_length&quot;:&quot;0&quot;,&quot;iso&quot;:&quot;0&quot;,&quot;shutter_speed&quot;:&quot;0&quot;,&quot;title&quot;:&quot;&quot;,&quot;orientation&quot;:&quot;0&quot;}\" data-image-title=\"Kanalbr\u00fccke 2019, Rotes Band\" data-image-description=\"\" data-image-caption=\"&lt;p&gt;Feierlich zerschneiden Amtsdirektor Pust, B\u00fcrgermeister Breder und Herr Mey vom LELF das rotwei\u00dfe Band.&lt;\/p&gt;\n\" data-large-file=\"https:\/\/paulinenaue.info\/wp-content\/uploads\/2019\/10\/4-e1717624273647-1024x592.jpg\" \/><\/a><\/p>\n"},"caption":{"rendered":"<p>Feierlich zerschneiden Amtsdirektor Pust, B\u00fcrgermeister Breder und Herr Mey vom LELF das rotwei\u00dfe Band.<\/p>\n"},"alt_text":"","media_type":"image","mime_type":"image\/jpeg","media_details":{"width":1600,"height":925,"file":"2019\/10\/4-e1717624273647.jpg","sizes":{"thumbnail":{"file":"4-e1717624273647-150x150.jpg","width":150,"height":150,"filesize":7945,"mime_type":"image\/jpeg","source_url":"https:\/\/paulinenaue.info\/wp-content\/uploads\/2019\/10\/4-e1717624273647-150x150.jpg"},"medium":{"file":"4-e1717624273647-300x173.jpg","width":300,"height":173,"filesize":16362,"mime_type":"image\/jpeg","source_url":"https:\/\/paulinenaue.info\/wp-content\/uploads\/2019\/10\/4-e1717624273647-300x173.jpg"},"medium_large":{"file":"4-e1717624273647-768x444.jpg","width":768,"height":444,"filesize":93835,"mime_type":"image\/jpeg","source_url":"https:\/\/paulinenaue.info\/wp-content\/uploads\/2019\/10\/4-e1717624273647-768x444.jpg"},"large":{"file":"4-e1717624273647-1024x592.jpg","width":1024,"height":592,"filesize":154377,"mime_type":"image\/jpeg","source_url":"https:\/\/paulinenaue.info\/wp-content\/uploads\/2019\/10\/4-e1717624273647-1024x592.jpg"},"post-thumbnail":{"file":"4-958x719.jpg","width":958,"height":719,"mime_type":"image\/jpeg","source_url":"https:\/\/paulinenaue.info\/wp-content\/uploads\/2019\/10\/4-958x719.jpg"},"100x100":{"file":"4-100x100.jpg","width":100,"height":100,"mime_type":"image\/jpeg","source_url":"https:\/\/paulinenaue.info\/wp-content\/uploads\/2019\/10\/4-100x100.jpg"},"600x400":{"file":"4-600x400.jpg","width":600,"height":400,"mime_type":"image\/jpeg","source_url":"https:\/\/paulinenaue.info\/wp-content\/uploads\/2019\/10\/4-600x400.jpg"},"400x400":{"file":"4-400x400.jpg","width":400,"height":400,"mime_type":"image\/jpeg","source_url":"https:\/\/paulinenaue.info\/wp-content\/uploads\/2019\/10\/4-400x400.jpg"},"330x206":{"file":"4-330x206.jpg","width":330,"height":206,"mime_type":"image\/jpeg","source_url":"https:\/\/paulinenaue.info\/wp-content\/uploads\/2019\/10\/4-330x206.jpg"},"1000x800":{"file":"4-1000x800.jpg","width":1000,"height":800,"mime_type":"image\/jpeg","source_url":"https:\/\/paulinenaue.info\/wp-content\/uploads\/2019\/10\/4-1000x800.jpg"},"200x125":{"file":"4-200x125.jpg","width":200,"height":125,"mime_type":"image\/jpeg","source_url":"https:\/\/paulinenaue.info\/wp-content\/uploads\/2019\/10\/4-200x125.jpg"},"210x210":{"file":"4-210x210.jpg","width":210,"height":210,"mime_type":"image\/jpeg","source_url":"https:\/\/paulinenaue.info\/wp-content\/uploads\/2019\/10\/4-210x210.jpg"},"800x500":{"file":"4-800x500.jpg","width":800,"height":500,"mime_type":"image\/jpeg","source_url":"https:\/\/paulinenaue.info\/wp-content\/uploads\/2019\/10\/4-800x500.jpg"},"sow-carousel-default":{"file":"4-272x182.jpg","width":272,"height":182,"mime_type":"image\/jpeg","source_url":"https:\/\/paulinenaue.info\/wp-content\/uploads\/2019\/10\/4-272x182.jpg"},"1536x1536":{"file":"4-e1717624273647-1536x888.jpg","width":1536,"height":888,"filesize":294157,"mime_type":"image\/jpeg","source_url":"https:\/\/paulinenaue.info\/wp-content\/uploads\/2019\/10\/4-e1717624273647-1536x888.jpg"},"blog-large":{"file":"4-e1717624273647-669x272.jpg","width":669,"height":272,"filesize":52844,"mime_type":"image\/jpeg","source_url":"https:\/\/paulinenaue.info\/wp-content\/uploads\/2019\/10\/4-e1717624273647-669x272.jpg"},"blog-medium":{"file":"4-e1717624273647-320x202.jpg","width":320,"height":202,"filesize":20136,"mime_type":"image\/jpeg","source_url":"https:\/\/paulinenaue.info\/wp-content\/uploads\/2019\/10\/4-e1717624273647-320x202.jpg"},"recent-posts":{"file":"4-e1717624273647-700x441.jpg","width":700,"height":441,"filesize":85989,"mime_type":"image\/jpeg","source_url":"https:\/\/paulinenaue.info\/wp-content\/uploads\/2019\/10\/4-e1717624273647-700x441.jpg"},"recent-works-thumbnail":{"file":"4-e1717624273647-66x66.jpg","width":66,"height":66,"filesize":2122,"mime_type":"image\/jpeg","source_url":"https:\/\/paulinenaue.info\/wp-content\/uploads\/2019\/10\/4-e1717624273647-66x66.jpg"},"fusion-200":{"file":"4-e1717624273647-200x116.jpg","width":200,"height":116,"filesize":8032,"mime_type":"image\/jpeg","source_url":"https:\/\/paulinenaue.info\/wp-content\/uploads\/2019\/10\/4-e1717624273647-200x116.jpg"},"fusion-400":{"file":"4-e1717624273647-400x231.jpg","width":400,"height":231,"filesize":27974,"mime_type":"image\/jpeg","source_url":"https:\/\/paulinenaue.info\/wp-content\/uploads\/2019\/10\/4-e1717624273647-400x231.jpg"},"fusion-600":{"file":"4-e1717624273647-600x347.jpg","width":600,"height":347,"filesize":59673,"mime_type":"image\/jpeg","source_url":"https:\/\/paulinenaue.info\/wp-content\/uploads\/2019\/10\/4-e1717624273647-600x347.jpg"},"fusion-800":{"file":"4-e1717624273647-800x463.jpg","width":800,"height":463,"filesize":99603,"mime_type":"image\/jpeg","source_url":"https:\/\/paulinenaue.info\/wp-content\/uploads\/2019\/10\/4-e1717624273647-800x463.jpg"},"fusion-1200":{"file":"4-e1717624273647-1200x694.jpg","width":1200,"height":694,"filesize":200320,"mime_type":"image\/jpeg","source_url":"https:\/\/paulinenaue.info\/wp-content\/uploads\/2019\/10\/4-e1717624273647-1200x694.jpg"},"full":{"file":"4-e1717624273647.jpg","width":1600,"height":925,"mime_type":"image\/jpeg","source_url":"https:\/\/paulinenaue.info\/wp-content\/uploads\/2019\/10\/4-e1717624273647.jpg"}},"image_meta":{"aperture":"0","credit":"","camera":"","caption":"","created_timestamp":"0","copyright":"","focal_length":"0","iso":"0","shutter_speed":"0","title":"","orientation":"0"}},"post":5061,"source_url":"https:\/\/paulinenaue.info\/wp-content\/uploads\/2019\/10\/4-e1717624273647.jpg","_links":{"self":[{"href":"https:\/\/paulinenaue.info\/index.php\/wp-json\/wp\/v2\/media\/5079","targetHints":{"allow":["GET"]}}],"collection":[{"href":"https:\/\/paulinenaue.info\/index.php\/wp-json\/wp\/v2\/media"}],"about":[{"href":"https:\/\/paulinenaue.info\/index.php\/wp-json\/wp\/v2\/types\/attachment"}],"author":[{"embeddable":true,"href":"https:\/\/paulinenaue.info\/index.php\/wp-json\/wp\/v2\/users\/3"}],"replies":[{"embeddable":true,"href":"https:\/\/paulinenaue.info\/index.php\/wp-json\/wp\/v2\/comments?post=5079"}],"wp:attached-to":[{"embeddable":true,"post_type":"post","id":5061,"href":"https:\/\/paulinenaue.info\/index.php\/wp-json\/wp\/v2\/posts\/5061"}],"curies":[{"name":"wp","href":"https:\/\/api.w.org\/{rel}","templated":true}]}}