{"id":6202,"date":"2021-10-24T23:52:54","date_gmt":"2021-10-24T21:52:54","guid":{"rendered":"https:\/\/paulinenaue.info\/wp-content\/uploads\/2016\/03\/09-Das-kleine-Hakenberger-Denkmal-zur-Erinnerung-an-die-Schlacht-bei-Fehrbellin.jpg"},"modified":"2021-10-25T00:01:40","modified_gmt":"2021-10-24T22:01:40","slug":"09-das-kleine-hakenberger-denkmal-zur-erinnerung-an-die-schlacht-bei-fehrbellin","status":"inherit","type":"attachment","link":"https:\/\/paulinenaue.info\/index.php\/unterwegs-auf-dem-neuen-radweg-paulinenaue-fehrbellin\/09-das-kleine-hakenberger-denkmal-zur-erinnerung-an-die-schlacht-bei-fehrbellin\/","title":{"rendered":"Das kleine Hakenberger Denkmal zur Erinnerung an die Schlacht bei Fehrbellin"},"author":1,"featured_media":0,"comment_status":"open","ping_status":"closed","template":"","meta":{"_acf_changed":false,"_price":"","_stock":"","_tribe_ticket_header":"","_tribe_default_ticket_provider":"","_tribe_ticket_capacity":"0","_ticket_start_date":"","_ticket_end_date":"","_tribe_ticket_show_description":"","_tribe_ticket_show_not_going":false,"_tribe_ticket_use_global_stock":"","_tribe_ticket_global_stock_level":"","_global_stock_mode":"","_global_stock_cap":"","_tribe_rsvp_for_event":"","_tribe_ticket_going_count":"","_tribe_ticket_not_going_count":"","_tribe_tickets_list":"[]","_tribe_ticket_has_attendee_info_fields":false,"jetpack_post_was_ever_published":false},"class_list":["post-6202","attachment","type-attachment","status-inherit","hentry"],"acf":[],"yoast_head":"<!-- This site is optimized with the Yoast SEO plugin v27.5 - https:\/\/yoast.com\/product\/yoast-seo-wordpress\/ -->\n<title>Das kleine Hakenberger Denkmal zur Erinnerung an die Schlacht bei Fehrbellin - Paulinenaue<\/title>\n<meta name=\"robots\" content=\"index, follow, max-snippet:-1, max-image-preview:large, max-video-preview:-1\" \/>\n<link rel=\"canonical\" href=\"https:\/\/paulinenaue.info\/wp-content\/uploads\/2016\/03\/09-Das-kleine-Hakenberger-Denkmal-zur-Erinnerung-an-die-Schlacht-bei-Fehrbellin.jpg\" \/>\n<meta property=\"og:locale\" content=\"de_DE\" \/>\n<meta property=\"og:type\" content=\"article\" \/>\n<meta property=\"og:title\" content=\"Das kleine Hakenberger Denkmal zur Erinnerung an die Schlacht bei Fehrbellin - Paulinenaue\" \/>\n<meta property=\"og:description\" content=\"Durch den Radweg k\u00f6nnen von Paulinenaue aus noch andere reizvolle Orte bequem mit dem Fahrrad erreicht werden. Zum Beispiel Hakenberg, die \u201eWiege zu Preu\u00dfens Gr\u00f6\u00dfe\u201c. Als Erinnerung an die Schlacht bei Fehrbellin 1675 lie\u00df der Reckahner Gutsherr Friedrich Eberhard von Rochow (1734-1805) dieses Denkmal errichten. Foto: Eberhard Schwarz, 2011.\" \/>\n<meta property=\"og:url\" content=\"https:\/\/paulinenaue.info\/wp-content\/uploads\/2016\/03\/09-Das-kleine-Hakenberger-Denkmal-zur-Erinnerung-an-die-Schlacht-bei-Fehrbellin.jpg\" \/>\n<meta property=\"og:site_name\" content=\"Paulinenaue\" \/>\n<meta property=\"article:modified_time\" content=\"2021-10-24T22:01:40+00:00\" \/>\n<meta property=\"og:image\" content=\"https:\/\/i2.wp.com\/paulinenaue.info\/wp-content\/uploads\/2016\/03\/09-Das-kleine-Hakenberger-Denkmal-zur-Erinnerung-an-die-Schlacht-bei-Fehrbellin.jpg?fit=1000%2C750&ssl=1\" \/>\n\t<meta property=\"og:image:width\" content=\"1000\" \/>\n\t<meta property=\"og:image:height\" content=\"750\" \/>\n\t<meta property=\"og:image:type\" content=\"image\/jpeg\" \/>\n<meta name=\"twitter:card\" content=\"summary_large_image\" \/>\n<script type=\"application\/ld+json\" class=\"yoast-schema-graph\">{\"@context\":\"https:\\\/\\\/schema.org\",\"@graph\":[{\"@type\":\"WebPage\",\"@id\":\"https:\\\/\\\/paulinenaue.info\\\/wp-content\\\/uploads\\\/2016\\\/03\\\/09-Das-kleine-Hakenberger-Denkmal-zur-Erinnerung-an-die-Schlacht-bei-Fehrbellin.jpg\",\"url\":\"https:\\\/\\\/paulinenaue.info\\\/wp-content\\\/uploads\\\/2016\\\/03\\\/09-Das-kleine-Hakenberger-Denkmal-zur-Erinnerung-an-die-Schlacht-bei-Fehrbellin.jpg\",\"name\":\"Das kleine Hakenberger Denkmal zur Erinnerung an die Schlacht bei Fehrbellin - Paulinenaue\",\"isPartOf\":{\"@id\":\"https:\\\/\\\/paulinenaue.info\\\/#website\"},\"datePublished\":\"2021-10-24T21:52:54+00:00\",\"dateModified\":\"2021-10-24T22:01:40+00:00\",\"breadcrumb\":{\"@id\":\"https:\\\/\\\/paulinenaue.info\\\/wp-content\\\/uploads\\\/2016\\\/03\\\/09-Das-kleine-Hakenberger-Denkmal-zur-Erinnerung-an-die-Schlacht-bei-Fehrbellin.jpg#breadcrumb\"},\"inLanguage\":\"de\",\"potentialAction\":[{\"@type\":\"ReadAction\",\"target\":[\"https:\\\/\\\/paulinenaue.info\\\/wp-content\\\/uploads\\\/2016\\\/03\\\/09-Das-kleine-Hakenberger-Denkmal-zur-Erinnerung-an-die-Schlacht-bei-Fehrbellin.jpg\"]}]},{\"@type\":\"BreadcrumbList\",\"@id\":\"https:\\\/\\\/paulinenaue.info\\\/wp-content\\\/uploads\\\/2016\\\/03\\\/09-Das-kleine-Hakenberger-Denkmal-zur-Erinnerung-an-die-Schlacht-bei-Fehrbellin.jpg#breadcrumb\",\"itemListElement\":[{\"@type\":\"ListItem\",\"position\":1,\"name\":\"Home\",\"item\":\"https:\\\/\\\/paulinenaue.info\\\/\"},{\"@type\":\"ListItem\",\"position\":2,\"name\":\"Unterwegs auf dem neuen Radweg \u201eStille Pauline\u201c\u00a0zwischen Paulinenaue und Fehrbellin\",\"item\":\"https:\\\/\\\/paulinenaue.info\\\/index.php\\\/unterwegs-auf-dem-neuen-radweg-paulinenaue-fehrbellin\\\/\"},{\"@type\":\"ListItem\",\"position\":3,\"name\":\"Das kleine Hakenberger Denkmal zur Erinnerung an die Schlacht bei Fehrbellin\"}]},{\"@type\":\"WebSite\",\"@id\":\"https:\\\/\\\/paulinenaue.info\\\/#website\",\"url\":\"https:\\\/\\\/paulinenaue.info\\\/\",\"name\":\"Paulinenaue\",\"description\":\"Ein Dorf im Havelland\",\"potentialAction\":[{\"@type\":\"SearchAction\",\"target\":{\"@type\":\"EntryPoint\",\"urlTemplate\":\"https:\\\/\\\/paulinenaue.info\\\/?s={search_term_string}\"},\"query-input\":{\"@type\":\"PropertyValueSpecification\",\"valueRequired\":true,\"valueName\":\"search_term_string\"}}],\"inLanguage\":\"de\"}]}<\/script>\n<!-- \/ Yoast SEO plugin. -->","yoast_head_json":{"title":"Das kleine Hakenberger Denkmal zur Erinnerung an die Schlacht bei Fehrbellin - Paulinenaue","robots":{"index":"index","follow":"follow","max-snippet":"max-snippet:-1","max-image-preview":"max-image-preview:large","max-video-preview":"max-video-preview:-1"},"canonical":"https:\/\/paulinenaue.info\/wp-content\/uploads\/2016\/03\/09-Das-kleine-Hakenberger-Denkmal-zur-Erinnerung-an-die-Schlacht-bei-Fehrbellin.jpg","og_locale":"de_DE","og_type":"article","og_title":"Das kleine Hakenberger Denkmal zur Erinnerung an die Schlacht bei Fehrbellin - Paulinenaue","og_description":"Durch den Radweg k\u00f6nnen von Paulinenaue aus noch andere reizvolle Orte bequem mit dem Fahrrad erreicht werden. Zum Beispiel Hakenberg, die \u201eWiege zu Preu\u00dfens Gr\u00f6\u00dfe\u201c. Als Erinnerung an die Schlacht bei Fehrbellin 1675 lie\u00df der Reckahner Gutsherr Friedrich Eberhard von Rochow (1734-1805) dieses Denkmal errichten. Foto: Eberhard Schwarz, 2011.","og_url":"https:\/\/paulinenaue.info\/wp-content\/uploads\/2016\/03\/09-Das-kleine-Hakenberger-Denkmal-zur-Erinnerung-an-die-Schlacht-bei-Fehrbellin.jpg","og_site_name":"Paulinenaue","article_modified_time":"2021-10-24T22:01:40+00:00","og_image":[{"width":1000,"height":750,"url":"https:\/\/i2.wp.com\/paulinenaue.info\/wp-content\/uploads\/2016\/03\/09-Das-kleine-Hakenberger-Denkmal-zur-Erinnerung-an-die-Schlacht-bei-Fehrbellin.jpg?fit=1000%2C750&ssl=1","type":"image\/jpeg"}],"twitter_card":"summary_large_image","schema":{"@context":"https:\/\/schema.org","@graph":[{"@type":"WebPage","@id":"https:\/\/paulinenaue.info\/wp-content\/uploads\/2016\/03\/09-Das-kleine-Hakenberger-Denkmal-zur-Erinnerung-an-die-Schlacht-bei-Fehrbellin.jpg","url":"https:\/\/paulinenaue.info\/wp-content\/uploads\/2016\/03\/09-Das-kleine-Hakenberger-Denkmal-zur-Erinnerung-an-die-Schlacht-bei-Fehrbellin.jpg","name":"Das kleine Hakenberger Denkmal zur Erinnerung an die Schlacht bei Fehrbellin - Paulinenaue","isPartOf":{"@id":"https:\/\/paulinenaue.info\/#website"},"datePublished":"2021-10-24T21:52:54+00:00","dateModified":"2021-10-24T22:01:40+00:00","breadcrumb":{"@id":"https:\/\/paulinenaue.info\/wp-content\/uploads\/2016\/03\/09-Das-kleine-Hakenberger-Denkmal-zur-Erinnerung-an-die-Schlacht-bei-Fehrbellin.jpg#breadcrumb"},"inLanguage":"de","potentialAction":[{"@type":"ReadAction","target":["https:\/\/paulinenaue.info\/wp-content\/uploads\/2016\/03\/09-Das-kleine-Hakenberger-Denkmal-zur-Erinnerung-an-die-Schlacht-bei-Fehrbellin.jpg"]}]},{"@type":"BreadcrumbList","@id":"https:\/\/paulinenaue.info\/wp-content\/uploads\/2016\/03\/09-Das-kleine-Hakenberger-Denkmal-zur-Erinnerung-an-die-Schlacht-bei-Fehrbellin.jpg#breadcrumb","itemListElement":[{"@type":"ListItem","position":1,"name":"Home","item":"https:\/\/paulinenaue.info\/"},{"@type":"ListItem","position":2,"name":"Unterwegs auf dem neuen Radweg \u201eStille Pauline\u201c\u00a0zwischen Paulinenaue und Fehrbellin","item":"https:\/\/paulinenaue.info\/index.php\/unterwegs-auf-dem-neuen-radweg-paulinenaue-fehrbellin\/"},{"@type":"ListItem","position":3,"name":"Das kleine Hakenberger Denkmal zur Erinnerung an die Schlacht bei Fehrbellin"}]},{"@type":"WebSite","@id":"https:\/\/paulinenaue.info\/#website","url":"https:\/\/paulinenaue.info\/","name":"Paulinenaue","description":"Ein Dorf im Havelland","potentialAction":[{"@type":"SearchAction","target":{"@type":"EntryPoint","urlTemplate":"https:\/\/paulinenaue.info\/?s={search_term_string}"},"query-input":{"@type":"PropertyValueSpecification","valueRequired":true,"valueName":"search_term_string"}}],"inLanguage":"de"}]}},"jetpack_sharing_enabled":true,"jetpack_shortlink":"https:\/\/wp.me\/acYhWA-1C2","description":{"rendered":"<p class=\"attachment\"><a data-rel=\"iLightbox[postimages]\" data-title=\"\" data-caption=\"\" href='https:\/\/paulinenaue.info\/wp-content\/uploads\/2016\/03\/09-Das-kleine-Hakenberger-Denkmal-zur-Erinnerung-an-die-Schlacht-bei-Fehrbellin.jpg'><img decoding=\"async\" width=\"300\" height=\"225\" src=\"https:\/\/paulinenaue.info\/wp-content\/uploads\/2016\/03\/09-Das-kleine-Hakenberger-Denkmal-zur-Erinnerung-an-die-Schlacht-bei-Fehrbellin-300x225.jpg\" class=\"attachment-medium size-medium lazyload\" alt=\"Hakenberger Denkmal\" srcset=\"data:image\/svg+xml,%3Csvg%20xmlns%3D%27http%3A%2F%2Fwww.w3.org%2F2000%2Fsvg%27%20width%3D%271000%27%20height%3D%27750%27%20viewBox%3D%270%200%201000%20750%27%3E%3Crect%20width%3D%271000%27%20height%3D%27750%27%20fill-opacity%3D%220%22%2F%3E%3C%2Fsvg%3E\" data-orig-src=\"https:\/\/paulinenaue.info\/wp-content\/uploads\/2016\/03\/09-Das-kleine-Hakenberger-Denkmal-zur-Erinnerung-an-die-Schlacht-bei-Fehrbellin-300x225.jpg\" data-srcset=\"https:\/\/paulinenaue.info\/wp-content\/uploads\/2016\/03\/09-Das-kleine-Hakenberger-Denkmal-zur-Erinnerung-an-die-Schlacht-bei-Fehrbellin-200x150.jpg 200w, https:\/\/paulinenaue.info\/wp-content\/uploads\/2016\/03\/09-Das-kleine-Hakenberger-Denkmal-zur-Erinnerung-an-die-Schlacht-bei-Fehrbellin-300x225.jpg 300w, https:\/\/paulinenaue.info\/wp-content\/uploads\/2016\/03\/09-Das-kleine-Hakenberger-Denkmal-zur-Erinnerung-an-die-Schlacht-bei-Fehrbellin-400x300.jpg 400w, https:\/\/paulinenaue.info\/wp-content\/uploads\/2016\/03\/09-Das-kleine-Hakenberger-Denkmal-zur-Erinnerung-an-die-Schlacht-bei-Fehrbellin-600x450.jpg 600w, https:\/\/paulinenaue.info\/wp-content\/uploads\/2016\/03\/09-Das-kleine-Hakenberger-Denkmal-zur-Erinnerung-an-die-Schlacht-bei-Fehrbellin-768x576.jpg 768w, https:\/\/paulinenaue.info\/wp-content\/uploads\/2016\/03\/09-Das-kleine-Hakenberger-Denkmal-zur-Erinnerung-an-die-Schlacht-bei-Fehrbellin-800x600.jpg 800w, https:\/\/paulinenaue.info\/wp-content\/uploads\/2016\/03\/09-Das-kleine-Hakenberger-Denkmal-zur-Erinnerung-an-die-Schlacht-bei-Fehrbellin.jpg 1000w\" data-sizes=\"auto\" data-attachment-id=\"6202\" data-permalink=\"https:\/\/paulinenaue.info\/index.php\/unterwegs-auf-dem-neuen-radweg-paulinenaue-fehrbellin\/09-das-kleine-hakenberger-denkmal-zur-erinnerung-an-die-schlacht-bei-fehrbellin\/\" data-orig-file=\"https:\/\/paulinenaue.info\/wp-content\/uploads\/2016\/03\/09-Das-kleine-Hakenberger-Denkmal-zur-Erinnerung-an-die-Schlacht-bei-Fehrbellin.jpg\" data-orig-size=\"1000,750\" data-comments-opened=\"1\" data-image-meta=\"{&quot;aperture&quot;:&quot;4&quot;,&quot;credit&quot;:&quot;&quot;,&quot;camera&quot;:&quot;DSC-HX1&quot;,&quot;caption&quot;:&quot;&quot;,&quot;created_timestamp&quot;:&quot;1303647590&quot;,&quot;copyright&quot;:&quot;&quot;,&quot;focal_length&quot;:&quot;5&quot;,&quot;iso&quot;:&quot;125&quot;,&quot;shutter_speed&quot;:&quot;0.0015625&quot;,&quot;title&quot;:&quot;&quot;,&quot;orientation&quot;:&quot;1&quot;}\" data-image-title=\"Das kleine Hakenberger Denkmal zur Erinnerung an die Schlacht bei Fehrbellin\" data-image-description=\"\" data-image-caption=\"&lt;p&gt;Durch den Radweg k\u00f6nnen von Paulinenaue aus noch andere reizvolle Orte bequem mit dem Fahrrad erreicht werden. Zum Beispiel Hakenberg, die \u201eWiege zu Preu\u00dfens Gr\u00f6\u00dfe\u201c. Als Erinnerung an die Schlacht bei Fehrbellin 1675 lie\u00df der Reckahner Gutsherr Friedrich Eberhard von Rochow (1734-1805) dieses Denkmal errichten. Foto: Eberhard Schwarz, 2011.&lt;\/p&gt;\n\" data-large-file=\"https:\/\/paulinenaue.info\/wp-content\/uploads\/2016\/03\/09-Das-kleine-Hakenberger-Denkmal-zur-Erinnerung-an-die-Schlacht-bei-Fehrbellin.jpg\" \/><\/a><\/p>\n"},"caption":{"rendered":"<p>Durch den Radweg k\u00f6nnen von Paulinenaue aus noch andere reizvolle Orte bequem mit dem Fahrrad erreicht werden. Zum Beispiel Hakenberg, die \u201eWiege zu Preu\u00dfens Gr\u00f6\u00dfe\u201c. Als Erinnerung an die Schlacht bei Fehrbellin 1675 lie\u00df der Reckahner Gutsherr Friedrich Eberhard von Rochow (1734-1805) dieses Denkmal errichten. Foto: Eberhard Schwarz, 2011.<\/p>\n"},"alt_text":"Hakenberger Denkmal","media_type":"image","mime_type":"image\/jpeg","media_details":{"width":1000,"height":750,"file":"2016\/03\/09-Das-kleine-Hakenberger-Denkmal-zur-Erinnerung-an-die-Schlacht-bei-Fehrbellin.jpg","sizes":{"medium":{"file":"09-Das-kleine-Hakenberger-Denkmal-zur-Erinnerung-an-die-Schlacht-bei-Fehrbellin-300x225.jpg","width":300,"height":225,"mime_type":"image\/jpeg","source_url":"https:\/\/paulinenaue.info\/wp-content\/uploads\/2016\/03\/09-Das-kleine-Hakenberger-Denkmal-zur-Erinnerung-an-die-Schlacht-bei-Fehrbellin-300x225.jpg"},"thumbnail":{"file":"09-Das-kleine-Hakenberger-Denkmal-zur-Erinnerung-an-die-Schlacht-bei-Fehrbellin-150x150.jpg","width":150,"height":150,"mime_type":"image\/jpeg","source_url":"https:\/\/paulinenaue.info\/wp-content\/uploads\/2016\/03\/09-Das-kleine-Hakenberger-Denkmal-zur-Erinnerung-an-die-Schlacht-bei-Fehrbellin-150x150.jpg"},"medium_large":{"file":"09-Das-kleine-Hakenberger-Denkmal-zur-Erinnerung-an-die-Schlacht-bei-Fehrbellin-768x576.jpg","width":768,"height":576,"mime_type":"image\/jpeg","source_url":"https:\/\/paulinenaue.info\/wp-content\/uploads\/2016\/03\/09-Das-kleine-Hakenberger-Denkmal-zur-Erinnerung-an-die-Schlacht-bei-Fehrbellin-768x576.jpg"},"blog-large":{"file":"09-Das-kleine-Hakenberger-Denkmal-zur-Erinnerung-an-die-Schlacht-bei-Fehrbellin-669x272.jpg","width":669,"height":272,"mime_type":"image\/jpeg","source_url":"https:\/\/paulinenaue.info\/wp-content\/uploads\/2016\/03\/09-Das-kleine-Hakenberger-Denkmal-zur-Erinnerung-an-die-Schlacht-bei-Fehrbellin-669x272.jpg"},"blog-medium":{"file":"09-Das-kleine-Hakenberger-Denkmal-zur-Erinnerung-an-die-Schlacht-bei-Fehrbellin-320x202.jpg","width":320,"height":202,"mime_type":"image\/jpeg","source_url":"https:\/\/paulinenaue.info\/wp-content\/uploads\/2016\/03\/09-Das-kleine-Hakenberger-Denkmal-zur-Erinnerung-an-die-Schlacht-bei-Fehrbellin-320x202.jpg"},"recent-posts":{"file":"09-Das-kleine-Hakenberger-Denkmal-zur-Erinnerung-an-die-Schlacht-bei-Fehrbellin-700x441.jpg","width":700,"height":441,"mime_type":"image\/jpeg","source_url":"https:\/\/paulinenaue.info\/wp-content\/uploads\/2016\/03\/09-Das-kleine-Hakenberger-Denkmal-zur-Erinnerung-an-die-Schlacht-bei-Fehrbellin-700x441.jpg"},"recent-works-thumbnail":{"file":"09-Das-kleine-Hakenberger-Denkmal-zur-Erinnerung-an-die-Schlacht-bei-Fehrbellin-66x66.jpg","width":66,"height":66,"mime_type":"image\/jpeg","source_url":"https:\/\/paulinenaue.info\/wp-content\/uploads\/2016\/03\/09-Das-kleine-Hakenberger-Denkmal-zur-Erinnerung-an-die-Schlacht-bei-Fehrbellin-66x66.jpg"},"fusion-200":{"file":"09-Das-kleine-Hakenberger-Denkmal-zur-Erinnerung-an-die-Schlacht-bei-Fehrbellin-200x150.jpg","width":200,"height":150,"mime_type":"image\/jpeg","source_url":"https:\/\/paulinenaue.info\/wp-content\/uploads\/2016\/03\/09-Das-kleine-Hakenberger-Denkmal-zur-Erinnerung-an-die-Schlacht-bei-Fehrbellin-200x150.jpg"},"fusion-400":{"file":"09-Das-kleine-Hakenberger-Denkmal-zur-Erinnerung-an-die-Schlacht-bei-Fehrbellin-400x300.jpg","width":400,"height":300,"mime_type":"image\/jpeg","source_url":"https:\/\/paulinenaue.info\/wp-content\/uploads\/2016\/03\/09-Das-kleine-Hakenberger-Denkmal-zur-Erinnerung-an-die-Schlacht-bei-Fehrbellin-400x300.jpg"},"fusion-600":{"file":"09-Das-kleine-Hakenberger-Denkmal-zur-Erinnerung-an-die-Schlacht-bei-Fehrbellin-600x450.jpg","width":600,"height":450,"mime_type":"image\/jpeg","source_url":"https:\/\/paulinenaue.info\/wp-content\/uploads\/2016\/03\/09-Das-kleine-Hakenberger-Denkmal-zur-Erinnerung-an-die-Schlacht-bei-Fehrbellin-600x450.jpg"},"fusion-800":{"file":"09-Das-kleine-Hakenberger-Denkmal-zur-Erinnerung-an-die-Schlacht-bei-Fehrbellin-800x600.jpg","width":800,"height":600,"mime_type":"image\/jpeg","source_url":"https:\/\/paulinenaue.info\/wp-content\/uploads\/2016\/03\/09-Das-kleine-Hakenberger-Denkmal-zur-Erinnerung-an-die-Schlacht-bei-Fehrbellin-800x600.jpg"},"full":{"file":"09-Das-kleine-Hakenberger-Denkmal-zur-Erinnerung-an-die-Schlacht-bei-Fehrbellin.jpg","width":1000,"height":750,"mime_type":"image\/jpeg","source_url":"https:\/\/paulinenaue.info\/wp-content\/uploads\/2016\/03\/09-Das-kleine-Hakenberger-Denkmal-zur-Erinnerung-an-die-Schlacht-bei-Fehrbellin.jpg"}},"image_meta":{"aperture":"4","credit":"","camera":"DSC-HX1","caption":"","created_timestamp":"1303647590","copyright":"","focal_length":"5","iso":"125","shutter_speed":"0.0015625","title":"","orientation":"1","keywords":[]}},"post":170,"source_url":"https:\/\/paulinenaue.info\/wp-content\/uploads\/2016\/03\/09-Das-kleine-Hakenberger-Denkmal-zur-Erinnerung-an-die-Schlacht-bei-Fehrbellin.jpg","_links":{"self":[{"href":"https:\/\/paulinenaue.info\/index.php\/wp-json\/wp\/v2\/media\/6202","targetHints":{"allow":["GET"]}}],"collection":[{"href":"https:\/\/paulinenaue.info\/index.php\/wp-json\/wp\/v2\/media"}],"about":[{"href":"https:\/\/paulinenaue.info\/index.php\/wp-json\/wp\/v2\/types\/attachment"}],"author":[{"embeddable":true,"href":"https:\/\/paulinenaue.info\/index.php\/wp-json\/wp\/v2\/users\/1"}],"replies":[{"embeddable":true,"href":"https:\/\/paulinenaue.info\/index.php\/wp-json\/wp\/v2\/comments?post=6202"}],"wp:attached-to":[{"embeddable":true,"post_type":"post","id":170,"href":"https:\/\/paulinenaue.info\/index.php\/wp-json\/wp\/v2\/posts\/170"}],"curies":[{"name":"wp","href":"https:\/\/api.w.org\/{rel}","templated":true}]}}