{"id":2205,"date":"2018-07-25T17:45:09","date_gmt":"2018-07-25T15:45:09","guid":{"rendered":"http:\/\/paulinenaue.info\/?page_id=2205"},"modified":"2018-12-02T22:13:30","modified_gmt":"2018-12-02T21:13:30","slug":"kalender-2019","status":"publish","type":"page","link":"https:\/\/paulinenaue.info\/index.php\/kalender-2019\/","title":{"rendered":"Kalender 2019 erschienen"},"content":{"rendered":"<p>Im Jahr 2018 j\u00e4hrte sich der Baubeginn des Havell\u00e4ndischen Gro\u00dfen Hauptkanals zum 300. Mal, doch erst im Jahr darauf machte der Kanalbau gr\u00f6\u00dfere Fortschritte.\u00a0An dieses Jahr, in dem der K\u00f6nig selbst seine geliebten Soldaten zum Bau heranzog, erinnert unser Kalender. Die Bilder zeigen den Kanal in allen Jahreszeiten und so, wie ihn die Menschen im Havelland heute erleben. Der Kalender enth\u00e4lt Aufnahmen von\u00a0Dr. Tilo Geisel, Helga Henning,\u00a0Bernd M\u00f6senthin,\u00a0Dr. Joachim Scholz und Sarah Vierjahn.<\/p>\n<p>Wir bedanken uns bei allen, die dem Aufruf zur Einsendung der sch\u00f6nsten Kanalaufnahmen folgten.<\/p>\n<p>Der Kalender des Paulinenauer Kulturvereins f\u00fcr das Jahr 2019 erschien p\u00fcnktlich zum Weihnachtsmarkt am Samstag vor dem Ersten Advent.\u00a0Er kann per Email an <a href=\"mailto:kulturverein@paulinenaue.info\">kulturverein@paulinenaue.info\u00a0<\/a>\u00a0unter dem Betreff \u201eKalender 2019\u201c bestellt werden und kostet,\u00a0inklusive Versandkosten,\u00a010,- \u20ac.<\/p>\n<h3><\/h3>\n<h3>Ausgew\u00e4hlte Kalenderbl\u00e4tter<\/h3>\n<p><a href=\"http:\/\/paulinenaue.info\/wp-content\/uploads\/2018\/12\/Kalender_Paulinenaue_2019.jpg\"><img decoding=\"async\" width=\"1024\" height=\"724\" data-attachment-id=\"2488\" data-permalink=\"https:\/\/paulinenaue.info\/kalender_paulinenaue_2019\/\" data-orig-file=\"https:\/\/paulinenaue.info\/wp-content\/uploads\/2018\/12\/Kalender_Paulinenaue_2019.jpg\" data-orig-size=\"1159,820\" data-comments-opened=\"1\" data-image-meta=\"{&quot;aperture&quot;:&quot;0&quot;,&quot;credit&quot;:&quot;&quot;,&quot;camera&quot;:&quot;&quot;,&quot;caption&quot;:&quot;&quot;,&quot;created_timestamp&quot;:&quot;0&quot;,&quot;copyright&quot;:&quot;&quot;,&quot;focal_length&quot;:&quot;0&quot;,&quot;iso&quot;:&quot;0&quot;,&quot;shutter_speed&quot;:&quot;0&quot;,&quot;title&quot;:&quot;&quot;,&quot;orientation&quot;:&quot;0&quot;}\" data-image-title=\"Kalender_Paulinenaue_2019\" data-image-description=\"\" data-image-caption=\"\" data-large-file=\"https:\/\/paulinenaue.info\/wp-content\/uploads\/2018\/12\/Kalender_Paulinenaue_2019-1024x724.jpg\" class=\"lazyload alignnone size-large wp-image-2488\" src=\"http:\/\/paulinenaue.info\/wp-content\/uploads\/2018\/12\/Kalender_Paulinenaue_2019-1024x724.jpg\" data-orig-src=\"http:\/\/paulinenaue.info\/wp-content\/uploads\/2018\/12\/Kalender_Paulinenaue_2019-1024x724.jpg\" alt=\"\" srcset=\"data:image\/svg+xml,%3Csvg%20xmlns%3D%27http%3A%2F%2Fwww.w3.org%2F2000%2Fsvg%27%20width%3D%271024%27%20height%3D%27724%27%20viewBox%3D%270%200%201024%20724%27%3E%3Crect%20width%3D%271024%27%20height%3D%27724%27%20fill-opacity%3D%220%22%2F%3E%3C%2Fsvg%3E\" data-srcset=\"https:\/\/paulinenaue.info\/wp-content\/uploads\/2018\/12\/Kalender_Paulinenaue_2019-300x212.jpg 300w, https:\/\/paulinenaue.info\/wp-content\/uploads\/2018\/12\/Kalender_Paulinenaue_2019-768x543.jpg 768w, https:\/\/paulinenaue.info\/wp-content\/uploads\/2018\/12\/Kalender_Paulinenaue_2019-958x678.jpg 958w, https:\/\/paulinenaue.info\/wp-content\/uploads\/2018\/12\/Kalender_Paulinenaue_2019-1024x724.jpg 1024w, https:\/\/paulinenaue.info\/wp-content\/uploads\/2018\/12\/Kalender_Paulinenaue_2019.jpg 1159w\" data-sizes=\"auto\" data-orig-sizes=\"(max-width: 1024px) 100vw, 1024px\" \/><\/a><\/p>\n<p><a href=\"http:\/\/paulinenaue.info\/wp-content\/uploads\/2018\/12\/Kalender_Paulinenaue_2019_a_pdf.jpg\"><img decoding=\"async\" width=\"1024\" height=\"729\" data-attachment-id=\"2498\" data-permalink=\"https:\/\/paulinenaue.info\/index.php\/kalender-2019\/kalender_paulinenaue_2019_a_pdf\/\" data-orig-file=\"https:\/\/paulinenaue.info\/wp-content\/uploads\/2018\/12\/Kalender_Paulinenaue_2019_a_pdf.jpg\" data-orig-size=\"1156,823\" data-comments-opened=\"1\" data-image-meta=\"{&quot;aperture&quot;:&quot;0&quot;,&quot;credit&quot;:&quot;&quot;,&quot;camera&quot;:&quot;&quot;,&quot;caption&quot;:&quot;&quot;,&quot;created_timestamp&quot;:&quot;0&quot;,&quot;copyright&quot;:&quot;&quot;,&quot;focal_length&quot;:&quot;0&quot;,&quot;iso&quot;:&quot;0&quot;,&quot;shutter_speed&quot;:&quot;0&quot;,&quot;title&quot;:&quot;&quot;,&quot;orientation&quot;:&quot;0&quot;}\" data-image-title=\"Kalender_Paulinenaue_2019_a_pdf\" data-image-description=\"\" data-image-caption=\"\" data-large-file=\"https:\/\/paulinenaue.info\/wp-content\/uploads\/2018\/12\/Kalender_Paulinenaue_2019_a_pdf-1024x729.jpg\" class=\"lazyload alignnone size-large wp-image-2498\" src=\"http:\/\/paulinenaue.info\/wp-content\/uploads\/2018\/12\/Kalender_Paulinenaue_2019_a_pdf-1024x729.jpg\" data-orig-src=\"http:\/\/paulinenaue.info\/wp-content\/uploads\/2018\/12\/Kalender_Paulinenaue_2019_a_pdf-1024x729.jpg\" alt=\"\" srcset=\"data:image\/svg+xml,%3Csvg%20xmlns%3D%27http%3A%2F%2Fwww.w3.org%2F2000%2Fsvg%27%20width%3D%271024%27%20height%3D%27729%27%20viewBox%3D%270%200%201024%20729%27%3E%3Crect%20width%3D%271024%27%20height%3D%27729%27%20fill-opacity%3D%220%22%2F%3E%3C%2Fsvg%3E\" data-srcset=\"https:\/\/paulinenaue.info\/wp-content\/uploads\/2018\/12\/Kalender_Paulinenaue_2019_a_pdf-300x214.jpg 300w, https:\/\/paulinenaue.info\/wp-content\/uploads\/2018\/12\/Kalender_Paulinenaue_2019_a_pdf-768x547.jpg 768w, https:\/\/paulinenaue.info\/wp-content\/uploads\/2018\/12\/Kalender_Paulinenaue_2019_a_pdf-958x682.jpg 958w, https:\/\/paulinenaue.info\/wp-content\/uploads\/2018\/12\/Kalender_Paulinenaue_2019_a_pdf-1024x729.jpg 1024w, https:\/\/paulinenaue.info\/wp-content\/uploads\/2018\/12\/Kalender_Paulinenaue_2019_a_pdf.jpg 1156w\" data-sizes=\"auto\" data-orig-sizes=\"(max-width: 1024px) 100vw, 1024px\" \/><\/a><\/p>\n","protected":false},"excerpt":{"rendered":"<p>Im Jahr 2018 j\u00e4hrte sich der Baubeginn des Havell\u00e4ndischen Gro\u00dfen [&hellip;]<\/p>\n","protected":false},"author":3,"featured_media":0,"parent":0,"menu_order":0,"comment_status":"closed","ping_status":"closed","template":"","meta":{"_acf_changed":false,"_price":"","_stock":"","_tribe_ticket_header":"","_tribe_default_ticket_provider":"","_tribe_ticket_capacity":"0","_ticket_start_date":"","_ticket_end_date":"","_tribe_ticket_show_description":"","_tribe_ticket_show_not_going":false,"_tribe_ticket_use_global_stock":"","_tribe_ticket_global_stock_level":"","_global_stock_mode":"","_global_stock_cap":"","_tribe_rsvp_for_event":"","_tribe_ticket_going_count":"","_tribe_ticket_not_going_count":"","_tribe_tickets_list":"[]","_tribe_ticket_has_attendee_info_fields":false,"jetpack_post_was_ever_published":false,"footnotes":"","_tec_slr_enabled":"","_tec_slr_layout":""},"class_list":["post-2205","page","type-page","status-publish","hentry"],"acf":[],"yoast_head":"<!-- This site is optimized with the Yoast SEO plugin v27.5 - https:\/\/yoast.com\/product\/yoast-seo-wordpress\/ -->\n<title>Kalender 2019 erschienen - Paulinenaue<\/title>\n<meta name=\"robots\" content=\"index, follow, max-snippet:-1, max-image-preview:large, max-video-preview:-1\" \/>\n<link rel=\"canonical\" href=\"https:\/\/paulinenaue.info\/index.php\/kalender-2019\/\" \/>\n<meta property=\"og:locale\" content=\"de_DE\" \/>\n<meta property=\"og:type\" content=\"article\" \/>\n<meta property=\"og:title\" content=\"Kalender 2019 erschienen - Paulinenaue\" \/>\n<meta property=\"og:description\" content=\"Im Jahr 2018 j\u00e4hrte sich der Baubeginn des Havell\u00e4ndischen Gro\u00dfen [&hellip;]\" \/>\n<meta property=\"og:url\" content=\"https:\/\/paulinenaue.info\/index.php\/kalender-2019\/\" \/>\n<meta property=\"og:site_name\" content=\"Paulinenaue\" \/>\n<meta property=\"article:modified_time\" content=\"2018-12-02T21:13:30+00:00\" \/>\n<meta property=\"og:image\" content=\"http:\/\/paulinenaue.info\/wp-content\/uploads\/2018\/12\/Kalender_Paulinenaue_2019-1024x724.jpg\" \/>\n<meta name=\"twitter:card\" content=\"summary_large_image\" \/>\n<meta name=\"twitter:label1\" content=\"Gesch\u00e4tzte Lesezeit\" \/>\n\t<meta name=\"twitter:data1\" content=\"1\u00a0Minute\" \/>\n<script type=\"application\/ld+json\" class=\"yoast-schema-graph\">{\"@context\":\"https:\\\/\\\/schema.org\",\"@graph\":[{\"@type\":\"WebPage\",\"@id\":\"https:\\\/\\\/paulinenaue.info\\\/index.php\\\/kalender-2019\\\/\",\"url\":\"https:\\\/\\\/paulinenaue.info\\\/index.php\\\/kalender-2019\\\/\",\"name\":\"Kalender 2019 erschienen - Paulinenaue\",\"isPartOf\":{\"@id\":\"https:\\\/\\\/paulinenaue.info\\\/#website\"},\"primaryImageOfPage\":{\"@id\":\"https:\\\/\\\/paulinenaue.info\\\/index.php\\\/kalender-2019\\\/#primaryimage\"},\"image\":{\"@id\":\"https:\\\/\\\/paulinenaue.info\\\/index.php\\\/kalender-2019\\\/#primaryimage\"},\"thumbnailUrl\":\"http:\\\/\\\/paulinenaue.info\\\/wp-content\\\/uploads\\\/2018\\\/12\\\/Kalender_Paulinenaue_2019-1024x724.jpg\",\"datePublished\":\"2018-07-25T15:45:09+00:00\",\"dateModified\":\"2018-12-02T21:13:30+00:00\",\"breadcrumb\":{\"@id\":\"https:\\\/\\\/paulinenaue.info\\\/index.php\\\/kalender-2019\\\/#breadcrumb\"},\"inLanguage\":\"de\",\"potentialAction\":[{\"@type\":\"ReadAction\",\"target\":[\"https:\\\/\\\/paulinenaue.info\\\/index.php\\\/kalender-2019\\\/\"]}]},{\"@type\":\"ImageObject\",\"inLanguage\":\"de\",\"@id\":\"https:\\\/\\\/paulinenaue.info\\\/index.php\\\/kalender-2019\\\/#primaryimage\",\"url\":\"http:\\\/\\\/paulinenaue.info\\\/wp-content\\\/uploads\\\/2018\\\/12\\\/Kalender_Paulinenaue_2019-1024x724.jpg\",\"contentUrl\":\"http:\\\/\\\/paulinenaue.info\\\/wp-content\\\/uploads\\\/2018\\\/12\\\/Kalender_Paulinenaue_2019-1024x724.jpg\"},{\"@type\":\"BreadcrumbList\",\"@id\":\"https:\\\/\\\/paulinenaue.info\\\/index.php\\\/kalender-2019\\\/#breadcrumb\",\"itemListElement\":[{\"@type\":\"ListItem\",\"position\":1,\"name\":\"Home\",\"item\":\"https:\\\/\\\/paulinenaue.info\\\/\"},{\"@type\":\"ListItem\",\"position\":2,\"name\":\"Kalender 2019 erschienen\"}]},{\"@type\":\"WebSite\",\"@id\":\"https:\\\/\\\/paulinenaue.info\\\/#website\",\"url\":\"https:\\\/\\\/paulinenaue.info\\\/\",\"name\":\"Paulinenaue\",\"description\":\"Ein Dorf im Havelland\",\"potentialAction\":[{\"@type\":\"SearchAction\",\"target\":{\"@type\":\"EntryPoint\",\"urlTemplate\":\"https:\\\/\\\/paulinenaue.info\\\/?s={search_term_string}\"},\"query-input\":{\"@type\":\"PropertyValueSpecification\",\"valueRequired\":true,\"valueName\":\"search_term_string\"}}],\"inLanguage\":\"de\"}]}<\/script>\n<!-- \/ Yoast SEO plugin. -->","yoast_head_json":{"title":"Kalender 2019 erschienen - Paulinenaue","robots":{"index":"index","follow":"follow","max-snippet":"max-snippet:-1","max-image-preview":"max-image-preview:large","max-video-preview":"max-video-preview:-1"},"canonical":"https:\/\/paulinenaue.info\/index.php\/kalender-2019\/","og_locale":"de_DE","og_type":"article","og_title":"Kalender 2019 erschienen - Paulinenaue","og_description":"Im Jahr 2018 j\u00e4hrte sich der Baubeginn des Havell\u00e4ndischen Gro\u00dfen [&hellip;]","og_url":"https:\/\/paulinenaue.info\/index.php\/kalender-2019\/","og_site_name":"Paulinenaue","article_modified_time":"2018-12-02T21:13:30+00:00","og_image":[{"url":"http:\/\/paulinenaue.info\/wp-content\/uploads\/2018\/12\/Kalender_Paulinenaue_2019-1024x724.jpg","type":"","width":"","height":""}],"twitter_card":"summary_large_image","twitter_misc":{"Gesch\u00e4tzte Lesezeit":"1\u00a0Minute"},"schema":{"@context":"https:\/\/schema.org","@graph":[{"@type":"WebPage","@id":"https:\/\/paulinenaue.info\/index.php\/kalender-2019\/","url":"https:\/\/paulinenaue.info\/index.php\/kalender-2019\/","name":"Kalender 2019 erschienen - Paulinenaue","isPartOf":{"@id":"https:\/\/paulinenaue.info\/#website"},"primaryImageOfPage":{"@id":"https:\/\/paulinenaue.info\/index.php\/kalender-2019\/#primaryimage"},"image":{"@id":"https:\/\/paulinenaue.info\/index.php\/kalender-2019\/#primaryimage"},"thumbnailUrl":"http:\/\/paulinenaue.info\/wp-content\/uploads\/2018\/12\/Kalender_Paulinenaue_2019-1024x724.jpg","datePublished":"2018-07-25T15:45:09+00:00","dateModified":"2018-12-02T21:13:30+00:00","breadcrumb":{"@id":"https:\/\/paulinenaue.info\/index.php\/kalender-2019\/#breadcrumb"},"inLanguage":"de","potentialAction":[{"@type":"ReadAction","target":["https:\/\/paulinenaue.info\/index.php\/kalender-2019\/"]}]},{"@type":"ImageObject","inLanguage":"de","@id":"https:\/\/paulinenaue.info\/index.php\/kalender-2019\/#primaryimage","url":"http:\/\/paulinenaue.info\/wp-content\/uploads\/2018\/12\/Kalender_Paulinenaue_2019-1024x724.jpg","contentUrl":"http:\/\/paulinenaue.info\/wp-content\/uploads\/2018\/12\/Kalender_Paulinenaue_2019-1024x724.jpg"},{"@type":"BreadcrumbList","@id":"https:\/\/paulinenaue.info\/index.php\/kalender-2019\/#breadcrumb","itemListElement":[{"@type":"ListItem","position":1,"name":"Home","item":"https:\/\/paulinenaue.info\/"},{"@type":"ListItem","position":2,"name":"Kalender 2019 erschienen"}]},{"@type":"WebSite","@id":"https:\/\/paulinenaue.info\/#website","url":"https:\/\/paulinenaue.info\/","name":"Paulinenaue","description":"Ein Dorf im Havelland","potentialAction":[{"@type":"SearchAction","target":{"@type":"EntryPoint","urlTemplate":"https:\/\/paulinenaue.info\/?s={search_term_string}"},"query-input":{"@type":"PropertyValueSpecification","valueRequired":true,"valueName":"search_term_string"}}],"inLanguage":"de"}]}},"jetpack_sharing_enabled":true,"jetpack_shortlink":"https:\/\/wp.me\/PcYhWA-zz","jetpack-related-posts":[{"id":26,"url":"https:\/\/paulinenaue.info\/index.php\/tourismus\/","url_meta":{"origin":2205,"position":0},"title":"Paulinenaue entdecken","author":"Elisa","date":"29. Oktober 2015","format":false,"excerpt":"","rel":"","context":"\u00c4hnlicher Beitrag","block_context":{"text":"\u00c4hnlicher Beitrag","link":""},"img":{"alt_text":"","src":"https:\/\/i0.wp.com\/paulinenaue.info\/wp-content\/uploads\/2025\/03\/A64D5D60-47E7-45E8-BFE3-0678F0147972_1_201_a-1200x378.jpeg?resize=350%2C200&ssl=1","width":350,"height":200,"srcset":"https:\/\/i0.wp.com\/paulinenaue.info\/wp-content\/uploads\/2025\/03\/A64D5D60-47E7-45E8-BFE3-0678F0147972_1_201_a-1200x378.jpeg?resize=350%2C200&ssl=1 1x, https:\/\/i0.wp.com\/paulinenaue.info\/wp-content\/uploads\/2025\/03\/A64D5D60-47E7-45E8-BFE3-0678F0147972_1_201_a-1200x378.jpeg?resize=525%2C300&ssl=1 1.5x, https:\/\/i0.wp.com\/paulinenaue.info\/wp-content\/uploads\/2025\/03\/A64D5D60-47E7-45E8-BFE3-0678F0147972_1_201_a-1200x378.jpeg?resize=700%2C400&ssl=1 2x, https:\/\/i0.wp.com\/paulinenaue.info\/wp-content\/uploads\/2025\/03\/A64D5D60-47E7-45E8-BFE3-0678F0147972_1_201_a-1200x378.jpeg?resize=1050%2C600&ssl=1 3x"},"classes":[]},{"id":2167,"url":"https:\/\/paulinenaue.info\/index.php\/schnelle-vorbeifahrten\/","url_meta":{"origin":2205,"position":1},"title":"Schnelle Vorbeifahrten","author":"Joachim Scholz","date":"21. Juni 2018","format":false,"excerpt":"\u201eSchnelle Vorbeifahrten\u201c \u2013\u00a0so warnen markante Schilder am Paulinenauer Bahnsteig die dort Wartenden. Schon vor zwei Jahren brachte das Atelier Haus Stern unter diesem Motto K\u00fcnstler und Paulinenauer zusammen. Von den Installationen im und um das alte rote Bahnerhaus herum konnte man schon deshalb begeistert sein, weil es nie zuvor so\u2026","rel":"","context":"\u00c4hnlicher Beitrag","block_context":{"text":"\u00c4hnlicher Beitrag","link":""},"img":{"alt_text":"","src":"https:\/\/i0.wp.com\/paulinenaue.info\/wp-content\/uploads\/2018\/06\/2018_vorbeifahrten.jpg?resize=350%2C200","width":350,"height":200,"srcset":"https:\/\/i0.wp.com\/paulinenaue.info\/wp-content\/uploads\/2018\/06\/2018_vorbeifahrten.jpg?resize=350%2C200 1x, https:\/\/i0.wp.com\/paulinenaue.info\/wp-content\/uploads\/2018\/06\/2018_vorbeifahrten.jpg?resize=525%2C300 1.5x"},"classes":[]},{"id":4920,"url":"https:\/\/paulinenaue.info\/index.php\/videoprojekt\/","url_meta":{"origin":2205,"position":2},"title":"Videoprojekt","author":"Sarah","date":"15. Juli 2019","format":false,"excerpt":"In dieser Rubrik wollen wir allen neuen und \"alten\" Paulinenauern sowie allen Interessierten unser Dorf aus einer neuen Perspektive zeigen. Bereits im Jahr 2018 haben wir begonnen, erste Filme in einem kleinen Projektteam des Kulturvereins zu drehen und haben dabei tolle Momente mit der Kamera einfangen k\u00f6nnen. Sie zeigen Orte\u2026","rel":"","context":"\u00c4hnlicher Beitrag","block_context":{"text":"\u00c4hnlicher Beitrag","link":""},"img":{"alt_text":"","src":"","width":0,"height":0},"classes":[]},{"id":6464,"url":"https:\/\/paulinenaue.info\/index.php\/paulinenaue-eine-ortschronik-aus-dem-havelland\/","url_meta":{"origin":2205,"position":3},"title":"Paulinenaue: Eine Ortschronik aus dem Havelland","author":"Joachim Scholz","date":"18. Juni 2003","format":false,"excerpt":"","rel":"","context":"\u00c4hnlicher Beitrag","block_context":{"text":"\u00c4hnlicher Beitrag","link":""},"img":{"alt_text":"","src":"https:\/\/i0.wp.com\/paulinenaue.info\/wp-content\/uploads\/2021\/12\/Gu%CC%88nther-Wacker-214x300.jpg?resize=350%2C200&ssl=1","width":350,"height":200},"classes":[]},{"id":417235,"url":"https:\/\/paulinenaue.info\/index.php\/das-paulinenauer-bahnhofsgebaeude\/","url_meta":{"origin":2205,"position":4},"title":"Das Paulinenauer Bahnhofsgeb\u00e4ude","author":"Joachim Scholz","date":"22. M\u00e4rz 2025","format":false,"excerpt":"","rel":"","context":"\u00c4hnlicher Beitrag","block_context":{"text":"\u00c4hnlicher Beitrag","link":""},"img":{"alt_text":"","src":"https:\/\/i0.wp.com\/paulinenaue.info\/wp-content\/uploads\/2025\/03\/2012-09-09-Tag-des-offenen-Denkmals-Bahnhof-01.jpeg?resize=350%2C200&ssl=1","width":350,"height":200,"srcset":"https:\/\/i0.wp.com\/paulinenaue.info\/wp-content\/uploads\/2025\/03\/2012-09-09-Tag-des-offenen-Denkmals-Bahnhof-01.jpeg?resize=350%2C200&ssl=1 1x, https:\/\/i0.wp.com\/paulinenaue.info\/wp-content\/uploads\/2025\/03\/2012-09-09-Tag-des-offenen-Denkmals-Bahnhof-01.jpeg?resize=525%2C300&ssl=1 1.5x, https:\/\/i0.wp.com\/paulinenaue.info\/wp-content\/uploads\/2025\/03\/2012-09-09-Tag-des-offenen-Denkmals-Bahnhof-01.jpeg?resize=700%2C400&ssl=1 2x"},"classes":[]},{"id":6530,"url":"https:\/\/paulinenaue.info\/index.php\/neuigkeiten-aus-paulinenaue-2003-2014\/","url_meta":{"origin":2205,"position":5},"title":"Neuigkeiten aus Paulinenaue (2003\u20132014)","author":"Joachim Scholz","date":"29. Dezember 2021","format":false,"excerpt":"","rel":"","context":"\u00c4hnlicher Beitrag","block_context":{"text":"\u00c4hnlicher Beitrag","link":""},"img":{"alt_text":"","src":"","width":0,"height":0},"classes":[]}],"ticketed":false,"_links":{"self":[{"href":"https:\/\/paulinenaue.info\/index.php\/wp-json\/wp\/v2\/pages\/2205","targetHints":{"allow":["GET"]}}],"collection":[{"href":"https:\/\/paulinenaue.info\/index.php\/wp-json\/wp\/v2\/pages"}],"about":[{"href":"https:\/\/paulinenaue.info\/index.php\/wp-json\/wp\/v2\/types\/page"}],"author":[{"embeddable":true,"href":"https:\/\/paulinenaue.info\/index.php\/wp-json\/wp\/v2\/users\/3"}],"replies":[{"embeddable":true,"href":"https:\/\/paulinenaue.info\/index.php\/wp-json\/wp\/v2\/comments?post=2205"}],"version-history":[{"count":33,"href":"https:\/\/paulinenaue.info\/index.php\/wp-json\/wp\/v2\/pages\/2205\/revisions"}],"predecessor-version":[{"id":2500,"href":"https:\/\/paulinenaue.info\/index.php\/wp-json\/wp\/v2\/pages\/2205\/revisions\/2500"}],"wp:attachment":[{"href":"https:\/\/paulinenaue.info\/index.php\/wp-json\/wp\/v2\/media?parent=2205"}],"curies":[{"name":"wp","href":"https:\/\/api.w.org\/{rel}","templated":true}]}}