{"id":364,"date":"2016-03-22T18:58:12","date_gmt":"2016-03-22T17:58:12","guid":{"rendered":"https:\/\/sudile.com\/paue\/?page_id=364"},"modified":"2023-10-21T10:58:03","modified_gmt":"2023-10-21T08:58:03","slug":"kirche","status":"publish","type":"page","link":"https:\/\/paulinenaue.info\/index.php\/kirche\/","title":{"rendered":"Ev. Kirchengemeinde"},"content":{"rendered":"<div class=\"fusion-fullwidth fullwidth-box fusion-builder-row-1 fusion-flex-container nonhundred-percent-fullwidth non-hundred-percent-height-scrolling\" style=\"--awb-border-radius-top-left:0px;--awb-border-radius-top-right:0px;--awb-border-radius-bottom-right:0px;--awb-border-radius-bottom-left:0px;\" ><div class=\"fusion-builder-row fusion-row fusion-flex-align-items-flex-start\" style=\"max-width:1248px;margin-left: calc(-4% \/ 2 );margin-right: calc(-4% \/ 2 );\"><div class=\"fusion-layout-column fusion_builder_column fusion-builder-column-0 fusion_builder_column_1_2 1_2 fusion-flex-column\" style=\"--awb-bg-blend:overlay;--awb-bg-size:cover;--awb-width-large:50%;--awb-margin-top-large:0px;--awb-spacing-right-large:3.84%;--awb-margin-bottom-large:0px;--awb-spacing-left-large:3.84%;--awb-width-medium:50%;--awb-spacing-right-medium:3.84%;--awb-spacing-left-medium:3.84%;--awb-width-small:100%;--awb-spacing-right-small:1.92%;--awb-spacing-left-small:1.92%;\"><div class=\"fusion-column-wrapper fusion-flex-justify-content-flex-start fusion-content-layout-column\"><div class=\"fusion-text fusion-text-1\"><h3 class=\"widget-title\">Evangelische Kirchengemeinde Havell\u00e4ndisches Luch<\/h3>\n<h3><strong>Evangelisches Pfarramt<\/strong><\/h3>\n<p>Pfarrer Michael Jurk<br \/>\nWaldstra\u00dfe 33<br \/>\n14641 Paulinenaue<br \/>\nTel.: (033237) 85 10 0<br \/>\nE-Mail: <a href=\"mailto:m.jurk@kirche-nauen-rathenow.de\">michael.jurk@gemeinsam.ekbo.de<\/a><\/p>\n<p><strong>Gemeindekirchenrat<\/strong><br \/>\nVorsitzender: Pfarrer Michael Jurk<\/p>\n<p><strong>Website:<\/strong> <a title=\"Ev. Kirchengemeinde Havell\u00e4ndisches Luch\" href=\"http:\/\/www.luchkirchen.de\">E<\/a><a href=\"http:\/\/www.luchkirchen.de\">v. Kirchengemeinde Havell\u00e4ndisches Luch<\/a><\/p>\n<p><b>Die Kinder- und Jugendarbeit<br \/>\n<\/b><span style=\"color: var(--awb-text-color); font-family: var(--awb-text-font-family); font-size: var(--awb-font-size); font-style: var(--awb-text-font-style); font-weight: var(--awb-text-font-weight); letter-spacing: var(--awb-letter-spacing); text-align: var(--awb-content-alignment); text-transform: var(--awb-text-transform); background-color: var(--awb-bg-color);\">Ansprechpartnerin ist\u00a0<\/span>Gemeindep\u00e4dagogin Rukiye Pr\u00f6hl<br \/>\nE-Mail: rukiye.proehl@gemeinsam.ekbo.de<\/p>\n<p><strong>Seniorenkreis\/ Seniorencaf\u00e9<\/strong><br \/>\n14t\u00e4glich am Mittwoch um 14:00 Uhr<br \/>\nKontakt \u00fcber Regine Dembski: 033237\/88339<\/p>\n<p><strong>Chor<\/strong><br \/>\nZweimal monatlich in Paulinenaue<br \/>\nAnsprechpartnerin: Silvia Kreier, Tel. 0151\/67611424.<\/p>\n<\/div><\/div><\/div><div class=\"fusion-layout-column fusion_builder_column fusion-builder-column-1 fusion_builder_column_1_2 1_2 fusion-flex-column\" style=\"--awb-bg-blend:overlay;--awb-bg-size:cover;--awb-width-large:50%;--awb-margin-top-large:0px;--awb-spacing-right-large:3.84%;--awb-margin-bottom-large:0px;--awb-spacing-left-large:3.84%;--awb-width-medium:50%;--awb-spacing-right-medium:3.84%;--awb-spacing-left-medium:3.84%;--awb-width-small:100%;--awb-spacing-right-small:1.92%;--awb-spacing-left-small:1.92%;\"><div class=\"fusion-column-wrapper fusion-flex-justify-content-flex-start fusion-content-layout-column\"><div class=\"fusion-video fusion-youtube\" style=\"--awb-max-width:600px;--awb-max-height:360px;--awb-align-self:center;--awb-width:100%;\"><div class=\"video-shortcode\"><div class=\"fluid-width-video-wrapper\" style=\"padding-top:60%;\" ><iframe class=\"fusion-hidden\" data-privacy-type=\"youtube\" src=\"\" title=\"YouTube video player 1\" data-privacy-src=\"https:\/\/www.youtube.com\/embed\/kotxpaLgFLI?wmode=transparent&autoplay=0\" width=\"600\" height=\"360\" allowfullscreen allow=\"autoplay; fullscreen\"><\/iframe><div class=\"fusion-privacy-placeholder\" style=\"width:600px; height:360px;\" data-privacy-type=\"youtube\"><div class=\"fusion-privacy-placeholder-content\"><div class=\"fusion-privacy-label\">Aus datenschutzrechtlichen Gr\u00fcnden ben\u00f6tigt YouTube Ihre Einwilligung um geladen zu werden.<\/div><a href=\"\" data-privacy-type=\"youtube\" class=\"fusion-button button-default fusion-button-default-size button fusion-privacy-consent\">Akzeptieren<\/a><\/div><\/div><\/div><\/div><\/div><div class=\"fusion-text fusion-text-2\"><h3>Gemeindebriefe<\/h3>\n<p>Der aktuelle Gemeindebrief steht<strong>\u00a0<\/strong><a href=\"http:\/\/www.luchkirchen.de\/kirchennews\/gemeindebrief.php\">[hier zum Download]<\/a>\u00a0bereit.<\/p>\n<p><a href=\"http:\/\/paulinenaue.info\/wp-content\/uploads\/2016\/03\/Firmenschild_Pfarramt.png\"><img decoding=\"async\" width=\"1000\" height=\"434\" data-attachment-id=\"665\" data-permalink=\"https:\/\/paulinenaue.info\/index.php\/kirche\/firmenschild_pfarramt\/\" data-orig-file=\"https:\/\/paulinenaue.info\/wp-content\/uploads\/2016\/03\/Firmenschild_Pfarramt.png\" data-orig-size=\"1000,434\" data-comments-opened=\"1\" data-image-meta=\"{&quot;aperture&quot;:&quot;0&quot;,&quot;credit&quot;:&quot;&quot;,&quot;camera&quot;:&quot;&quot;,&quot;caption&quot;:&quot;&quot;,&quot;created_timestamp&quot;:&quot;0&quot;,&quot;copyright&quot;:&quot;&quot;,&quot;focal_length&quot;:&quot;0&quot;,&quot;iso&quot;:&quot;0&quot;,&quot;shutter_speed&quot;:&quot;0&quot;,&quot;title&quot;:&quot;&quot;,&quot;orientation&quot;:&quot;0&quot;}\" data-image-title=\"Firmenschild_Pfarramt\" data-image-description=\"\" data-image-caption=\"\" data-large-file=\"https:\/\/paulinenaue.info\/wp-content\/uploads\/2016\/03\/Firmenschild_Pfarramt.png\" class=\"lazyload alignnone size-full wp-image-665\" src=\"http:\/\/paulinenaue.info\/wp-content\/uploads\/2016\/03\/Firmenschild_Pfarramt.png\" data-orig-src=\"http:\/\/paulinenaue.info\/wp-content\/uploads\/2016\/03\/Firmenschild_Pfarramt.png\" data-sizes=\"auto\" data-orig-sizes=\"(max-width: 1000px) 100vw, 1000px\" srcset=\"data:image\/svg+xml,%3Csvg%20xmlns%3D%27http%3A%2F%2Fwww.w3.org%2F2000%2Fsvg%27%20width%3D%271000%27%20height%3D%27434%27%20viewBox%3D%270%200%201000%20434%27%3E%3Crect%20width%3D%271000%27%20height%3D%27434%27%20fill-opacity%3D%220%22%2F%3E%3C%2Fsvg%3E\" data-srcset=\"https:\/\/i0.wp.com\/paulinenaue.info\/wp-content\/uploads\/2016\/03\/Firmenschild_Pfarramt.png?w=1000 1000w, https:\/\/i0.wp.com\/paulinenaue.info\/wp-content\/uploads\/2016\/03\/Firmenschild_Pfarramt.png?resize=300%2C130 300w, https:\/\/i0.wp.com\/paulinenaue.info\/wp-content\/uploads\/2016\/03\/Firmenschild_Pfarramt.png?resize=768%2C333 768w, https:\/\/i0.wp.com\/paulinenaue.info\/wp-content\/uploads\/2016\/03\/Firmenschild_Pfarramt.png?resize=958%2C416 958w\" alt=\"\" \/><\/a><\/p>\n<\/div><\/div><\/div><\/div><\/div>\n","protected":false},"excerpt":{"rendered":"","protected":false},"author":2,"featured_media":0,"parent":0,"menu_order":0,"comment_status":"closed","ping_status":"closed","template":"","meta":{"_acf_changed":false,"_price":"","_stock":"","_tribe_ticket_header":"","_tribe_default_ticket_provider":"","_tribe_ticket_capacity":"0","_ticket_start_date":"","_ticket_end_date":"","_tribe_ticket_show_description":"","_tribe_ticket_show_not_going":false,"_tribe_ticket_use_global_stock":"","_tribe_ticket_global_stock_level":"","_global_stock_mode":"","_global_stock_cap":"","_tribe_rsvp_for_event":"","_tribe_ticket_going_count":"","_tribe_ticket_not_going_count":"","_tribe_tickets_list":"[]","_tribe_ticket_has_attendee_info_fields":false,"jetpack_post_was_ever_published":false,"footnotes":"","_tec_slr_enabled":"","_tec_slr_layout":""},"class_list":["post-364","page","type-page","status-publish","hentry"],"acf":[],"yoast_head":"<!-- This site is optimized with the Yoast SEO plugin v27.5 - https:\/\/yoast.com\/product\/yoast-seo-wordpress\/ -->\n<title>Ev. Kirchengemeinde - Paulinenaue<\/title>\n<meta name=\"robots\" content=\"index, follow, max-snippet:-1, max-image-preview:large, max-video-preview:-1\" \/>\n<link rel=\"canonical\" href=\"https:\/\/paulinenaue.info\/index.php\/kirche\/\" \/>\n<meta property=\"og:locale\" content=\"de_DE\" \/>\n<meta property=\"og:type\" content=\"article\" \/>\n<meta property=\"og:title\" content=\"Ev. Kirchengemeinde - Paulinenaue\" \/>\n<meta property=\"og:url\" content=\"https:\/\/paulinenaue.info\/index.php\/kirche\/\" \/>\n<meta property=\"og:site_name\" content=\"Paulinenaue\" \/>\n<meta property=\"article:modified_time\" content=\"2023-10-21T08:58:03+00:00\" \/>\n<meta property=\"og:image\" content=\"http:\/\/paulinenaue.info\/wp-content\/uploads\/2016\/03\/Firmenschild_Pfarramt.png\" \/>\n<meta name=\"twitter:card\" content=\"summary_large_image\" \/>\n<meta name=\"twitter:label1\" content=\"Gesch\u00e4tzte Lesezeit\" \/>\n\t<meta name=\"twitter:data1\" content=\"2\u00a0Minuten\" \/>\n<script type=\"application\/ld+json\" class=\"yoast-schema-graph\">{\"@context\":\"https:\\\/\\\/schema.org\",\"@graph\":[{\"@type\":\"WebPage\",\"@id\":\"https:\\\/\\\/paulinenaue.info\\\/index.php\\\/kirche\\\/\",\"url\":\"https:\\\/\\\/paulinenaue.info\\\/index.php\\\/kirche\\\/\",\"name\":\"Ev. Kirchengemeinde - Paulinenaue\",\"isPartOf\":{\"@id\":\"https:\\\/\\\/paulinenaue.info\\\/#website\"},\"primaryImageOfPage\":{\"@id\":\"https:\\\/\\\/paulinenaue.info\\\/index.php\\\/kirche\\\/#primaryimage\"},\"image\":{\"@id\":\"https:\\\/\\\/paulinenaue.info\\\/index.php\\\/kirche\\\/#primaryimage\"},\"thumbnailUrl\":\"http:\\\/\\\/paulinenaue.info\\\/wp-content\\\/uploads\\\/2016\\\/03\\\/Firmenschild_Pfarramt.png\",\"datePublished\":\"2016-03-22T17:58:12+00:00\",\"dateModified\":\"2023-10-21T08:58:03+00:00\",\"breadcrumb\":{\"@id\":\"https:\\\/\\\/paulinenaue.info\\\/index.php\\\/kirche\\\/#breadcrumb\"},\"inLanguage\":\"de\",\"potentialAction\":[{\"@type\":\"ReadAction\",\"target\":[\"https:\\\/\\\/paulinenaue.info\\\/index.php\\\/kirche\\\/\"]}]},{\"@type\":\"ImageObject\",\"inLanguage\":\"de\",\"@id\":\"https:\\\/\\\/paulinenaue.info\\\/index.php\\\/kirche\\\/#primaryimage\",\"url\":\"http:\\\/\\\/paulinenaue.info\\\/wp-content\\\/uploads\\\/2016\\\/03\\\/Firmenschild_Pfarramt.png\",\"contentUrl\":\"http:\\\/\\\/paulinenaue.info\\\/wp-content\\\/uploads\\\/2016\\\/03\\\/Firmenschild_Pfarramt.png\"},{\"@type\":\"BreadcrumbList\",\"@id\":\"https:\\\/\\\/paulinenaue.info\\\/index.php\\\/kirche\\\/#breadcrumb\",\"itemListElement\":[{\"@type\":\"ListItem\",\"position\":1,\"name\":\"Home\",\"item\":\"https:\\\/\\\/paulinenaue.info\\\/\"},{\"@type\":\"ListItem\",\"position\":2,\"name\":\"Ev. Kirchengemeinde\"}]},{\"@type\":\"WebSite\",\"@id\":\"https:\\\/\\\/paulinenaue.info\\\/#website\",\"url\":\"https:\\\/\\\/paulinenaue.info\\\/\",\"name\":\"Paulinenaue\",\"description\":\"Ein Dorf im Havelland\",\"potentialAction\":[{\"@type\":\"SearchAction\",\"target\":{\"@type\":\"EntryPoint\",\"urlTemplate\":\"https:\\\/\\\/paulinenaue.info\\\/?s={search_term_string}\"},\"query-input\":{\"@type\":\"PropertyValueSpecification\",\"valueRequired\":true,\"valueName\":\"search_term_string\"}}],\"inLanguage\":\"de\"}]}<\/script>\n<!-- \/ Yoast SEO plugin. -->","yoast_head_json":{"title":"Ev. Kirchengemeinde - Paulinenaue","robots":{"index":"index","follow":"follow","max-snippet":"max-snippet:-1","max-image-preview":"max-image-preview:large","max-video-preview":"max-video-preview:-1"},"canonical":"https:\/\/paulinenaue.info\/index.php\/kirche\/","og_locale":"de_DE","og_type":"article","og_title":"Ev. Kirchengemeinde - Paulinenaue","og_url":"https:\/\/paulinenaue.info\/index.php\/kirche\/","og_site_name":"Paulinenaue","article_modified_time":"2023-10-21T08:58:03+00:00","og_image":[{"url":"http:\/\/paulinenaue.info\/wp-content\/uploads\/2016\/03\/Firmenschild_Pfarramt.png","type":"","width":"","height":""}],"twitter_card":"summary_large_image","twitter_misc":{"Gesch\u00e4tzte Lesezeit":"2\u00a0Minuten"},"schema":{"@context":"https:\/\/schema.org","@graph":[{"@type":"WebPage","@id":"https:\/\/paulinenaue.info\/index.php\/kirche\/","url":"https:\/\/paulinenaue.info\/index.php\/kirche\/","name":"Ev. Kirchengemeinde - Paulinenaue","isPartOf":{"@id":"https:\/\/paulinenaue.info\/#website"},"primaryImageOfPage":{"@id":"https:\/\/paulinenaue.info\/index.php\/kirche\/#primaryimage"},"image":{"@id":"https:\/\/paulinenaue.info\/index.php\/kirche\/#primaryimage"},"thumbnailUrl":"http:\/\/paulinenaue.info\/wp-content\/uploads\/2016\/03\/Firmenschild_Pfarramt.png","datePublished":"2016-03-22T17:58:12+00:00","dateModified":"2023-10-21T08:58:03+00:00","breadcrumb":{"@id":"https:\/\/paulinenaue.info\/index.php\/kirche\/#breadcrumb"},"inLanguage":"de","potentialAction":[{"@type":"ReadAction","target":["https:\/\/paulinenaue.info\/index.php\/kirche\/"]}]},{"@type":"ImageObject","inLanguage":"de","@id":"https:\/\/paulinenaue.info\/index.php\/kirche\/#primaryimage","url":"http:\/\/paulinenaue.info\/wp-content\/uploads\/2016\/03\/Firmenschild_Pfarramt.png","contentUrl":"http:\/\/paulinenaue.info\/wp-content\/uploads\/2016\/03\/Firmenschild_Pfarramt.png"},{"@type":"BreadcrumbList","@id":"https:\/\/paulinenaue.info\/index.php\/kirche\/#breadcrumb","itemListElement":[{"@type":"ListItem","position":1,"name":"Home","item":"https:\/\/paulinenaue.info\/"},{"@type":"ListItem","position":2,"name":"Ev. Kirchengemeinde"}]},{"@type":"WebSite","@id":"https:\/\/paulinenaue.info\/#website","url":"https:\/\/paulinenaue.info\/","name":"Paulinenaue","description":"Ein Dorf im Havelland","potentialAction":[{"@type":"SearchAction","target":{"@type":"EntryPoint","urlTemplate":"https:\/\/paulinenaue.info\/?s={search_term_string}"},"query-input":{"@type":"PropertyValueSpecification","valueRequired":true,"valueName":"search_term_string"}}],"inLanguage":"de"}]}},"jetpack_sharing_enabled":true,"jetpack_shortlink":"https:\/\/wp.me\/PcYhWA-5S","jetpack-related-posts":[{"id":5628,"url":"https:\/\/paulinenaue.info\/","url_meta":{"origin":364,"position":0},"title":"Paulinenaue im Havelland","author":"Elisa","date":"8. April 2021","format":false,"excerpt":"","rel":"","context":"\u00c4hnlicher Beitrag","block_context":{"text":"\u00c4hnlicher Beitrag","link":""},"img":{"alt_text":"","src":"https:\/\/i0.wp.com\/paulinenaue.info\/wp-content\/uploads\/2024\/05\/C2CC9C77-D9E8-4303-9399-8FF00878493B_1_201_a-scaled.jpeg?resize=350%2C200&ssl=1","width":350,"height":200,"srcset":"https:\/\/i0.wp.com\/paulinenaue.info\/wp-content\/uploads\/2024\/05\/C2CC9C77-D9E8-4303-9399-8FF00878493B_1_201_a-scaled.jpeg?resize=350%2C200&ssl=1 1x, https:\/\/i0.wp.com\/paulinenaue.info\/wp-content\/uploads\/2024\/05\/C2CC9C77-D9E8-4303-9399-8FF00878493B_1_201_a-scaled.jpeg?resize=525%2C300&ssl=1 1.5x, https:\/\/i0.wp.com\/paulinenaue.info\/wp-content\/uploads\/2024\/05\/C2CC9C77-D9E8-4303-9399-8FF00878493B_1_201_a-scaled.jpeg?resize=700%2C400&ssl=1 2x, https:\/\/i0.wp.com\/paulinenaue.info\/wp-content\/uploads\/2024\/05\/C2CC9C77-D9E8-4303-9399-8FF00878493B_1_201_a-scaled.jpeg?resize=1050%2C600&ssl=1 3x, https:\/\/i0.wp.com\/paulinenaue.info\/wp-content\/uploads\/2024\/05\/C2CC9C77-D9E8-4303-9399-8FF00878493B_1_201_a-scaled.jpeg?resize=1400%2C800&ssl=1 4x"},"classes":[]},{"id":374,"url":"https:\/\/paulinenaue.info\/index.php\/kita-verein\/","url_meta":{"origin":364,"position":1},"title":"KITA-Verein","author":"Elisa","date":"22. M\u00e4rz 2016","format":false,"excerpt":"","rel":"","context":"\u00c4hnlicher Beitrag","block_context":{"text":"\u00c4hnlicher Beitrag","link":""},"img":{"alt_text":"","src":"","width":0,"height":0},"classes":[]},{"id":324201,"url":"https:\/\/paulinenaue.info\/index.php\/tourismus\/geocaching\/","url_meta":{"origin":364,"position":2},"title":"Geocaching in Paulinenaue","author":"Konstantin von der Waydbrink","date":"28. Juli 2022","format":false,"excerpt":"","rel":"","context":"\u00c4hnlicher Beitrag","block_context":{"text":"\u00c4hnlicher Beitrag","link":""},"img":{"alt_text":"","src":"https:\/\/i0.wp.com\/paulinenaue.info\/wp-content\/uploads\/2026\/03\/Paulinenaue-Geocaching-Ausschnitt.jpg?resize=350%2C200&ssl=1","width":350,"height":200,"srcset":"https:\/\/i0.wp.com\/paulinenaue.info\/wp-content\/uploads\/2026\/03\/Paulinenaue-Geocaching-Ausschnitt.jpg?resize=350%2C200&ssl=1 1x, https:\/\/i0.wp.com\/paulinenaue.info\/wp-content\/uploads\/2026\/03\/Paulinenaue-Geocaching-Ausschnitt.jpg?resize=525%2C300&ssl=1 1.5x, https:\/\/i0.wp.com\/paulinenaue.info\/wp-content\/uploads\/2026\/03\/Paulinenaue-Geocaching-Ausschnitt.jpg?resize=700%2C400&ssl=1 2x"},"classes":[]},{"id":26,"url":"https:\/\/paulinenaue.info\/index.php\/tourismus\/","url_meta":{"origin":364,"position":3},"title":"Paulinenaue entdecken","author":"Elisa","date":"29. Oktober 2015","format":false,"excerpt":"","rel":"","context":"\u00c4hnlicher Beitrag","block_context":{"text":"\u00c4hnlicher Beitrag","link":""},"img":{"alt_text":"","src":"https:\/\/i0.wp.com\/paulinenaue.info\/wp-content\/uploads\/2025\/03\/A64D5D60-47E7-45E8-BFE3-0678F0147972_1_201_a-1200x378.jpeg?resize=350%2C200&ssl=1","width":350,"height":200,"srcset":"https:\/\/i0.wp.com\/paulinenaue.info\/wp-content\/uploads\/2025\/03\/A64D5D60-47E7-45E8-BFE3-0678F0147972_1_201_a-1200x378.jpeg?resize=350%2C200&ssl=1 1x, https:\/\/i0.wp.com\/paulinenaue.info\/wp-content\/uploads\/2025\/03\/A64D5D60-47E7-45E8-BFE3-0678F0147972_1_201_a-1200x378.jpeg?resize=525%2C300&ssl=1 1.5x, https:\/\/i0.wp.com\/paulinenaue.info\/wp-content\/uploads\/2025\/03\/A64D5D60-47E7-45E8-BFE3-0678F0147972_1_201_a-1200x378.jpeg?resize=700%2C400&ssl=1 2x, https:\/\/i0.wp.com\/paulinenaue.info\/wp-content\/uploads\/2025\/03\/A64D5D60-47E7-45E8-BFE3-0678F0147972_1_201_a-1200x378.jpeg?resize=1050%2C600&ssl=1 3x"},"classes":[]},{"id":6530,"url":"https:\/\/paulinenaue.info\/index.php\/neuigkeiten-aus-paulinenaue-2003-2014\/","url_meta":{"origin":364,"position":4},"title":"Neuigkeiten aus Paulinenaue (2003\u20132014)","author":"Joachim Scholz","date":"29. Dezember 2021","format":false,"excerpt":"","rel":"","context":"\u00c4hnlicher Beitrag","block_context":{"text":"\u00c4hnlicher Beitrag","link":""},"img":{"alt_text":"","src":"","width":0,"height":0},"classes":[]}],"ticketed":false,"_links":{"self":[{"href":"https:\/\/paulinenaue.info\/index.php\/wp-json\/wp\/v2\/pages\/364","targetHints":{"allow":["GET"]}}],"collection":[{"href":"https:\/\/paulinenaue.info\/index.php\/wp-json\/wp\/v2\/pages"}],"about":[{"href":"https:\/\/paulinenaue.info\/index.php\/wp-json\/wp\/v2\/types\/page"}],"author":[{"embeddable":true,"href":"https:\/\/paulinenaue.info\/index.php\/wp-json\/wp\/v2\/users\/2"}],"replies":[{"embeddable":true,"href":"https:\/\/paulinenaue.info\/index.php\/wp-json\/wp\/v2\/comments?post=364"}],"version-history":[{"count":17,"href":"https:\/\/paulinenaue.info\/index.php\/wp-json\/wp\/v2\/pages\/364\/revisions"}],"predecessor-version":[{"id":415313,"href":"https:\/\/paulinenaue.info\/index.php\/wp-json\/wp\/v2\/pages\/364\/revisions\/415313"}],"wp:attachment":[{"href":"https:\/\/paulinenaue.info\/index.php\/wp-json\/wp\/v2\/media?parent=364"}],"curies":[{"name":"wp","href":"https:\/\/api.w.org\/{rel}","templated":true}]}}