{"id":5482,"date":"2020-09-10T17:24:20","date_gmt":"2020-09-10T11:24:20","guid":{"rendered":"http:\/\/paulinenaue.info\/?page_id=5482"},"modified":"2020-09-10T17:24:20","modified_gmt":"2020-09-10T11:24:20","slug":"mehrzweckgebaeude","status":"publish","type":"page","link":"https:\/\/paulinenaue.info\/index.php\/mehrzweckgebaeude\/","title":{"rendered":"Mehrzweckgeb\u00e4ude"},"content":{"rendered":"","protected":false},"excerpt":{"rendered":"","protected":false},"author":3,"featured_media":354,"parent":0,"menu_order":0,"comment_status":"closed","ping_status":"closed","template":"","meta":{"_acf_changed":false,"_price":"","_stock":"","_tribe_ticket_header":"","_tribe_default_ticket_provider":"","_tribe_ticket_capacity":"0","_ticket_start_date":"","_ticket_end_date":"","_tribe_ticket_show_description":"","_tribe_ticket_show_not_going":false,"_tribe_ticket_use_global_stock":"","_tribe_ticket_global_stock_level":"","_global_stock_mode":"","_global_stock_cap":"","_tribe_rsvp_for_event":"","_tribe_ticket_going_count":"","_tribe_ticket_not_going_count":"","_tribe_tickets_list":"[]","_tribe_ticket_has_attendee_info_fields":false,"jetpack_post_was_ever_published":false,"footnotes":"","_tec_slr_enabled":"","_tec_slr_layout":""},"class_list":["post-5482","page","type-page","status-publish","has-post-thumbnail","hentry"],"acf":[],"yoast_head":"<!-- This site is optimized with the Yoast SEO plugin v27.5 - https:\/\/yoast.com\/product\/yoast-seo-wordpress\/ -->\n<title>Mehrzweckgeb\u00e4ude - Paulinenaue<\/title>\n<meta name=\"robots\" content=\"index, follow, max-snippet:-1, max-image-preview:large, max-video-preview:-1\" \/>\n<link rel=\"canonical\" href=\"https:\/\/paulinenaue.info\/index.php\/mehrzweckgebaeude\/\" \/>\n<meta property=\"og:locale\" content=\"de_DE\" \/>\n<meta property=\"og:type\" content=\"article\" \/>\n<meta property=\"og:title\" content=\"Mehrzweckgeb\u00e4ude - Paulinenaue\" \/>\n<meta property=\"og:url\" content=\"https:\/\/paulinenaue.info\/index.php\/mehrzweckgebaeude\/\" \/>\n<meta property=\"og:site_name\" content=\"Paulinenaue\" \/>\n<meta property=\"og:image\" content=\"https:\/\/i1.wp.com\/paulinenaue.info\/wp-content\/uploads\/2016\/03\/20131124_ptsv_90_01.jpg?fit=500%2C322&ssl=1\" \/>\n\t<meta property=\"og:image:width\" content=\"500\" \/>\n\t<meta property=\"og:image:height\" content=\"322\" \/>\n\t<meta property=\"og:image:type\" content=\"image\/jpeg\" \/>\n<meta name=\"twitter:card\" content=\"summary_large_image\" \/>\n<script type=\"application\/ld+json\" class=\"yoast-schema-graph\">{\"@context\":\"https:\\\/\\\/schema.org\",\"@graph\":[{\"@type\":\"WebPage\",\"@id\":\"https:\\\/\\\/paulinenaue.info\\\/index.php\\\/mehrzweckgebaeude\\\/\",\"url\":\"https:\\\/\\\/paulinenaue.info\\\/index.php\\\/mehrzweckgebaeude\\\/\",\"name\":\"Mehrzweckgeb\u00e4ude - Paulinenaue\",\"isPartOf\":{\"@id\":\"https:\\\/\\\/paulinenaue.info\\\/#website\"},\"primaryImageOfPage\":{\"@id\":\"https:\\\/\\\/paulinenaue.info\\\/index.php\\\/mehrzweckgebaeude\\\/#primaryimage\"},\"image\":{\"@id\":\"https:\\\/\\\/paulinenaue.info\\\/index.php\\\/mehrzweckgebaeude\\\/#primaryimage\"},\"thumbnailUrl\":\"https:\\\/\\\/paulinenaue.info\\\/wp-content\\\/uploads\\\/2016\\\/03\\\/20131124_ptsv_90_01.jpg\",\"datePublished\":\"2020-09-10T11:24:20+00:00\",\"breadcrumb\":{\"@id\":\"https:\\\/\\\/paulinenaue.info\\\/index.php\\\/mehrzweckgebaeude\\\/#breadcrumb\"},\"inLanguage\":\"de\",\"potentialAction\":[{\"@type\":\"ReadAction\",\"target\":[\"https:\\\/\\\/paulinenaue.info\\\/index.php\\\/mehrzweckgebaeude\\\/\"]}]},{\"@type\":\"ImageObject\",\"inLanguage\":\"de\",\"@id\":\"https:\\\/\\\/paulinenaue.info\\\/index.php\\\/mehrzweckgebaeude\\\/#primaryimage\",\"url\":\"https:\\\/\\\/paulinenaue.info\\\/wp-content\\\/uploads\\\/2016\\\/03\\\/20131124_ptsv_90_01.jpg\",\"contentUrl\":\"https:\\\/\\\/paulinenaue.info\\\/wp-content\\\/uploads\\\/2016\\\/03\\\/20131124_ptsv_90_01.jpg\",\"width\":500,\"height\":322},{\"@type\":\"BreadcrumbList\",\"@id\":\"https:\\\/\\\/paulinenaue.info\\\/index.php\\\/mehrzweckgebaeude\\\/#breadcrumb\",\"itemListElement\":[{\"@type\":\"ListItem\",\"position\":1,\"name\":\"Home\",\"item\":\"https:\\\/\\\/paulinenaue.info\\\/\"},{\"@type\":\"ListItem\",\"position\":2,\"name\":\"Mehrzweckgeb\u00e4ude\"}]},{\"@type\":\"WebSite\",\"@id\":\"https:\\\/\\\/paulinenaue.info\\\/#website\",\"url\":\"https:\\\/\\\/paulinenaue.info\\\/\",\"name\":\"Paulinenaue\",\"description\":\"Ein Dorf im Havelland\",\"potentialAction\":[{\"@type\":\"SearchAction\",\"target\":{\"@type\":\"EntryPoint\",\"urlTemplate\":\"https:\\\/\\\/paulinenaue.info\\\/?s={search_term_string}\"},\"query-input\":{\"@type\":\"PropertyValueSpecification\",\"valueRequired\":true,\"valueName\":\"search_term_string\"}}],\"inLanguage\":\"de\"}]}<\/script>\n<!-- \/ Yoast SEO plugin. -->","yoast_head_json":{"title":"Mehrzweckgeb\u00e4ude - Paulinenaue","robots":{"index":"index","follow":"follow","max-snippet":"max-snippet:-1","max-image-preview":"max-image-preview:large","max-video-preview":"max-video-preview:-1"},"canonical":"https:\/\/paulinenaue.info\/index.php\/mehrzweckgebaeude\/","og_locale":"de_DE","og_type":"article","og_title":"Mehrzweckgeb\u00e4ude - Paulinenaue","og_url":"https:\/\/paulinenaue.info\/index.php\/mehrzweckgebaeude\/","og_site_name":"Paulinenaue","og_image":[{"width":500,"height":322,"url":"https:\/\/i1.wp.com\/paulinenaue.info\/wp-content\/uploads\/2016\/03\/20131124_ptsv_90_01.jpg?fit=500%2C322&ssl=1","type":"image\/jpeg"}],"twitter_card":"summary_large_image","schema":{"@context":"https:\/\/schema.org","@graph":[{"@type":"WebPage","@id":"https:\/\/paulinenaue.info\/index.php\/mehrzweckgebaeude\/","url":"https:\/\/paulinenaue.info\/index.php\/mehrzweckgebaeude\/","name":"Mehrzweckgeb\u00e4ude - Paulinenaue","isPartOf":{"@id":"https:\/\/paulinenaue.info\/#website"},"primaryImageOfPage":{"@id":"https:\/\/paulinenaue.info\/index.php\/mehrzweckgebaeude\/#primaryimage"},"image":{"@id":"https:\/\/paulinenaue.info\/index.php\/mehrzweckgebaeude\/#primaryimage"},"thumbnailUrl":"https:\/\/paulinenaue.info\/wp-content\/uploads\/2016\/03\/20131124_ptsv_90_01.jpg","datePublished":"2020-09-10T11:24:20+00:00","breadcrumb":{"@id":"https:\/\/paulinenaue.info\/index.php\/mehrzweckgebaeude\/#breadcrumb"},"inLanguage":"de","potentialAction":[{"@type":"ReadAction","target":["https:\/\/paulinenaue.info\/index.php\/mehrzweckgebaeude\/"]}]},{"@type":"ImageObject","inLanguage":"de","@id":"https:\/\/paulinenaue.info\/index.php\/mehrzweckgebaeude\/#primaryimage","url":"https:\/\/paulinenaue.info\/wp-content\/uploads\/2016\/03\/20131124_ptsv_90_01.jpg","contentUrl":"https:\/\/paulinenaue.info\/wp-content\/uploads\/2016\/03\/20131124_ptsv_90_01.jpg","width":500,"height":322},{"@type":"BreadcrumbList","@id":"https:\/\/paulinenaue.info\/index.php\/mehrzweckgebaeude\/#breadcrumb","itemListElement":[{"@type":"ListItem","position":1,"name":"Home","item":"https:\/\/paulinenaue.info\/"},{"@type":"ListItem","position":2,"name":"Mehrzweckgeb\u00e4ude"}]},{"@type":"WebSite","@id":"https:\/\/paulinenaue.info\/#website","url":"https:\/\/paulinenaue.info\/","name":"Paulinenaue","description":"Ein Dorf im Havelland","potentialAction":[{"@type":"SearchAction","target":{"@type":"EntryPoint","urlTemplate":"https:\/\/paulinenaue.info\/?s={search_term_string}"},"query-input":{"@type":"PropertyValueSpecification","valueRequired":true,"valueName":"search_term_string"}}],"inLanguage":"de"}]}},"jetpack_sharing_enabled":true,"jetpack_shortlink":"https:\/\/wp.me\/PcYhWA-1qq","jetpack-related-posts":[{"id":417235,"url":"https:\/\/paulinenaue.info\/index.php\/das-paulinenauer-bahnhofsgebaeude\/","url_meta":{"origin":5482,"position":0},"title":"Das Paulinenauer Bahnhofsgeb\u00e4ude","author":"Joachim Scholz","date":"22. M\u00e4rz 2025","format":false,"excerpt":"","rel":"","context":"\u00c4hnlicher Beitrag","block_context":{"text":"\u00c4hnlicher Beitrag","link":""},"img":{"alt_text":"","src":"https:\/\/i0.wp.com\/paulinenaue.info\/wp-content\/uploads\/2025\/03\/2012-09-09-Tag-des-offenen-Denkmals-Bahnhof-01.jpeg?resize=350%2C200&ssl=1","width":350,"height":200,"srcset":"https:\/\/i0.wp.com\/paulinenaue.info\/wp-content\/uploads\/2025\/03\/2012-09-09-Tag-des-offenen-Denkmals-Bahnhof-01.jpeg?resize=350%2C200&ssl=1 1x, https:\/\/i0.wp.com\/paulinenaue.info\/wp-content\/uploads\/2025\/03\/2012-09-09-Tag-des-offenen-Denkmals-Bahnhof-01.jpeg?resize=525%2C300&ssl=1 1.5x, https:\/\/i0.wp.com\/paulinenaue.info\/wp-content\/uploads\/2025\/03\/2012-09-09-Tag-des-offenen-Denkmals-Bahnhof-01.jpeg?resize=700%2C400&ssl=1 2x"},"classes":[]},{"id":417664,"url":"https:\/\/paulinenaue.info\/index.php\/das-paulinenauer-bahnhofsgebaeude\/plan-zur-vergroesserung-des-empfangsgebaeudes-1883\/","url_meta":{"origin":5482,"position":1},"title":"Plan zur Vergr\u00f6\u00dferung des Empfangsgeb\u00e4udes 1883","author":"Joachim Scholz","date":"18. Juli 2007","format":false,"excerpt":"","rel":"","context":"\u00c4hnlicher Beitrag","block_context":{"text":"\u00c4hnlicher Beitrag","link":""},"img":{"alt_text":"","src":"https:\/\/i0.wp.com\/paulinenaue.info\/wp-content\/uploads\/2025\/03\/839892C6-B869-40F6-9243-DE7C271A9990_1_105_c-e1743241875996-800x418.jpeg?resize=350%2C200&ssl=1","width":350,"height":200,"srcset":"https:\/\/i0.wp.com\/paulinenaue.info\/wp-content\/uploads\/2025\/03\/839892C6-B869-40F6-9243-DE7C271A9990_1_105_c-e1743241875996-800x418.jpeg?resize=350%2C200&ssl=1 1x, https:\/\/i0.wp.com\/paulinenaue.info\/wp-content\/uploads\/2025\/03\/839892C6-B869-40F6-9243-DE7C271A9990_1_105_c-e1743241875996-800x418.jpeg?resize=525%2C300&ssl=1 1.5x, https:\/\/i0.wp.com\/paulinenaue.info\/wp-content\/uploads\/2025\/03\/839892C6-B869-40F6-9243-DE7C271A9990_1_105_c-e1743241875996-800x418.jpeg?resize=700%2C400&ssl=1 2x"},"classes":[]},{"id":415066,"url":"https:\/\/paulinenaue.info\/index.php\/aus-der-ortsgeschichte-von-paulinenaue\/","url_meta":{"origin":5482,"position":2},"title":"Aus der Ortsgeschichte von Paulinenaue","author":"Joachim Scholz","date":"18. M\u00e4rz 2023","format":false,"excerpt":"Aus der Ortsgeschichte von Paulinenaue von Georg Drasch\u00e9 (1966) Georg Drasch\u00e9 (1929\u20132014) Mit der Gr\u00fcndung unseres Institutes verschob sich der Schwerpunkt der Gr\u00fcnland- und Moorforschung in der DDR nach Pau\u00adlinenaue, und so schlie\u00dft sich nach fast einem Vierteljahrtausend der Kreis: War vor 250 Jahren das Amt K\u00f6nigshorst Schrittmacher, Lehr- und\u2026","rel":"","context":"\u00c4hnlicher Beitrag","block_context":{"text":"\u00c4hnlicher Beitrag","link":""},"img":{"alt_text":"","src":"https:\/\/i0.wp.com\/paulinenaue.info\/wp-content\/uploads\/2023\/03\/Drasche.jpg?resize=350%2C200&ssl=1","width":350,"height":200},"classes":[]},{"id":32,"url":"https:\/\/paulinenaue.info\/index.php\/geschichten\/","url_meta":{"origin":5482,"position":3},"title":"Historischer \u00dcberblick","author":"Elisa","date":"29. Oktober 2015","format":false,"excerpt":"\u00c4ltere Geschichte In den eiszeitlich gepr\u00e4gten Moorwiesen des Havell\u00e4ndischen Luches liegt auf einer Talsandinsel Paulinenaue. Das jetzige Dorfgebiet, das bereits in der r\u00f6mischen Kaiserzeit besiedelt gewesen ist, findet 1390 eine erste urkundliche Erw\u00e4hnung, als Hasso von Bredow die Heideberge, das Gebiet zwischen Lindholz und L\u00fctsche, an das Domkapitel zu Brandenburg\u2026","rel":"","context":"\u00c4hnlicher Beitrag","block_context":{"text":"\u00c4hnlicher Beitrag","link":""},"img":{"alt_text":"","src":"","width":0,"height":0},"classes":[]},{"id":73,"url":"https:\/\/paulinenaue.info\/index.php\/paulinenaue-als-wirtschaftsort\/","url_meta":{"origin":5482,"position":4},"title":"Paulinenaue als Wissenschaftsstandort","author":"Elisa","date":"22. M\u00e4rz 2016","format":false,"excerpt":"Schon vor dem Zweiten Weltkrieg war Paulinenaue Forschungsstandort. Hans Goldschmidt, der Erfinder des Thermitverbundschwei\u00dfverfahrens, betrieb als Gutsbesitzer von 1918 bis zu seinem Tod hier eine Forschungswerkstatt mit Schwei\u00dferei und Tischlerei. Langfristig pr\u00e4gte das 1949 von Eilhard Alfred Mitscherlich gegr\u00fcndete Institut zur Steigerung der Pflanzenertr\u00e4ge der Deutschen Akademie der Wissenschaften die\u2026","rel":"","context":"\u00c4hnlicher Beitrag","block_context":{"text":"\u00c4hnlicher Beitrag","link":""},"img":{"alt_text":"Das Paulinenauer Institutsgeb\u00e4ude in den 1950er Jahren","src":"https:\/\/i0.wp.com\/paulinenaue.info\/wp-content\/uploads\/2016\/03\/Institutsgebaude-1950er-Jahre.jpg?resize=350%2C200","width":350,"height":200,"srcset":"https:\/\/i0.wp.com\/paulinenaue.info\/wp-content\/uploads\/2016\/03\/Institutsgebaude-1950er-Jahre.jpg?resize=350%2C200 1x, https:\/\/i0.wp.com\/paulinenaue.info\/wp-content\/uploads\/2016\/03\/Institutsgebaude-1950er-Jahre.jpg?resize=525%2C300 1.5x"},"classes":[]},{"id":456,"url":"https:\/\/paulinenaue.info\/index.php\/kulturverein\/","url_meta":{"origin":5482,"position":5},"title":"Paulinenauer Kulturverein","author":"Elisa","date":"22. M\u00e4rz 2016","format":false,"excerpt":"Der Paulinenauer Kulturverein e.V. wurde 2006 gegr\u00fcndet. Zu seinen Aktivit\u00e4ten geh\u00f6ren die F\u00f6rderung des kulturellen Lebens, die Besch\u00e4ftigung mit der Ortsgeschichte sowie der Denkmalschutz im Dorf. Besonders bem\u00fcht ist der Verein um den Erhalt des klassizistischen Bahnhofsgeb\u00e4udes, des wichtigsten Geb\u00e4udes von Paulinenaue. Bei den Kommunalwahlen im Juni 2024 errang der\u2026","rel":"","context":"\u00c4hnlicher Beitrag","block_context":{"text":"\u00c4hnlicher Beitrag","link":""},"img":{"alt_text":"","src":"https:\/\/i0.wp.com\/paulinenaue.info\/wp-content\/uploads\/2026\/03\/22026-01-25-Jahresversammlung-Kulturverein-600x400.jpeg?resize=350%2C200&ssl=1","width":350,"height":200,"srcset":"https:\/\/i0.wp.com\/paulinenaue.info\/wp-content\/uploads\/2026\/03\/22026-01-25-Jahresversammlung-Kulturverein-600x400.jpeg?resize=350%2C200&ssl=1 1x, https:\/\/i0.wp.com\/paulinenaue.info\/wp-content\/uploads\/2026\/03\/22026-01-25-Jahresversammlung-Kulturverein-600x400.jpeg?resize=525%2C300&ssl=1 1.5x"},"classes":[]}],"ticketed":false,"_links":{"self":[{"href":"https:\/\/paulinenaue.info\/index.php\/wp-json\/wp\/v2\/pages\/5482","targetHints":{"allow":["GET"]}}],"collection":[{"href":"https:\/\/paulinenaue.info\/index.php\/wp-json\/wp\/v2\/pages"}],"about":[{"href":"https:\/\/paulinenaue.info\/index.php\/wp-json\/wp\/v2\/types\/page"}],"author":[{"embeddable":true,"href":"https:\/\/paulinenaue.info\/index.php\/wp-json\/wp\/v2\/users\/3"}],"replies":[{"embeddable":true,"href":"https:\/\/paulinenaue.info\/index.php\/wp-json\/wp\/v2\/comments?post=5482"}],"version-history":[{"count":1,"href":"https:\/\/paulinenaue.info\/index.php\/wp-json\/wp\/v2\/pages\/5482\/revisions"}],"predecessor-version":[{"id":5483,"href":"https:\/\/paulinenaue.info\/index.php\/wp-json\/wp\/v2\/pages\/5482\/revisions\/5483"}],"wp:featuredmedia":[{"embeddable":true,"href":"https:\/\/paulinenaue.info\/index.php\/wp-json\/wp\/v2\/media\/354"}],"wp:attachment":[{"href":"https:\/\/paulinenaue.info\/index.php\/wp-json\/wp\/v2\/media?parent=5482"}],"curies":[{"name":"wp","href":"https:\/\/api.w.org\/{rel}","templated":true}]}}