{"id":5628,"date":"2021-04-08T16:10:47","date_gmt":"2021-04-08T10:10:47","guid":{"rendered":"https:\/\/paulinenaue.info\/pauetest\/?page_id=5628"},"modified":"2026-04-16T20:17:47","modified_gmt":"2026-04-16T18:17:47","slug":"startseite-neu","status":"publish","type":"page","link":"https:\/\/paulinenaue.info\/","title":{"rendered":"Paulinenaue im Havelland"},"content":{"rendered":"<p><div class=\"fusion-fullwidth fullwidth-box fusion-builder-row-1 fusion-flex-container news-meta-typo nonhundred-percent-fullwidth non-hundred-percent-height-scrolling\" style=\"--link_color: #668c4a;--awb-border-radius-top-left:0px;--awb-border-radius-top-right:0px;--awb-border-radius-bottom-right:0px;--awb-border-radius-bottom-left:0px;--awb-padding-top:0px;--awb-padding-bottom:60px;\" id=\"flex-container\" ><div class=\"fusion-builder-row fusion-row fusion-flex-align-items-flex-end fusion-flex-align-content-space-between\" style=\"max-width:1248px;margin-left: calc(-4% \/ 2 );margin-right: calc(-4% \/ 2 );\"><div class=\"fusion-layout-column fusion_builder_column fusion-builder-column-0 fusion_builder_column_1_3 1_3 fusion-flex-column fusion-flex-align-self-stretch box-flex fusion-animated\" style=\"--awb-padding-top:30px;--awb-padding-right:30px;--awb-padding-bottom:30px;--awb-padding-left:30px;--awb-bg-color:#fbf5ea;--awb-bg-color-hover:#fbf5ea;--awb-bg-size:cover;--awb-border-color:#fbf5ea;--awb-border-top:1px;--awb-border-right:1px;--awb-border-bottom:1px;--awb-border-left:1px;--awb-border-style:solid;--awb-width-large:33.333333333333%;--awb-margin-top-large:0px;--awb-spacing-right-large:5.76%;--awb-margin-bottom-large:0px;--awb-spacing-left-large:5.76%;--awb-width-medium:33.333333333333%;--awb-order-medium:0;--awb-spacing-right-medium:5.76%;--awb-spacing-left-medium:5.76%;--awb-width-small:100%;--awb-order-small:0;--awb-spacing-right-small:1.92%;--awb-margin-bottom-small:20px;--awb-spacing-left-small:1.92%;\" data-animationType=\"fadeInLeft\" data-animationDuration=\"1.0\" data-animationOffset=\"top-into-view\"><div class=\"fusion-column-wrapper fusion-column-has-shadow fusion-flex-justify-content-flex-start fusion-content-layout-column\"><i class=\"fb-icon-element-1 fb-icon-element fontawesome-icon fa-home fas circle-no fusion-text-flow\" style=\"--awb-iconcolor:#435054;--awb-iconcolor-hover:#435054;--awb-font-size:26px;--awb-margin-right:13px;\"><\/i><div class=\"fusion-title title fusion-title-1 fusion-sep-none fusion-title-text fusion-title-size-four\" style=\"--awb-text-color:#435054;--awb-margin-bottom:20px;\"><h4 class=\"title-heading-left\" style=\"margin:0;\">Das Dorf<\/h4><\/div><div class=\"fusion-text fusion-text-1 sm-text-align-center\" style=\"--awb-text-transform:none;\"><p style=\"text-align: left;\">Paulinenaue im Land Brandenburg bildet zusammen mit Selbelang eine Gemeinde mit etwa 1.300 Einwohnern. Wer stadtnah angebunden und doch auf dem Land wohnen m\u00f6chte, lebt gern in Paulinenaue.<\/p>\n<\/div><div class=\"fusion-image-element \" style=\"--awb-aspect-ratio:custom \/ ;--awb-object-position:46% 46%;--awb-caption-title-font-family:var(--h2_typography-font-family);--awb-caption-title-font-weight:var(--h2_typography-font-weight);--awb-caption-title-font-style:var(--h2_typography-font-style);--awb-caption-title-size:var(--h2_typography-font-size);--awb-caption-title-transform:var(--h2_typography-text-transform);--awb-caption-title-line-height:var(--h2_typography-line-height);--awb-caption-title-letter-spacing:var(--h2_typography-letter-spacing);\"><span class=\" fusion-imageframe imageframe-none imageframe-1 hover-type-none has-aspect-ratio\" class=\"image-scroll\"><a class=\"fusion-no-lightbox\" href=\"https:\/\/paulinenaue.info\/index.php\/einschaltbild-maerz-2026\/\" target=\"_self\" aria-label=\"2010-04-24, Stoch, 02\"><img decoding=\"async\" width=\"400\" height=\"300\" src=\"https:\/\/paulinenaue.info\/wp-content\/uploads\/2026\/03\/2010-04-24-Stoch-02.jpeg\" data-orig-src=\"https:\/\/paulinenaue.info\/wp-content\/uploads\/2026\/03\/2010-04-24-Stoch-02-400x300.jpeg\" class=\"lazyload img-responsive wp-image-418955 img-with-aspect-ratio\" alt srcset=\"data:image\/svg+xml,%3Csvg%20xmlns%3D%27http%3A%2F%2Fwww.w3.org%2F2000%2Fsvg%27%20width%3D%271000%27%20height%3D%27750%27%20viewBox%3D%270%200%201000%20750%27%3E%3Crect%20width%3D%271000%27%20height%3D%27750%27%20fill-opacity%3D%220%22%2F%3E%3C%2Fsvg%3E\" data-srcset=\"https:\/\/paulinenaue.info\/wp-content\/uploads\/2026\/03\/2010-04-24-Stoch-02-200x150.jpeg 200w, https:\/\/paulinenaue.info\/wp-content\/uploads\/2026\/03\/2010-04-24-Stoch-02-400x300.jpeg 400w, https:\/\/paulinenaue.info\/wp-content\/uploads\/2026\/03\/2010-04-24-Stoch-02-600x450.jpeg 600w, https:\/\/paulinenaue.info\/wp-content\/uploads\/2026\/03\/2010-04-24-Stoch-02-800x600.jpeg 800w, https:\/\/paulinenaue.info\/wp-content\/uploads\/2026\/03\/2010-04-24-Stoch-02.jpeg 1000w\" data-sizes=\"auto\" data-orig-sizes=\"(max-width: 640px) 100vw, 400px\" \/><\/a><\/span><\/div><div class=\"fusion-text fusion-text-2\" style=\"--awb-text-transform:none;\"><p><br class=\"clear\">Unsere Internetseite wendet sich an Einheimische und Ortsfremde gleicherma\u00dfen. Wenn Du selbst etwas zur Ver\u00f6ffentlichung vorschlagen m\u00f6chtest, schreib an <a href=\"mailto:kulturverein@paulinenaue.info\">kulturverein@paulinenaue.info<\/a>.<\/p>\n<\/div><div class=\"fusion-widget fusion-widget-element fusion-widget-area fusion-content-widget-area wpWidget-1 jetpack_subscriptions_widget\" style=\"--awb-fusion-border-size:0px;--awb-fusion-border-style:solid;\"><div class=\"widget widget_blog_subscription jetpack_subscription_widget\"><div class=\"heading\"><h4 class=\"widget-title\">Blog via E-Mail abonnieren<\/h4><\/div>\n\t\t\t<div class=\"wp-block-jetpack-subscriptions__container\">\n\t\t\t<form action=\"#\" method=\"post\" accept-charset=\"utf-8\" id=\"subscribe-blog-1\"\n\t\t\t\tdata-blog=\"191684692\"\n\t\t\t\tdata-post_access_level=\"everybody\" >\n\t\t\t\t\t\t\t\t\t<div id=\"subscribe-text\"><p>Gib deine E-Mail-Adresse an, um diesen Blog zu abonnieren und neue Beitr\u00e4ge via E-Mail zu erhalten.<\/p>\n<\/div>\n\t\t\t\t\t\t\t\t\t\t<p id=\"subscribe-email\">\n\t\t\t\t\t\t<label id=\"jetpack-subscribe-label\"\n\t\t\t\t\t\t\tclass=\"screen-reader-text\"\n\t\t\t\t\t\t\tfor=\"subscribe-field-1\">\n\t\t\t\t\t\t\tE-Mail-Adresse\t\t\t\t\t\t<\/label>\n\t\t\t\t\t\t<input type=\"email\" name=\"email\" autocomplete=\"email\" required=\"required\"\n\t\t\t\t\t\t\t\t\t\t\t\t\t\t\t\t\t\t\t\t\tvalue=\"\"\n\t\t\t\t\t\t\tid=\"subscribe-field-1\"\n\t\t\t\t\t\t\tplaceholder=\"E-Mail-Adresse\"\n\t\t\t\t\t\t\/>\n\t\t\t\t\t<\/p>\n\n\t\t\t\t\t<p id=\"subscribe-submit\"\n\t\t\t\t\t\t\t\t\t\t\t>\n\t\t\t\t\t\t<input type=\"hidden\" name=\"action\" value=\"subscribe\"\/>\n\t\t\t\t\t\t<input type=\"hidden\" name=\"source\" value=\"https:\/\/paulinenaue.info\/index.php\/wp-json\/wp\/v2\/pages\/5628\"\/>\n\t\t\t\t\t\t<input type=\"hidden\" name=\"sub-type\" value=\"widget\"\/>\n\t\t\t\t\t\t<input type=\"hidden\" name=\"redirect_fragment\" value=\"subscribe-blog-1\"\/>\n\t\t\t\t\t\t<input type=\"hidden\" id=\"_wpnonce\" name=\"_wpnonce\" value=\"b599c2bfea\" \/><input type=\"hidden\" name=\"_wp_http_referer\" value=\"\/index.php\/wp-json\/wp\/v2\/pages\/5628\" \/>\t\t\t\t\t\t<button type=\"submit\"\n\t\t\t\t\t\t\t\t\t\t\t\t\t\t\tclass=\"wp-block-button__link\"\n\t\t\t\t\t\t\t\t\t\t\t\t\t\t\t\t\t\t\t\t\tname=\"jetpack_subscriptions_widget\"\n\t\t\t\t\t\t>\n\t\t\t\t\t\t\tAbonnieren\t\t\t\t\t\t<\/button>\n\t\t\t\t\t<\/p>\n\t\t\t\t\t\t\t<\/form>\n\t\t\t\t\t\t\t<div class=\"wp-block-jetpack-subscriptions__subscount\">\n\t\t\t\t\tSchlie\u00dfe dich 58 anderen Abonnenten an\t\t\t\t<\/div>\n\t\t\t\t\t\t<\/div>\n\t\t\t\n<\/div><\/div><\/div><\/div><div class=\"fusion-layout-column fusion_builder_column fusion-builder-column-1 fusion_builder_column_1_3 1_3 fusion-flex-column fusion-flex-align-self-stretch box-flex fusion-animated\" style=\"--awb-padding-top:30px;--awb-padding-right:30px;--awb-padding-bottom:30px;--awb-padding-left:30px;--awb-bg-color:#fbf5ea;--awb-bg-color-hover:#fbf5ea;--awb-bg-size:cover;--awb-border-color:#fbf5ea;--awb-border-top:1px;--awb-border-right:1px;--awb-border-bottom:1px;--awb-border-left:1px;--awb-border-style:solid;--awb-width-large:33.333333333333%;--awb-margin-top-large:0px;--awb-spacing-right-large:5.76%;--awb-margin-bottom-large:0px;--awb-spacing-left-large:5.76%;--awb-width-medium:33.333333333333%;--awb-order-medium:0;--awb-spacing-right-medium:5.76%;--awb-spacing-left-medium:5.76%;--awb-width-small:100%;--awb-order-small:0;--awb-spacing-right-small:1.92%;--awb-margin-bottom-small:20px;--awb-spacing-left-small:1.92%;\" data-animationType=\"fadeInLeft\" data-animationDuration=\"1.0\" data-animationOffset=\"top-into-view\"><div class=\"fusion-column-wrapper fusion-column-has-shadow fusion-flex-justify-content-flex-start fusion-content-layout-column\"><i class=\"fb-icon-element-2 fb-icon-element fontawesome-icon fa-newspaper fas circle-no fusion-text-flow\" style=\"--awb-iconcolor:#435054;--awb-iconcolor-hover:#435054;--awb-font-size:26px;--awb-margin-right:13px;\"><\/i><div class=\"fusion-title title fusion-title-2 fusion-sep-none fusion-title-highlight fusion-loop-off fusion-highlight-circle fusion-title-size-four\" style=\"--awb-text-color:#435054;--awb-highlight-width:8;--awb-margin-bottom:10px;\" data-highlight=\"circle\"><h4 class=\"title-heading-left\" style=\"margin:0;\"><span class=\"fusion-highlighted-text-prefix\"><\/span>  <span class=\"fusion-highlighted-text-postfix\"><\/span><\/h4><\/div><div class=\"fusion-title title fusion-title-3 fusion-sep-none fusion-title-text fusion-title-size-four\" style=\"--awb-text-color:#435054;--awb-margin-bottom:20px;\"><h4 class=\"title-heading-left\" style=\"margin:0;\">Neue Beitr\u00e4ge<\/h4><\/div><div class=\"fusion-blog-shortcode fusion-blog-shortcode-1 fusion-blog-archive fusion-blog-layout-medium-alternate fusion-blog-no\"><div class=\"fusion-posts-container fusion-posts-container-no\" data-pages=\"94\"><article id=\"blog-1-post-419452\" class=\"fusion-post-medium-alternate post-419452 post type-post status-publish format-standard has-post-thumbnail hentry category-ehrenamt category-gemeinde-paulinenaue category-selbelang tag-ehrenamt\">\n<div class=\"fusion-date-and-formats\"><div class=\"fusion-date-box updated\"><span class=\"fusion-date\">25<\/span><span class=\"fusion-month-year\">04, 2026<\/span><\/div><div class=\"fusion-format-box\"><i class=\"awb-icon-pen\" aria-hidden=\"true\"><\/i><\/div><\/div>\t<style type=\"text\/css\">\n\t\t\n\t\t\n\t\t\n\t\t\n\t\t\t<\/style>\n\n\n\t\t\t<div class=\"fusion-flexslider flexslider fusion-flexslider-loading fusion-post-slideshow\" style=\"\">\n\t\t<ul class=\"slides\">\n\t\t\t\n\t\t\t\t\t\t\t\t\t\t\t\t\t\t<li><div  class=\"fusion-image-wrapper fusion-image-size-fixed\" aria-haspopup=\"true\">\n\t\t\t\t\t\t\t<a href=\"https:\/\/paulinenaue.info\/index.php\/havellaendische-ehrenamtsmedaille-fuer-erich-ball\/\" aria-label=\"Havell\u00e4ndische Ehrenamtsmedaille f\u00fcr Erich Ball\">\n\t\t\t\t\t\t\t<img decoding=\"async\" width=\"320\" height=\"202\" src=\"https:\/\/paulinenaue.info\/wp-content\/uploads\/2026\/04\/Ball_E-Website-1-320x202.jpg\" class=\"attachment-blog-medium size-blog-medium lazyload wp-post-image\" alt=\"\" srcset=\"data:image\/svg+xml,%3Csvg%20xmlns%3D%27http%3A%2F%2Fwww.w3.org%2F2000%2Fsvg%27%20width%3D%271280%27%20height%3D%271920%27%20viewBox%3D%270%200%201280%201920%27%3E%3Crect%20width%3D%271280%27%20height%3D%271920%27%20fill-opacity%3D%220%22%2F%3E%3C%2Fsvg%3E\" data-orig-src=\"https:\/\/paulinenaue.info\/wp-content\/uploads\/2026\/04\/Ball_E-Website-1-320x202.jpg\" data-srcset=\"https:\/\/paulinenaue.info\/wp-content\/uploads\/2026\/04\/Ball_E-Website-1-320x202.jpg 320w, https:\/\/paulinenaue.info\/wp-content\/uploads\/2026\/04\/Ball_E-Website-1-700x441.jpg 700w\" data-sizes=\"auto\" data-attachment-id=\"419457\" data-permalink=\"https:\/\/paulinenaue.info\/index.php\/havellaendische-ehrenamtsmedaille-fuer-erich-ball\/ball_e-website-2\/\" data-orig-file=\"https:\/\/paulinenaue.info\/wp-content\/uploads\/2026\/04\/Ball_E-Website-1.jpg\" data-orig-size=\"1280,1920\" data-comments-opened=\"1\" data-image-meta=\"{&quot;aperture&quot;:&quot;0&quot;,&quot;credit&quot;:&quot;&quot;,&quot;camera&quot;:&quot;&quot;,&quot;caption&quot;:&quot;&quot;,&quot;created_timestamp&quot;:&quot;1403031505&quot;,&quot;copyright&quot;:&quot;&quot;,&quot;focal_length&quot;:&quot;0&quot;,&quot;iso&quot;:&quot;0&quot;,&quot;shutter_speed&quot;:&quot;0&quot;,&quot;title&quot;:&quot;&quot;,&quot;orientation&quot;:&quot;1&quot;}\" data-image-title=\"Ball_E-Website\" data-image-description=\"\" data-image-caption=\"\" data-large-file=\"https:\/\/paulinenaue.info\/wp-content\/uploads\/2026\/04\/Ball_E-Website-1-683x1024.jpg\" \/>\t\t\t<\/a>\n\t\t\t\t\t\t\t<\/div>\n<\/li>\n\t\t\t\n\t\t\t\n\t\t\t\t\t\t\t\t\t\t\t\t\t\t\t\t\t\t\t\t\t\t\t\t\t\t\t\t\t\t\t\t\t\t\t\t\t\t\t\t\t\t\t\t\t\t\t\t\t\t\t\t\t\t\t\t\t\t\t\t\t\t\t\t\t\t\t\t<\/ul>\n\t<\/div>\n\t<div class=\"fusion-post-content post-content\"><h2 class=\"blog-shortcode-post-title entry-title\"><a href=\"https:\/\/paulinenaue.info\/index.php\/havellaendische-ehrenamtsmedaille-fuer-erich-ball\/\">Havell\u00e4ndische Ehrenamtsmedaille f\u00fcr Erich Ball<\/a><\/h2><p class=\"fusion-single-line-meta\"><span class=\"updated\" style=\"display:none;\">2026-04-25T09:16:33+02:00<\/span>By <span class=\"vcard\"><span class=\"fn\"><a href=\"https:\/\/paulinenaue.info\/index.php\/author\/eckhard-vierjahn\/\" title=\"Beitr\u00e4ge von Eckhard Vierjahn\" rel=\"author\">Eckhard Vierjahn<\/a><\/span><\/span><span class=\"fusion-inline-sep\">|<\/span><\/p><div class=\"fusion-post-content-container\"><p>Am 17. April 2026 zeichnete Landrat Roger Lewandowski auf Schloss [...]<\/p><\/div><\/div><div class=\"fusion-clearfix\"><\/div><\/article>\n<article id=\"blog-1-post-419395\" class=\"fusion-post-medium-alternate post-419395 post type-post status-publish format-standard has-post-thumbnail hentry category-allgemein category-dorfentwicklung category-institut category-wetterereignisse category-wissenschaft tag-institut-paulinenaue tag-klimawandel tag-wettermessungen tag-wetterstation\">\n<div class=\"fusion-date-and-formats\"><div class=\"fusion-date-box updated\"><span class=\"fusion-date\">19<\/span><span class=\"fusion-month-year\">04, 2026<\/span><\/div><div class=\"fusion-format-box\"><i class=\"awb-icon-pen\" aria-hidden=\"true\"><\/i><\/div><\/div>\t<style type=\"text\/css\">\n\t\t\n\t\t\n\t\t\n\t\t\n\t\t\t<\/style>\n\n\n\t\t\t<div class=\"fusion-flexslider flexslider fusion-flexslider-loading fusion-post-slideshow\" style=\"\">\n\t\t<ul class=\"slides\">\n\t\t\t\n\t\t\t\t\t\t\t\t\t\t\t\t\t\t<li><div  class=\"fusion-image-wrapper fusion-image-size-fixed\" aria-haspopup=\"true\">\n\t\t\t\t\t\t\t<a href=\"https:\/\/paulinenaue.info\/index.php\/75-jahre-wetteraufzeichnungen-in-paulinenaue\/\" aria-label=\"75 Jahre Wetteraufzeichnungen in Paulinenaue\">\n\t\t\t\t\t\t\t<img decoding=\"async\" width=\"320\" height=\"202\" src=\"https:\/\/paulinenaue.info\/wp-content\/uploads\/2026\/04\/Wetterstation_02-320x202.jpg\" class=\"attachment-blog-medium size-blog-medium lazyload wp-post-image\" alt=\"\" srcset=\"data:image\/svg+xml,%3Csvg%20xmlns%3D%27http%3A%2F%2Fwww.w3.org%2F2000%2Fsvg%27%20width%3D%27772%27%20height%3D%271000%27%20viewBox%3D%270%200%20772%201000%27%3E%3Crect%20width%3D%27772%27%20height%3D%271000%27%20fill-opacity%3D%220%22%2F%3E%3C%2Fsvg%3E\" data-orig-src=\"https:\/\/paulinenaue.info\/wp-content\/uploads\/2026\/04\/Wetterstation_02-320x202.jpg\" data-srcset=\"https:\/\/paulinenaue.info\/wp-content\/uploads\/2026\/04\/Wetterstation_02-320x202.jpg 320w, https:\/\/paulinenaue.info\/wp-content\/uploads\/2026\/04\/Wetterstation_02-700x441.jpg 700w\" data-sizes=\"auto\" data-attachment-id=\"419430\" data-permalink=\"https:\/\/paulinenaue.info\/index.php\/75-jahre-wetteraufzeichnungen-in-paulinenaue\/wetterstation_02\/\" data-orig-file=\"https:\/\/paulinenaue.info\/wp-content\/uploads\/2026\/04\/Wetterstation_02.jpg\" data-orig-size=\"772,1000\" data-comments-opened=\"1\" data-image-meta=\"{&quot;aperture&quot;:&quot;0&quot;,&quot;credit&quot;:&quot;&quot;,&quot;camera&quot;:&quot;&quot;,&quot;caption&quot;:&quot;&quot;,&quot;created_timestamp&quot;:&quot;0&quot;,&quot;copyright&quot;:&quot;&quot;,&quot;focal_length&quot;:&quot;0&quot;,&quot;iso&quot;:&quot;0&quot;,&quot;shutter_speed&quot;:&quot;0&quot;,&quot;title&quot;:&quot;&quot;,&quot;orientation&quot;:&quot;0&quot;}\" data-image-title=\"Wetterstation_02\" data-image-description=\"\" data-image-caption=\"\" data-large-file=\"https:\/\/paulinenaue.info\/wp-content\/uploads\/2026\/04\/Wetterstation_02.jpg\" \/>\t\t\t<\/a>\n\t\t\t\t\t\t\t<\/div>\n<\/li>\n\t\t\t\n\t\t\t\n\t\t\t\t\t\t\t\t\t\t\t\t\t\t\t\t\t\t\t\t\t\t\t\t\t\t\t\t\t\t\t\t\t\t\t\t\t\t\t\t\t\t\t\t\t\t\t\t\t\t\t\t\t\t\t\t\t\t\t\t\t\t\t\t\t\t\t\t<\/ul>\n\t<\/div>\n\t<div class=\"fusion-post-content post-content\"><h2 class=\"blog-shortcode-post-title entry-title\"><a href=\"https:\/\/paulinenaue.info\/index.php\/75-jahre-wetteraufzeichnungen-in-paulinenaue\/\">75 Jahre Wetteraufzeichnungen in Paulinenaue<\/a><\/h2><p class=\"fusion-single-line-meta\"><span class=\"updated\" style=\"display:none;\">2026-04-19T10:45:10+02:00<\/span>By <span class=\"vcard\"><span class=\"fn\"><a href=\"https:\/\/paulinenaue.info\/index.php\/author\/jjscholz\/\" title=\"Beitr\u00e4ge von Joachim Scholz\" rel=\"author\">Joachim Scholz<\/a><\/span><\/span><span class=\"fusion-inline-sep\">|<\/span><\/p><div class=\"fusion-post-content-container\"><p>Text und Grafiken: Karl-Heinz Wellenbrock 75 Jahre Wetteraufzeichnungen haben wir [...]<\/p><\/div><\/div><div class=\"fusion-clearfix\"><\/div><\/article>\n<article id=\"blog-1-post-419384\" class=\"fusion-post-medium-alternate post-419384 post type-post status-publish format-standard has-post-thumbnail hentry category-allgemein category-hier-zuhause category-kanal category-natur category-vereine tag-angeln\">\n<div class=\"fusion-date-and-formats\"><div class=\"fusion-date-box updated\"><span class=\"fusion-date\">13<\/span><span class=\"fusion-month-year\">04, 2026<\/span><\/div><div class=\"fusion-format-box\"><i class=\"awb-icon-pen\" aria-hidden=\"true\"><\/i><\/div><\/div>\t<style type=\"text\/css\">\n\t\t\n\t\t\n\t\t\n\t\t\n\t\t\t<\/style>\n\n\n\t\t\t<div class=\"fusion-flexslider flexslider fusion-flexslider-loading fusion-post-slideshow\" style=\"\">\n\t\t<ul class=\"slides\">\n\t\t\t\n\t\t\t\t\t\t\t\t\t\t\t\t\t\t<li><div  class=\"fusion-image-wrapper fusion-image-size-fixed\" aria-haspopup=\"true\">\n\t\t\t\t\t\t\t<a href=\"https:\/\/paulinenaue.info\/index.php\/anangeln-sportfischerverein-paulinenaue-1951-e-v\/\" aria-label=\"Anangeln &#8211; Sportfischerverein Paulinenaue 1951 e.V.\">\n\t\t\t\t\t\t\t<img decoding=\"async\" width=\"320\" height=\"202\" src=\"https:\/\/paulinenaue.info\/wp-content\/uploads\/2026\/04\/2026-04-11-Anangeln-SFV-Platzierte-320x202.jpg\" class=\"attachment-blog-medium size-blog-medium lazyload wp-post-image\" alt=\"\" srcset=\"data:image\/svg+xml,%3Csvg%20xmlns%3D%27http%3A%2F%2Fwww.w3.org%2F2000%2Fsvg%27%20width%3D%272560%27%20height%3D%272143%27%20viewBox%3D%270%200%202560%202143%27%3E%3Crect%20width%3D%272560%27%20height%3D%272143%27%20fill-opacity%3D%220%22%2F%3E%3C%2Fsvg%3E\" data-orig-src=\"https:\/\/paulinenaue.info\/wp-content\/uploads\/2026\/04\/2026-04-11-Anangeln-SFV-Platzierte-320x202.jpg\" data-srcset=\"https:\/\/paulinenaue.info\/wp-content\/uploads\/2026\/04\/2026-04-11-Anangeln-SFV-Platzierte-320x202.jpg 320w, https:\/\/paulinenaue.info\/wp-content\/uploads\/2026\/04\/2026-04-11-Anangeln-SFV-Platzierte-700x441.jpg 700w\" data-sizes=\"auto\" data-attachment-id=\"419385\" data-permalink=\"https:\/\/paulinenaue.info\/index.php\/anangeln-sportfischerverein-paulinenaue-1951-e-v\/2026-04-11-anangeln-sfv-platzierte\/\" data-orig-file=\"https:\/\/paulinenaue.info\/wp-content\/uploads\/2026\/04\/2026-04-11-Anangeln-SFV-Platzierte-scaled.jpg\" data-orig-size=\"2560,2143\" data-comments-opened=\"1\" data-image-meta=\"{&quot;aperture&quot;:&quot;0&quot;,&quot;credit&quot;:&quot;&quot;,&quot;camera&quot;:&quot;&quot;,&quot;caption&quot;:&quot;&quot;,&quot;created_timestamp&quot;:&quot;1775925059&quot;,&quot;copyright&quot;:&quot;&quot;,&quot;focal_length&quot;:&quot;0&quot;,&quot;iso&quot;:&quot;0&quot;,&quot;shutter_speed&quot;:&quot;0&quot;,&quot;title&quot;:&quot;&quot;,&quot;orientation&quot;:&quot;1&quot;}\" data-image-title=\"2026-04-11 &amp;#8211; Anangeln SFV Platzierte\" data-image-description=\"\" data-image-caption=\"\" data-large-file=\"https:\/\/paulinenaue.info\/wp-content\/uploads\/2026\/04\/2026-04-11-Anangeln-SFV-Platzierte-1024x857.jpg\" \/>\t\t\t<\/a>\n\t\t\t\t\t\t\t<\/div>\n<\/li>\n\t\t\t\n\t\t\t\n\t\t\t\t\t\t\t\t\t\t\t\t\t\t\t\t\t\t\t\t\t\t\t\t\t\t\t\t\t\t\t\t\t\t\t\t\t\t\t\t\t\t\t\t\t\t\t\t\t\t\t\t\t\t\t\t\t\t\t\t\t\t\t\t\t\t\t\t<\/ul>\n\t<\/div>\n\t<div class=\"fusion-post-content post-content\"><h2 class=\"blog-shortcode-post-title entry-title\"><a href=\"https:\/\/paulinenaue.info\/index.php\/anangeln-sportfischerverein-paulinenaue-1951-e-v\/\">Anangeln &#8211; Sportfischerverein Paulinenaue 1951 e.V.<\/a><\/h2><p class=\"fusion-single-line-meta\"><span class=\"updated\" style=\"display:none;\">2026-04-19T02:09:40+02:00<\/span>By <span class=\"vcard\"><span class=\"fn\"><a href=\"https:\/\/paulinenaue.info\/index.php\/author\/eckhard-vierjahn\/\" title=\"Beitr\u00e4ge von Eckhard Vierjahn\" rel=\"author\">Eckhard Vierjahn<\/a><\/span><\/span><span class=\"fusion-inline-sep\">|<\/span><\/p><div class=\"fusion-post-content-container\"><p>Petri Heil und Petri Dank Mit dem Anglergru\u00df \u201ePetri Heil\u201c [...]<\/p><\/div><\/div><div class=\"fusion-clearfix\"><\/div><\/article>\n<article id=\"blog-1-post-419376\" class=\"fusion-post-medium-alternate post-419376 post type-post status-publish format-standard has-post-thumbnail hentry category-allgemein category-ehrenamt category-gemeinde-paulinenaue category-neuigkeiten category-veranstaltungen tag-bahnhof tag-fruehjahrsputz\">\n<div class=\"fusion-date-and-formats\"><div class=\"fusion-date-box updated\"><span class=\"fusion-date\">12<\/span><span class=\"fusion-month-year\">04, 2026<\/span><\/div><div class=\"fusion-format-box\"><i class=\"awb-icon-pen\" aria-hidden=\"true\"><\/i><\/div><\/div>\t<style type=\"text\/css\">\n\t\t\n\t\t\n\t\t\n\t\t\n\t\t\t<\/style>\n\n\n\t\t\t<div class=\"fusion-flexslider flexslider fusion-flexslider-loading fusion-post-slideshow\" style=\"\">\n\t\t<ul class=\"slides\">\n\t\t\t\n\t\t\t\t\t\t\t\t\t\t\t\t\t\t<li><div  class=\"fusion-image-wrapper fusion-image-size-fixed\" aria-haspopup=\"true\">\n\t\t\t\t\t\t\t<a href=\"https:\/\/paulinenaue.info\/index.php\/fruehjahrsputz-2026\/\" aria-label=\"Fr\u00fchjahrsputz 2026\">\n\t\t\t\t\t\t\t<img decoding=\"async\" width=\"320\" height=\"202\" src=\"https:\/\/paulinenaue.info\/wp-content\/uploads\/2026\/04\/IMG-20260328-WA0004-320x202.jpg\" class=\"attachment-blog-medium size-blog-medium lazyload wp-post-image\" alt=\"\" srcset=\"data:image\/svg+xml,%3Csvg%20xmlns%3D%27http%3A%2F%2Fwww.w3.org%2F2000%2Fsvg%27%20width%3D%271600%27%20height%3D%271200%27%20viewBox%3D%270%200%201600%201200%27%3E%3Crect%20width%3D%271600%27%20height%3D%271200%27%20fill-opacity%3D%220%22%2F%3E%3C%2Fsvg%3E\" data-orig-src=\"https:\/\/paulinenaue.info\/wp-content\/uploads\/2026\/04\/IMG-20260328-WA0004-320x202.jpg\" data-srcset=\"https:\/\/paulinenaue.info\/wp-content\/uploads\/2026\/04\/IMG-20260328-WA0004-320x202.jpg 320w, https:\/\/paulinenaue.info\/wp-content\/uploads\/2026\/04\/IMG-20260328-WA0004-700x441.jpg 700w\" data-sizes=\"auto\" data-attachment-id=\"419377\" data-permalink=\"https:\/\/paulinenaue.info\/index.php\/fruehjahrsputz-2026\/img-20260328-wa0004\/\" data-orig-file=\"https:\/\/paulinenaue.info\/wp-content\/uploads\/2026\/04\/IMG-20260328-WA0004.jpg\" data-orig-size=\"1600,1200\" data-comments-opened=\"1\" data-image-meta=\"{&quot;aperture&quot;:&quot;0&quot;,&quot;credit&quot;:&quot;&quot;,&quot;camera&quot;:&quot;&quot;,&quot;caption&quot;:&quot;&quot;,&quot;created_timestamp&quot;:&quot;0&quot;,&quot;copyright&quot;:&quot;&quot;,&quot;focal_length&quot;:&quot;0&quot;,&quot;iso&quot;:&quot;0&quot;,&quot;shutter_speed&quot;:&quot;0&quot;,&quot;title&quot;:&quot;&quot;,&quot;orientation&quot;:&quot;0&quot;}\" data-image-title=\"IMG-20260328-WA0004\" data-image-description=\"\" data-image-caption=\"\" data-large-file=\"https:\/\/paulinenaue.info\/wp-content\/uploads\/2026\/04\/IMG-20260328-WA0004-1024x768.jpg\" \/>\t\t\t<\/a>\n\t\t\t\t\t\t\t<\/div>\n<\/li>\n\t\t\t\n\t\t\t\n\t\t\t\t\t\t\t\t\t\t\t\t\t\t\t\t\t\t\t\t\t\t\t\t\t\t\t\t\t\t\t\t\t\t\t\t\t\t\t\t\t\t\t\t\t\t\t\t\t\t\t\t\t\t\t\t\t\t\t\t\t\t\t\t\t\t\t\t<\/ul>\n\t<\/div>\n\t<div class=\"fusion-post-content post-content\"><h2 class=\"blog-shortcode-post-title entry-title\"><a href=\"https:\/\/paulinenaue.info\/index.php\/fruehjahrsputz-2026\/\">Fr\u00fchjahrsputz 2026<\/a><\/h2><p class=\"fusion-single-line-meta\"><span class=\"updated\" style=\"display:none;\">2026-04-12T12:12:28+02:00<\/span>By <span class=\"vcard\"><span class=\"fn\"><a href=\"https:\/\/paulinenaue.info\/index.php\/author\/sarah\/\" title=\"Beitr\u00e4ge von Sarah\" rel=\"author\">Sarah<\/a><\/span><\/span><span class=\"fusion-inline-sep\">|<\/span><\/p><div class=\"fusion-post-content-container\"><p>Auch in diesem Jahr hat die Gemeindevertretung wieder zum Fr\u00fchjahrsputz [...]<\/p><\/div><\/div><div class=\"fusion-clearfix\"><\/div><\/article>\n<\/div><\/div><\/div><\/div><div class=\"fusion-layout-column fusion_builder_column fusion-builder-column-2 fusion_builder_column_1_3 1_3 fusion-flex-column fusion-flex-align-self-stretch box-flex fusion-animated\" style=\"--awb-padding-top:33px;--awb-padding-right:30px;--awb-padding-bottom:30px;--awb-padding-left:30px;--awb-bg-color:#fbf5ea;--awb-bg-color-hover:#fbf5ea;--awb-bg-size:cover;--awb-border-color:#fbf5ea;--awb-border-top:1px;--awb-border-right:1px;--awb-border-bottom:1px;--awb-border-left:1px;--awb-border-style:solid;--awb-width-large:33.333333333333%;--awb-margin-top-large:0px;--awb-spacing-right-large:5.76%;--awb-margin-bottom-large:0px;--awb-spacing-left-large:5.76%;--awb-width-medium:33.333333333333%;--awb-order-medium:0;--awb-spacing-right-medium:5.76%;--awb-spacing-left-medium:5.76%;--awb-width-small:100%;--awb-order-small:0;--awb-spacing-right-small:1.92%;--awb-margin-bottom-small:20px;--awb-spacing-left-small:1.92%;\" data-animationType=\"fadeInLeft\" data-animationDuration=\"1.0\" data-animationOffset=\"top-into-view\"><div class=\"fusion-column-wrapper fusion-column-has-shadow fusion-flex-justify-content-flex-start fusion-content-layout-column\"><i class=\"fb-icon-element-3 fb-icon-element fontawesome-icon fa-info fas circle-no fusion-text-flow\" style=\"--awb-iconcolor:#435054;--awb-iconcolor-hover:#435054;--awb-font-size:26px;--awb-margin-right:13px;\"><\/i><div class=\"fusion-title title fusion-title-4 fusion-sep-none fusion-title-text fusion-title-size-four\" style=\"--awb-text-color:#435054;--awb-margin-bottom:20px;\"><h4 class=\"title-heading-left\" style=\"margin:0;\">Schwarzes Brett<\/h4><\/div><div class=\"fusion-events-shortcode fusion-events-shortcode-1\" style=\"margin-left: -7.5px;margin-right: -7.5px;\"><div class=\"fusion-events-wrapper\" data-pages=\"3\"><div class=\"fusion-events-post fusion-spacing-no fusion-full-one fusion-layout-column fusion-column-last\" style=\"padding:7.5px\"><div class=\"fusion-column-wrapper\"><div class=\"fusion-events-thumbnail hover-type-none\"><a href=\"https:\/\/paulinenaue.info\/index.php\/event\/oeffentliche-sitzung-der-gemeindevertretung-3\/\" class=\"url\" rel=\"bookmark\" aria-label=\"\u00d6ffentliche Sitzung der Gemeindevertretung\"><img decoding=\"async\" width=\"1320\" height=\"520\" src=\"https:\/\/paulinenaue.info\/wp-content\/uploads\/2026\/01\/Logo-Bahnhof-und-Kuhkopf-Vase.jpg\" class=\"attachment-full size-full lazyload wp-post-image\" alt=\"\" srcset=\"data:image\/svg+xml,%3Csvg%20xmlns%3D%27http%3A%2F%2Fwww.w3.org%2F2000%2Fsvg%27%20width%3D%271320%27%20height%3D%27520%27%20viewBox%3D%270%200%201320%20520%27%3E%3Crect%20width%3D%271320%27%20height%3D%27520%27%20fill-opacity%3D%220%22%2F%3E%3C%2Fsvg%3E\" data-orig-src=\"https:\/\/paulinenaue.info\/wp-content\/uploads\/2026\/01\/Logo-Bahnhof-und-Kuhkopf-Vase.jpg\" data-srcset=\"https:\/\/paulinenaue.info\/wp-content\/uploads\/2026\/01\/Logo-Bahnhof-und-Kuhkopf-Vase-200x79.jpg 200w, https:\/\/paulinenaue.info\/wp-content\/uploads\/2026\/01\/Logo-Bahnhof-und-Kuhkopf-Vase-400x158.jpg 400w, https:\/\/paulinenaue.info\/wp-content\/uploads\/2026\/01\/Logo-Bahnhof-und-Kuhkopf-Vase-600x236.jpg 600w, https:\/\/paulinenaue.info\/wp-content\/uploads\/2026\/01\/Logo-Bahnhof-und-Kuhkopf-Vase-800x315.jpg 800w, https:\/\/paulinenaue.info\/wp-content\/uploads\/2026\/01\/Logo-Bahnhof-und-Kuhkopf-Vase-1200x473.jpg 1200w, https:\/\/paulinenaue.info\/wp-content\/uploads\/2026\/01\/Logo-Bahnhof-und-Kuhkopf-Vase.jpg 1320w\" data-sizes=\"auto\" data-attachment-id=\"418717\" data-permalink=\"https:\/\/paulinenaue.info\/index.php\/event\/oeffentliche-sitzung-der-gemeindevertretung\/logo-bahnhof-und-kuhkopf-vase\/\" data-orig-file=\"https:\/\/paulinenaue.info\/wp-content\/uploads\/2026\/01\/Logo-Bahnhof-und-Kuhkopf-Vase.jpg\" data-orig-size=\"1320,520\" data-comments-opened=\"1\" data-image-meta=\"{&quot;aperture&quot;:&quot;0&quot;,&quot;credit&quot;:&quot;&quot;,&quot;camera&quot;:&quot;&quot;,&quot;caption&quot;:&quot;&quot;,&quot;created_timestamp&quot;:&quot;0&quot;,&quot;copyright&quot;:&quot;&quot;,&quot;focal_length&quot;:&quot;0&quot;,&quot;iso&quot;:&quot;0&quot;,&quot;shutter_speed&quot;:&quot;0&quot;,&quot;title&quot;:&quot;&quot;,&quot;orientation&quot;:&quot;0&quot;}\" data-image-title=\"Logo Bahnhof und Kuhkopf Vase\" data-image-description=\"\" data-image-caption=\"\" data-large-file=\"https:\/\/paulinenaue.info\/wp-content\/uploads\/2026\/01\/Logo-Bahnhof-und-Kuhkopf-Vase-1024x403.jpg\" \/><\/a><\/div><div class=\"fusion-events-content-wrapper\" style=\"padding:0px 0px 0px 0px;\"><div class=\"fusion-events-meta\"><h2><a href=\"https:\/\/paulinenaue.info\/index.php\/event\/oeffentliche-sitzung-der-gemeindevertretung-3\/\" class=\"url\" rel=\"bookmark\">\u00d6ffentliche Sitzung der Gemeindevertretung<\/a><\/h2><h4><span class=\"tribe-event-date-start\">Mai 4 @ 19:00<\/span><\/h4><\/div><\/div><\/div><\/div><div class=\"fusion-clearfix\"><\/div><div class=\"fusion-events-post fusion-spacing-no fusion-full-one fusion-layout-column fusion-column-last\" style=\"padding:7.5px\"><div class=\"fusion-column-wrapper\"><div class=\"fusion-events-thumbnail hover-type-none\"><a href=\"https:\/\/paulinenaue.info\/index.php\/event\/die-chronik-von-jahnberge\/\" class=\"url\" rel=\"bookmark\" aria-label=\"Die Chronik von Jahnberge\"><img decoding=\"async\" width=\"787\" height=\"1106\" src=\"https:\/\/paulinenaue.info\/wp-content\/uploads\/2026\/04\/2026-05-08-Jahnberge-JPG.jpg\" class=\"attachment-full size-full lazyload wp-post-image\" alt=\"\" srcset=\"data:image\/svg+xml,%3Csvg%20xmlns%3D%27http%3A%2F%2Fwww.w3.org%2F2000%2Fsvg%27%20width%3D%27787%27%20height%3D%271106%27%20viewBox%3D%270%200%20787%201106%27%3E%3Crect%20width%3D%27787%27%20height%3D%271106%27%20fill-opacity%3D%220%22%2F%3E%3C%2Fsvg%3E\" data-orig-src=\"https:\/\/paulinenaue.info\/wp-content\/uploads\/2026\/04\/2026-05-08-Jahnberge-JPG.jpg\" data-srcset=\"https:\/\/paulinenaue.info\/wp-content\/uploads\/2026\/04\/2026-05-08-Jahnberge-JPG-200x281.jpg 200w, https:\/\/paulinenaue.info\/wp-content\/uploads\/2026\/04\/2026-05-08-Jahnberge-JPG-400x562.jpg 400w, https:\/\/paulinenaue.info\/wp-content\/uploads\/2026\/04\/2026-05-08-Jahnberge-JPG-600x843.jpg 600w, https:\/\/paulinenaue.info\/wp-content\/uploads\/2026\/04\/2026-05-08-Jahnberge-JPG.jpg 787w\" data-sizes=\"auto\" data-attachment-id=\"419471\" data-permalink=\"https:\/\/paulinenaue.info\/index.php\/event\/die-chronik-von-jahnberge\/2026-05-08-jahnberge-jpg\/\" data-orig-file=\"https:\/\/paulinenaue.info\/wp-content\/uploads\/2026\/04\/2026-05-08-Jahnberge-JPG.jpg\" data-orig-size=\"787,1106\" data-comments-opened=\"1\" data-image-meta=\"{&quot;aperture&quot;:&quot;0&quot;,&quot;credit&quot;:&quot;&quot;,&quot;camera&quot;:&quot;&quot;,&quot;caption&quot;:&quot;&quot;,&quot;created_timestamp&quot;:&quot;0&quot;,&quot;copyright&quot;:&quot;&quot;,&quot;focal_length&quot;:&quot;0&quot;,&quot;iso&quot;:&quot;0&quot;,&quot;shutter_speed&quot;:&quot;0&quot;,&quot;title&quot;:&quot;&quot;,&quot;orientation&quot;:&quot;0&quot;}\" data-image-title=\"2026-05-08 Jahnberge JPG\" data-image-description=\"\" data-image-caption=\"\" data-large-file=\"https:\/\/paulinenaue.info\/wp-content\/uploads\/2026\/04\/2026-05-08-Jahnberge-JPG-729x1024.jpg\" \/><\/a><\/div><div class=\"fusion-events-content-wrapper\" style=\"padding:0px 0px 0px 0px;\"><div class=\"fusion-events-meta\"><h2><a href=\"https:\/\/paulinenaue.info\/index.php\/event\/die-chronik-von-jahnberge\/\" class=\"url\" rel=\"bookmark\">Die Chronik von Jahnberge<\/a><\/h2><h4><span class=\"tribe-event-date-start\">Mai 8 @ 18:30<\/span> - <span class=\"tribe-event-time\">21:00<\/span><\/h4><\/div><\/div><\/div><\/div><div class=\"fusion-clearfix\"><\/div><div class=\"fusion-events-post fusion-spacing-no fusion-full-one fusion-layout-column fusion-column-last\" style=\"padding:7.5px\"><div class=\"fusion-column-wrapper\"><div class=\"fusion-events-thumbnail hover-type-none\"><a href=\"https:\/\/paulinenaue.info\/index.php\/event\/dorffest-2026\/\" class=\"url\" rel=\"bookmark\" aria-label=\"Dorffest Paulinenaue 2026\"><img decoding=\"async\" width=\"400\" height=\"178\" src=\"https:\/\/paulinenaue.info\/wp-content\/uploads\/2025\/10\/Dorffest_Ankuendigung-2026.png\" class=\"attachment-full size-full lazyload wp-post-image\" alt=\"\" srcset=\"data:image\/svg+xml,%3Csvg%20xmlns%3D%27http%3A%2F%2Fwww.w3.org%2F2000%2Fsvg%27%20width%3D%27400%27%20height%3D%27178%27%20viewBox%3D%270%200%20400%20178%27%3E%3Crect%20width%3D%27400%27%20height%3D%27178%27%20fill-opacity%3D%220%22%2F%3E%3C%2Fsvg%3E\" data-orig-src=\"https:\/\/paulinenaue.info\/wp-content\/uploads\/2025\/10\/Dorffest_Ankuendigung-2026.png\" data-srcset=\"https:\/\/paulinenaue.info\/wp-content\/uploads\/2025\/10\/Dorffest_Ankuendigung-2026-200x89.png 200w, https:\/\/paulinenaue.info\/wp-content\/uploads\/2025\/10\/Dorffest_Ankuendigung-2026.png 400w\" data-sizes=\"auto\" data-attachment-id=\"418424\" data-permalink=\"https:\/\/paulinenaue.info\/index.php\/event\/dorffest-2026\/dorffest_ankuendigung-2026\/\" data-orig-file=\"https:\/\/paulinenaue.info\/wp-content\/uploads\/2025\/10\/Dorffest_Ankuendigung-2026.png\" data-orig-size=\"400,178\" data-comments-opened=\"1\" data-image-meta=\"{&quot;aperture&quot;:&quot;0&quot;,&quot;credit&quot;:&quot;&quot;,&quot;camera&quot;:&quot;&quot;,&quot;caption&quot;:&quot;&quot;,&quot;created_timestamp&quot;:&quot;0&quot;,&quot;copyright&quot;:&quot;&quot;,&quot;focal_length&quot;:&quot;0&quot;,&quot;iso&quot;:&quot;0&quot;,&quot;shutter_speed&quot;:&quot;0&quot;,&quot;title&quot;:&quot;&quot;,&quot;orientation&quot;:&quot;0&quot;}\" data-image-title=\"Dorffest_Ank\u00fcndigung 2026\" data-image-description=\"\" data-image-caption=\"\" data-large-file=\"https:\/\/paulinenaue.info\/wp-content\/uploads\/2025\/10\/Dorffest_Ankuendigung-2026.png\" \/><\/a><\/div><div class=\"fusion-events-content-wrapper\" style=\"padding:0px 0px 0px 0px;\"><div class=\"fusion-events-meta\"><h2><a href=\"https:\/\/paulinenaue.info\/index.php\/event\/dorffest-2026\/\" class=\"url\" rel=\"bookmark\">Dorffest Paulinenaue 2026<\/a><\/h2><h4><span class=\"tribe-event-date-start\">Mai 30 @ 14:00<\/span> - <span class=\"tribe-event-time\">23:00<\/span><\/h4><\/div><\/div><\/div><\/div><div class=\"fusion-clearfix\"><\/div><div class=\"fusion-events-post fusion-spacing-no fusion-full-one fusion-layout-column fusion-column-last\" style=\"padding:7.5px\"><div class=\"fusion-column-wrapper\"><div class=\"fusion-events-thumbnail hover-type-none\"><a href=\"https:\/\/paulinenaue.info\/index.php\/event\/quartalstreffen\/\" class=\"url\" rel=\"bookmark\" aria-label=\"Quartalstreffen\"><img decoding=\"async\" width=\"1280\" height=\"623\" src=\"https:\/\/paulinenaue.info\/wp-content\/uploads\/2026\/03\/Logo-Bahnhof-von-Achim.jpg\" class=\"attachment-full size-full lazyload wp-post-image\" alt=\"\" srcset=\"data:image\/svg+xml,%3Csvg%20xmlns%3D%27http%3A%2F%2Fwww.w3.org%2F2000%2Fsvg%27%20width%3D%271280%27%20height%3D%27623%27%20viewBox%3D%270%200%201280%20623%27%3E%3Crect%20width%3D%271280%27%20height%3D%27623%27%20fill-opacity%3D%220%22%2F%3E%3C%2Fsvg%3E\" data-orig-src=\"https:\/\/paulinenaue.info\/wp-content\/uploads\/2026\/03\/Logo-Bahnhof-von-Achim.jpg\" data-srcset=\"https:\/\/paulinenaue.info\/wp-content\/uploads\/2026\/03\/Logo-Bahnhof-von-Achim-200x97.jpg 200w, https:\/\/paulinenaue.info\/wp-content\/uploads\/2026\/03\/Logo-Bahnhof-von-Achim-400x195.jpg 400w, https:\/\/paulinenaue.info\/wp-content\/uploads\/2026\/03\/Logo-Bahnhof-von-Achim-600x292.jpg 600w, https:\/\/paulinenaue.info\/wp-content\/uploads\/2026\/03\/Logo-Bahnhof-von-Achim-800x389.jpg 800w, https:\/\/paulinenaue.info\/wp-content\/uploads\/2026\/03\/Logo-Bahnhof-von-Achim-1200x584.jpg 1200w, https:\/\/paulinenaue.info\/wp-content\/uploads\/2026\/03\/Logo-Bahnhof-von-Achim.jpg 1280w\" data-sizes=\"auto\" data-attachment-id=\"419150\" data-permalink=\"https:\/\/paulinenaue.info\/index.php\/event\/quartalstreffen\/logo-bahnhof-von-achim-2\/\" data-orig-file=\"https:\/\/paulinenaue.info\/wp-content\/uploads\/2026\/03\/Logo-Bahnhof-von-Achim.jpg\" data-orig-size=\"1280,623\" data-comments-opened=\"1\" data-image-meta=\"{&quot;aperture&quot;:&quot;0&quot;,&quot;credit&quot;:&quot;&quot;,&quot;camera&quot;:&quot;&quot;,&quot;caption&quot;:&quot;&quot;,&quot;created_timestamp&quot;:&quot;0&quot;,&quot;copyright&quot;:&quot;&quot;,&quot;focal_length&quot;:&quot;0&quot;,&quot;iso&quot;:&quot;0&quot;,&quot;shutter_speed&quot;:&quot;0&quot;,&quot;title&quot;:&quot;&quot;,&quot;orientation&quot;:&quot;0&quot;}\" data-image-title=\"Logo Bahnhof von Achim\" data-image-description=\"\" data-image-caption=\"\" data-large-file=\"https:\/\/paulinenaue.info\/wp-content\/uploads\/2026\/03\/Logo-Bahnhof-von-Achim-1024x498.jpg\" \/><\/a><\/div><div class=\"fusion-events-content-wrapper\" style=\"padding:0px 0px 0px 0px;\"><div class=\"fusion-events-meta\"><h2><a href=\"https:\/\/paulinenaue.info\/index.php\/event\/quartalstreffen\/\" class=\"url\" rel=\"bookmark\">Quartalstreffen<\/a><\/h2><h4><span class=\"tribe-event-date-start\">Juni 19 @ 18:30<\/span><\/h4><\/div><\/div><\/div><\/div><div class=\"fusion-clearfix\"><\/div><div class=\"fusion-clearfix\"><\/div><\/div><\/div><div ><a class=\"fusion-button button-flat button-small button-default fusion-button-default button-1 fusion-button-default-span \" target=\"_self\" data-hover=\"icon_position\" href=\"https:\/\/paulinenaue.info\/events\/\"><span class=\"fusion-button-text\">Mehr Ank\u00fcndigungen<\/span><\/a><\/div><br \/><i class=\"fb-icon-element-4 fb-icon-element fontawesome-icon fa-bullhorn fas circle-no fusion-text-flow\" style=\"--awb-iconcolor:#668c4a;--awb-iconcolor-hover:#435054;--awb-font-size:24px;--awb-margin-right:12px;\"><\/i><div class=\"fusion-separator fusion-full-width-sep\" style=\"align-self: center;margin-left: auto;margin-right: auto;width:100%;\"><\/div><div class=\"fusion-text fusion-text-3\" style=\"--awb-text-transform:none;\"><p><b style=\"color: var(--awb-color5);\"><a href=\"https:\/\/paulinenaue.info\/wp-content\/uploads\/2026\/04\/Veranstaltungsplan-2026-Stand-26-04-14.pdf\">Veranstaltungsplan, <\/a><br \/>Stand: 14.04.2026<\/b><\/p>\n<p><a href=\"https:\/\/www.abfall-havelland.de\/index.php?page_id=543\"><b style=\"color: var(--awb-color5);\">Abfall-Abfuhrtermine 2026<\/b><\/a><br \/><a href=\"https:\/\/www.abfall-havelland.de\/calendar.php?basis_id=7642&amp;street=Paulinenaue&amp;city=Paulinenaue+%28Gemeinde%29\">Paulinenau<span style=\"color: var(--awb-color5);\">e<\/span><\/a> | <a href=\"https:\/\/www.abfall-havelland.de\/calendar.php?basis_id=7282&amp;street=Selbelang&amp;city=Paulinenaue+%28Gemeinde%29\">Selbelang<\/a> | <a href=\"https:\/\/www.abfall-havelland.de\/calendar.php?basis_id=7280&amp;street=Bienenfarm%2C+Kamerun%2C+Lindholzfarm&amp;city=Paulinenaue+%28Gemeinde%29\">Bienenfarm, Kamerun, Lindholzfarm<\/a><\/p>\n<p><a style=\"font-family: var(--awb-text-font-family); font-size: var(--awb-font-size); font-style: var(--awb-text-font-style); font-weight: var(--awb-text-font-weight); letter-spacing: var(--awb-letter-spacing); text-align: var(--awb-content-alignment); text-transform: var(--awb-text-transform); background-color: var(--awb-bg-color-hover);\" href=\"https:\/\/ratsinfo.amt-friesack.de\/ti-4\/index.php\"><b style=\"color: var(--awb-color5);\">Bekanntmachungen der Gemeindevertretersitzungen<\/b><\/a><\/p>\n<p><a href=\"https:\/\/hamburg-berlin.deutschebahn.com\/home.html\">Infos zur Generalsanierung der DB<\/a><\/p>\n<\/div><i class=\"fb-icon-element-5 fb-icon-element fontawesome-icon fa-heartbeat fas circle-no fusion-text-flow\" style=\"--awb-iconcolor:#668c4a;--awb-iconcolor-hover:#435054;--awb-font-size:35px;--awb-margin-right:17.5px;\"><\/i><div class=\"fusion-text fusion-text-4\"><p><a href=\"https:\/\/paulinenaue.info\/index.php\/kita-verein\/\"><b>Stellenangebot<\/b>: Kita-Erzieherin<\/a><\/p>\n<\/div><\/div><\/div><div class=\"fusion-layout-column fusion_builder_column fusion-builder-column-3 fusion_builder_column_1_1 1_1 fusion-flex-column\" style=\"--awb-padding-top:50px;--awb-bg-size:cover;--awb-width-large:100%;--awb-margin-top-large:0px;--awb-spacing-right-large:1.92%;--awb-margin-bottom-large:20px;--awb-spacing-left-large:1.92%;--awb-width-medium:100%;--awb-order-medium:0;--awb-spacing-right-medium:1.92%;--awb-spacing-left-medium:1.92%;--awb-width-small:100%;--awb-order-small:0;--awb-spacing-right-small:1.92%;--awb-spacing-left-small:1.92%;\"><div class=\"fusion-column-wrapper fusion-column-has-shadow fusion-flex-justify-content-flex-start fusion-content-layout-column\"><div class=\"fusion-title title fusion-title-5 fusion-title-text fusion-title-size-four\"><div class=\"title-sep-container title-sep-container-left fusion-no-large-visibility fusion-no-medium-visibility fusion-no-small-visibility\"><div class=\"title-sep sep-double sep-solid\" style=\"border-color:#e2e2e2;\"><\/div><\/div><span class=\"awb-title-spacer fusion-no-large-visibility fusion-no-medium-visibility fusion-no-small-visibility\"><\/span><h4 class=\"title-heading-left\" style=\"margin:0;\">Weitere Beitr\u00e4ge<\/h4><span class=\"awb-title-spacer\"><\/span><div class=\"title-sep-container title-sep-container-right\"><div class=\"title-sep sep-double sep-solid\" style=\"border-color:#e2e2e2;\"><\/div><\/div><\/div><div class=\"fusion-blog-shortcode fusion-blog-shortcode-2 fusion-blog-archive fusion-blog-layout-medium-alternate fusion-blog-pagination\"><div class=\"fusion-posts-container fusion-posts-container-pagination\" data-pages=\"62\"><article id=\"blog-2-post-419384\" class=\"fusion-post-medium-alternate post-419384 post type-post status-publish format-standard has-post-thumbnail hentry category-allgemein category-hier-zuhause category-kanal category-natur category-vereine tag-angeln\">\n<div class=\"fusion-date-and-formats\"><div class=\"fusion-date-box updated\"><span class=\"fusion-date\">13<\/span><span class=\"fusion-month-year\">04, 2026<\/span><\/div><div class=\"fusion-format-box\"><i class=\"awb-icon-pen\" aria-hidden=\"true\"><\/i><\/div><\/div>\t<style type=\"text\/css\">\n\t\t\n\t\t\n\t\t\n\t\t\n\t\t\t<\/style>\n\n\n\t\t\t<div class=\"fusion-flexslider flexslider fusion-flexslider-loading fusion-post-slideshow\" style=\"\">\n\t\t<ul class=\"slides\">\n\t\t\t\n\t\t\t\t\t\t\t\t\t\t\t\t\t\t<li><div  class=\"fusion-image-wrapper fusion-image-size-fixed\" aria-haspopup=\"true\">\n\t\t\t\t\t\t\t<a href=\"https:\/\/paulinenaue.info\/index.php\/anangeln-sportfischerverein-paulinenaue-1951-e-v\/\" aria-label=\"Anangeln &#8211; Sportfischerverein Paulinenaue 1951 e.V.\">\n\t\t\t\t\t\t\t<img decoding=\"async\" width=\"320\" height=\"202\" src=\"https:\/\/paulinenaue.info\/wp-content\/uploads\/2026\/04\/2026-04-11-Anangeln-SFV-Platzierte-320x202.jpg\" class=\"attachment-blog-medium size-blog-medium lazyload wp-post-image\" alt=\"\" srcset=\"data:image\/svg+xml,%3Csvg%20xmlns%3D%27http%3A%2F%2Fwww.w3.org%2F2000%2Fsvg%27%20width%3D%272560%27%20height%3D%272143%27%20viewBox%3D%270%200%202560%202143%27%3E%3Crect%20width%3D%272560%27%20height%3D%272143%27%20fill-opacity%3D%220%22%2F%3E%3C%2Fsvg%3E\" data-orig-src=\"https:\/\/paulinenaue.info\/wp-content\/uploads\/2026\/04\/2026-04-11-Anangeln-SFV-Platzierte-320x202.jpg\" data-srcset=\"https:\/\/paulinenaue.info\/wp-content\/uploads\/2026\/04\/2026-04-11-Anangeln-SFV-Platzierte-320x202.jpg 320w, https:\/\/paulinenaue.info\/wp-content\/uploads\/2026\/04\/2026-04-11-Anangeln-SFV-Platzierte-700x441.jpg 700w\" data-sizes=\"auto\" data-attachment-id=\"419385\" data-permalink=\"https:\/\/paulinenaue.info\/index.php\/anangeln-sportfischerverein-paulinenaue-1951-e-v\/2026-04-11-anangeln-sfv-platzierte\/\" data-orig-file=\"https:\/\/paulinenaue.info\/wp-content\/uploads\/2026\/04\/2026-04-11-Anangeln-SFV-Platzierte-scaled.jpg\" data-orig-size=\"2560,2143\" data-comments-opened=\"1\" data-image-meta=\"{&quot;aperture&quot;:&quot;0&quot;,&quot;credit&quot;:&quot;&quot;,&quot;camera&quot;:&quot;&quot;,&quot;caption&quot;:&quot;&quot;,&quot;created_timestamp&quot;:&quot;1775925059&quot;,&quot;copyright&quot;:&quot;&quot;,&quot;focal_length&quot;:&quot;0&quot;,&quot;iso&quot;:&quot;0&quot;,&quot;shutter_speed&quot;:&quot;0&quot;,&quot;title&quot;:&quot;&quot;,&quot;orientation&quot;:&quot;1&quot;}\" data-image-title=\"2026-04-11 &amp;#8211; Anangeln SFV Platzierte\" data-image-description=\"\" data-image-caption=\"\" data-large-file=\"https:\/\/paulinenaue.info\/wp-content\/uploads\/2026\/04\/2026-04-11-Anangeln-SFV-Platzierte-1024x857.jpg\" \/>\t\t\t<\/a>\n\t\t\t\t\t\t\t<\/div>\n<\/li>\n\t\t\t\n\t\t\t\n\t\t\t\t\t\t\t\t\t\t\t\t\t\t\t\t\t\t\t\t\t\t\t\t\t\t\t\t\t\t\t\t\t\t\t\t\t\t\t\t\t\t\t\t\t\t\t\t\t\t\t\t\t\t\t\t\t\t\t\t\t\t\t\t\t\t\t\t<\/ul>\n\t<\/div>\n\t<div class=\"fusion-post-content post-content\"><h2 class=\"blog-shortcode-post-title entry-title\"><a href=\"https:\/\/paulinenaue.info\/index.php\/anangeln-sportfischerverein-paulinenaue-1951-e-v\/\">Anangeln &#8211; Sportfischerverein Paulinenaue 1951 e.V.<\/a><\/h2><p class=\"fusion-single-line-meta\"><span class=\"updated\" style=\"display:none;\">2026-04-19T02:09:40+02:00<\/span>By <span class=\"vcard\"><span class=\"fn\"><a href=\"https:\/\/paulinenaue.info\/index.php\/author\/eckhard-vierjahn\/\" title=\"Beitr\u00e4ge von Eckhard Vierjahn\" rel=\"author\">Eckhard Vierjahn<\/a><\/span><\/span><span class=\"fusion-inline-sep\">|<\/span><a href=\"https:\/\/paulinenaue.info\/index.php\/category\/allgemein\/\" rel=\"category tag\">Allgemein<\/a>, <a href=\"https:\/\/paulinenaue.info\/index.php\/category\/hier-zuhause\/\" rel=\"category tag\">Hier Zuhause<\/a>, <a href=\"https:\/\/paulinenaue.info\/index.php\/category\/kanal\/\" rel=\"category tag\">Kanal<\/a>, <a href=\"https:\/\/paulinenaue.info\/index.php\/category\/natur\/\" rel=\"category tag\">Natur<\/a>, <a href=\"https:\/\/paulinenaue.info\/index.php\/category\/vereine\/\" rel=\"category tag\">Vereine<\/a><span class=\"fusion-inline-sep\">|<\/span><\/p><div class=\"fusion-post-content-container\"><p>Petri Heil und Petri Dank Mit dem Anglergru\u00df \u201ePetri Heil\u201c begr\u00fc\u00dften sich 19 Petrij\u00fcnger am 11. April 2026 zum traditionellen Anangeln an der Mangelshorster Br\u00fccke am Gro\u00dfen Havell\u00e4ndischen Hauptkanal. Man [...]<\/p><\/div><\/div><div class=\"fusion-clearfix\"><\/div><div class=\"fusion-meta-info\"><div class=\"fusion-alignright\"><a class=\"fusion-read-more\" href=\"https:\/\/paulinenaue.info\/index.php\/anangeln-sportfischerverein-paulinenaue-1951-e-v\/\" aria-label=\"More on Anangeln &#8211; Sportfischerverein Paulinenaue 1951 e.V.\">Weiter lesen<\/a><\/div><\/div><\/article>\n<article id=\"blog-2-post-419376\" class=\"fusion-post-medium-alternate post-419376 post type-post status-publish format-standard has-post-thumbnail hentry category-allgemein category-ehrenamt category-gemeinde-paulinenaue category-neuigkeiten category-veranstaltungen tag-bahnhof tag-fruehjahrsputz\">\n<div class=\"fusion-date-and-formats\"><div class=\"fusion-date-box updated\"><span class=\"fusion-date\">12<\/span><span class=\"fusion-month-year\">04, 2026<\/span><\/div><div class=\"fusion-format-box\"><i class=\"awb-icon-pen\" aria-hidden=\"true\"><\/i><\/div><\/div>\t<style type=\"text\/css\">\n\t\t\n\t\t\n\t\t\n\t\t\n\t\t\t<\/style>\n\n\n\t\t\t<div class=\"fusion-flexslider flexslider fusion-flexslider-loading fusion-post-slideshow\" style=\"\">\n\t\t<ul class=\"slides\">\n\t\t\t\n\t\t\t\t\t\t\t\t\t\t\t\t\t\t<li><div  class=\"fusion-image-wrapper fusion-image-size-fixed\" aria-haspopup=\"true\">\n\t\t\t\t\t\t\t<a href=\"https:\/\/paulinenaue.info\/index.php\/fruehjahrsputz-2026\/\" aria-label=\"Fr\u00fchjahrsputz 2026\">\n\t\t\t\t\t\t\t<img decoding=\"async\" width=\"320\" height=\"202\" src=\"https:\/\/paulinenaue.info\/wp-content\/uploads\/2026\/04\/IMG-20260328-WA0004-320x202.jpg\" class=\"attachment-blog-medium size-blog-medium lazyload wp-post-image\" alt=\"\" srcset=\"data:image\/svg+xml,%3Csvg%20xmlns%3D%27http%3A%2F%2Fwww.w3.org%2F2000%2Fsvg%27%20width%3D%271600%27%20height%3D%271200%27%20viewBox%3D%270%200%201600%201200%27%3E%3Crect%20width%3D%271600%27%20height%3D%271200%27%20fill-opacity%3D%220%22%2F%3E%3C%2Fsvg%3E\" data-orig-src=\"https:\/\/paulinenaue.info\/wp-content\/uploads\/2026\/04\/IMG-20260328-WA0004-320x202.jpg\" data-srcset=\"https:\/\/paulinenaue.info\/wp-content\/uploads\/2026\/04\/IMG-20260328-WA0004-320x202.jpg 320w, https:\/\/paulinenaue.info\/wp-content\/uploads\/2026\/04\/IMG-20260328-WA0004-700x441.jpg 700w\" data-sizes=\"auto\" data-attachment-id=\"419377\" data-permalink=\"https:\/\/paulinenaue.info\/index.php\/fruehjahrsputz-2026\/img-20260328-wa0004\/\" data-orig-file=\"https:\/\/paulinenaue.info\/wp-content\/uploads\/2026\/04\/IMG-20260328-WA0004.jpg\" data-orig-size=\"1600,1200\" data-comments-opened=\"1\" data-image-meta=\"{&quot;aperture&quot;:&quot;0&quot;,&quot;credit&quot;:&quot;&quot;,&quot;camera&quot;:&quot;&quot;,&quot;caption&quot;:&quot;&quot;,&quot;created_timestamp&quot;:&quot;0&quot;,&quot;copyright&quot;:&quot;&quot;,&quot;focal_length&quot;:&quot;0&quot;,&quot;iso&quot;:&quot;0&quot;,&quot;shutter_speed&quot;:&quot;0&quot;,&quot;title&quot;:&quot;&quot;,&quot;orientation&quot;:&quot;0&quot;}\" data-image-title=\"IMG-20260328-WA0004\" data-image-description=\"\" data-image-caption=\"\" data-large-file=\"https:\/\/paulinenaue.info\/wp-content\/uploads\/2026\/04\/IMG-20260328-WA0004-1024x768.jpg\" \/>\t\t\t<\/a>\n\t\t\t\t\t\t\t<\/div>\n<\/li>\n\t\t\t\n\t\t\t\n\t\t\t\t\t\t\t\t\t\t\t\t\t\t\t\t\t\t\t\t\t\t\t\t\t\t\t\t\t\t\t\t\t\t\t\t\t\t\t\t\t\t\t\t\t\t\t\t\t\t\t\t\t\t\t\t\t\t\t\t\t\t\t\t\t\t\t\t<\/ul>\n\t<\/div>\n\t<div class=\"fusion-post-content post-content\"><h2 class=\"blog-shortcode-post-title entry-title\"><a href=\"https:\/\/paulinenaue.info\/index.php\/fruehjahrsputz-2026\/\">Fr\u00fchjahrsputz 2026<\/a><\/h2><p class=\"fusion-single-line-meta\"><span class=\"updated\" style=\"display:none;\">2026-04-12T12:12:28+02:00<\/span>By <span class=\"vcard\"><span class=\"fn\"><a href=\"https:\/\/paulinenaue.info\/index.php\/author\/sarah\/\" title=\"Beitr\u00e4ge von Sarah\" rel=\"author\">Sarah<\/a><\/span><\/span><span class=\"fusion-inline-sep\">|<\/span><a href=\"https:\/\/paulinenaue.info\/index.php\/category\/allgemein\/\" rel=\"category tag\">Allgemein<\/a>, <a href=\"https:\/\/paulinenaue.info\/index.php\/category\/ehrenamt\/\" rel=\"category tag\">Ehrenamt<\/a>, <a href=\"https:\/\/paulinenaue.info\/index.php\/category\/gemeinde-paulinenaue\/\" rel=\"category tag\">Gemeinde Paulinenaue<\/a>, <a href=\"https:\/\/paulinenaue.info\/index.php\/category\/neuigkeiten\/\" rel=\"category tag\">Neuigkeiten<\/a>, <a href=\"https:\/\/paulinenaue.info\/index.php\/category\/veranstaltungen\/\" rel=\"category tag\">Veranstaltungen<\/a><span class=\"fusion-inline-sep\">|<\/span><\/p><div class=\"fusion-post-content-container\"><p>Auch in diesem Jahr hat die Gemeindevertretung wieder zum Fr\u00fchjahrsputz aufgerufen. So fanden sich am Vormittag des 28.03.2026 29 PaulinenauerInnen ein, um unser Dorf vom Winterschmutz zu befreien und etwas [...]<\/p><\/div><\/div><div class=\"fusion-clearfix\"><\/div><div class=\"fusion-meta-info\"><div class=\"fusion-alignright\"><a class=\"fusion-read-more\" href=\"https:\/\/paulinenaue.info\/index.php\/fruehjahrsputz-2026\/\" aria-label=\"More on Fr\u00fchjahrsputz 2026\">Weiter lesen<\/a><\/div><\/div><\/article>\n<article id=\"blog-2-post-419362\" class=\"fusion-post-medium-alternate post-419362 post type-post status-publish format-standard has-post-thumbnail hentry category-allgemein\">\n<div class=\"fusion-date-and-formats\"><div class=\"fusion-date-box updated\"><span class=\"fusion-date\">11<\/span><span class=\"fusion-month-year\">04, 2026<\/span><\/div><div class=\"fusion-format-box\"><i class=\"awb-icon-pen\" aria-hidden=\"true\"><\/i><\/div><\/div>\t<style type=\"text\/css\">\n\t\t\n\t\t\n\t\t\n\t\t\n\t\t\t<\/style>\n\n\n\t\t\t<div class=\"fusion-flexslider flexslider fusion-flexslider-loading fusion-post-slideshow\" style=\"\">\n\t\t<ul class=\"slides\">\n\t\t\t\n\t\t\t\t\t\t\t\t\t\t\t\t\t\t<li><div  class=\"fusion-image-wrapper fusion-image-size-fixed\" aria-haspopup=\"true\">\n\t\t\t\t\t\t\t<a href=\"https:\/\/paulinenaue.info\/index.php\/jetzt-aber-der-storch-ist-wieder-da\/\" aria-label=\"Jetzt aber: Der Storch ist wieder da!\">\n\t\t\t\t\t\t\t<img decoding=\"async\" width=\"320\" height=\"202\" src=\"https:\/\/paulinenaue.info\/wp-content\/uploads\/2026\/04\/2026-04-07-Storchenankunft-01-320x202.jpeg\" class=\"attachment-blog-medium size-blog-medium lazyload wp-post-image\" alt=\"\" srcset=\"data:image\/svg+xml,%3Csvg%20xmlns%3D%27http%3A%2F%2Fwww.w3.org%2F2000%2Fsvg%27%20width%3D%27744%27%20height%3D%271000%27%20viewBox%3D%270%200%20744%201000%27%3E%3Crect%20width%3D%27744%27%20height%3D%271000%27%20fill-opacity%3D%220%22%2F%3E%3C%2Fsvg%3E\" data-orig-src=\"https:\/\/paulinenaue.info\/wp-content\/uploads\/2026\/04\/2026-04-07-Storchenankunft-01-320x202.jpeg\" data-srcset=\"https:\/\/paulinenaue.info\/wp-content\/uploads\/2026\/04\/2026-04-07-Storchenankunft-01-320x202.jpeg 320w, https:\/\/paulinenaue.info\/wp-content\/uploads\/2026\/04\/2026-04-07-Storchenankunft-01-700x441.jpeg 700w\" data-sizes=\"auto\" data-attachment-id=\"419361\" data-permalink=\"https:\/\/paulinenaue.info\/2026-04-07-storchenankunft-01\/\" data-orig-file=\"https:\/\/paulinenaue.info\/wp-content\/uploads\/2026\/04\/2026-04-07-Storchenankunft-01.jpeg\" data-orig-size=\"744,1000\" data-comments-opened=\"1\" data-image-meta=\"{&quot;aperture&quot;:&quot;0&quot;,&quot;credit&quot;:&quot;&quot;,&quot;camera&quot;:&quot;&quot;,&quot;caption&quot;:&quot;&quot;,&quot;created_timestamp&quot;:&quot;0&quot;,&quot;copyright&quot;:&quot;&quot;,&quot;focal_length&quot;:&quot;0&quot;,&quot;iso&quot;:&quot;0&quot;,&quot;shutter_speed&quot;:&quot;0&quot;,&quot;title&quot;:&quot;&quot;,&quot;orientation&quot;:&quot;0&quot;}\" data-image-title=\"2026-04-07, Storchenankunft, 01\" data-image-description=\"\" data-image-caption=\"\" data-large-file=\"https:\/\/paulinenaue.info\/wp-content\/uploads\/2026\/04\/2026-04-07-Storchenankunft-01.jpeg\" \/>\t\t\t<\/a>\n\t\t\t\t\t\t\t<\/div>\n<\/li>\n\t\t\t\n\t\t\t\n\t\t\t\t\t\t\t\t\t\t\t\t\t\t\t\t\t\t\t\t\t\t\t\t\t\t\t\t\t\t\t\t\t\t\t\t\t\t\t\t\t\t\t\t\t\t\t\t\t\t\t\t\t\t\t\t\t\t\t\t\t\t\t\t\t\t\t\t<\/ul>\n\t<\/div>\n\t<div class=\"fusion-post-content post-content\"><h2 class=\"blog-shortcode-post-title entry-title\"><a href=\"https:\/\/paulinenaue.info\/index.php\/jetzt-aber-der-storch-ist-wieder-da\/\">Jetzt aber: Der Storch ist wieder da!<\/a><\/h2><p class=\"fusion-single-line-meta\"><span class=\"updated\" style=\"display:none;\">2026-04-11T01:18:54+02:00<\/span>By <span class=\"vcard\"><span class=\"fn\"><a href=\"https:\/\/paulinenaue.info\/index.php\/author\/jjscholz\/\" title=\"Beitr\u00e4ge von Joachim Scholz\" rel=\"author\">Joachim Scholz<\/a><\/span><\/span><span class=\"fusion-inline-sep\">|<\/span><a href=\"https:\/\/paulinenaue.info\/index.php\/category\/allgemein\/\" rel=\"category tag\">Allgemein<\/a><span class=\"fusion-inline-sep\">|<\/span><\/p><div class=\"fusion-post-content-container\"><p>Das war rekordverd\u00e4chtig! Als sich am 25. Februar in diesem Jahr ein Stoch im Paulinenauer Nest einstellte, w\u00e4re es der fr\u00fcheste Ankunftstermin ever gewesen. Na und irgendwie war er das [...]<\/p><\/div><\/div><div class=\"fusion-clearfix\"><\/div><div class=\"fusion-meta-info\"><div class=\"fusion-alignright\"><a class=\"fusion-read-more\" href=\"https:\/\/paulinenaue.info\/index.php\/jetzt-aber-der-storch-ist-wieder-da\/\" aria-label=\"More on Jetzt aber: Der Storch ist wieder da!\">Weiter lesen<\/a><\/div><\/div><\/article>\n<article id=\"blog-2-post-419341\" class=\"fusion-post-medium-alternate post-419341 post type-post status-publish format-standard has-post-thumbnail hentry category-allgemein category-ehrenamt category-pauerfrauen category-veranstaltungen category-vereine\">\n<div class=\"fusion-date-and-formats\"><div class=\"fusion-date-box updated\"><span class=\"fusion-date\">8<\/span><span class=\"fusion-month-year\">04, 2026<\/span><\/div><div class=\"fusion-format-box\"><i class=\"awb-icon-pen\" aria-hidden=\"true\"><\/i><\/div><\/div>\t<style type=\"text\/css\">\n\t\t\n\t\t\n\t\t\n\t\t\n\t\t\t<\/style>\n\n\n\t\t\t<div class=\"fusion-flexslider flexslider fusion-flexslider-loading fusion-post-slideshow\" style=\"\">\n\t\t<ul class=\"slides\">\n\t\t\t\n\t\t\t\t\t\t\t\t\t\t\t\t\t\t<li><div  class=\"fusion-image-wrapper fusion-image-size-fixed\" aria-haspopup=\"true\">\n\t\t\t\t\t\t\t<a href=\"https:\/\/paulinenaue.info\/index.php\/traditionelles-eiertrudeln-auch-bei-durchwachsenem-wetter-ein-voller-erfolg\/\" aria-label=\"Traditionelles Eiertrudeln \u2013 auch bei durchwachsenem Wetter ein voller Erfolg\">\n\t\t\t\t\t\t\t<img decoding=\"async\" width=\"320\" height=\"202\" src=\"https:\/\/paulinenaue.info\/wp-content\/uploads\/2026\/04\/20260405_144639-320x202.jpg\" class=\"attachment-blog-medium size-blog-medium lazyload wp-post-image\" alt=\"\" srcset=\"data:image\/svg+xml,%3Csvg%20xmlns%3D%27http%3A%2F%2Fwww.w3.org%2F2000%2Fsvg%27%20width%3D%271920%27%20height%3D%272560%27%20viewBox%3D%270%200%201920%202560%27%3E%3Crect%20width%3D%271920%27%20height%3D%272560%27%20fill-opacity%3D%220%22%2F%3E%3C%2Fsvg%3E\" data-orig-src=\"https:\/\/paulinenaue.info\/wp-content\/uploads\/2026\/04\/20260405_144639-320x202.jpg\" data-srcset=\"https:\/\/paulinenaue.info\/wp-content\/uploads\/2026\/04\/20260405_144639-320x202.jpg 320w, https:\/\/paulinenaue.info\/wp-content\/uploads\/2026\/04\/20260405_144639-700x441.jpg 700w\" data-sizes=\"auto\" data-attachment-id=\"419349\" data-permalink=\"https:\/\/paulinenaue.info\/index.php\/traditionelles-eiertrudeln-auch-bei-durchwachsenem-wetter-ein-voller-erfolg\/20260405_144639\/\" data-orig-file=\"https:\/\/paulinenaue.info\/wp-content\/uploads\/2026\/04\/20260405_144639-scaled.jpg\" data-orig-size=\"1920,2560\" data-comments-opened=\"1\" data-image-meta=\"{&quot;aperture&quot;:&quot;2.4&quot;,&quot;credit&quot;:&quot;&quot;,&quot;camera&quot;:&quot;Galaxy S23&quot;,&quot;caption&quot;:&quot;&quot;,&quot;created_timestamp&quot;:&quot;1775400399&quot;,&quot;copyright&quot;:&quot;&quot;,&quot;focal_length&quot;:&quot;7&quot;,&quot;iso&quot;:&quot;25&quot;,&quot;shutter_speed&quot;:&quot;0.006638384&quot;,&quot;title&quot;:&quot;&quot;,&quot;orientation&quot;:&quot;1&quot;}\" data-image-title=\"20260405_144639\" data-image-description=\"\" data-image-caption=\"\" data-large-file=\"https:\/\/paulinenaue.info\/wp-content\/uploads\/2026\/04\/20260405_144639-768x1024.jpg\" \/>\t\t\t<\/a>\n\t\t\t\t\t\t\t<\/div>\n<\/li>\n\t\t\t\n\t\t\t\n\t\t\t\t\t\t\t\t\t\t\t\t\t\t\t\t\t\t\t\t\t\t\t\t\t\t\t\t\t\t\t\t\t\t\t\t\t\t\t\t\t\t\t\t\t\t\t\t\t\t\t\t\t\t\t\t\t\t\t\t\t\t\t\t\t\t\t\t<\/ul>\n\t<\/div>\n\t<div class=\"fusion-post-content post-content\"><h2 class=\"blog-shortcode-post-title entry-title\"><a href=\"https:\/\/paulinenaue.info\/index.php\/traditionelles-eiertrudeln-auch-bei-durchwachsenem-wetter-ein-voller-erfolg\/\">Traditionelles Eiertrudeln \u2013 auch bei durchwachsenem Wetter ein voller Erfolg<\/a><\/h2><p class=\"fusion-single-line-meta\"><span class=\"updated\" style=\"display:none;\">2026-04-08T17:31:05+02:00<\/span>By <span class=\"vcard\"><span class=\"fn\"><a href=\"https:\/\/paulinenaue.info\/index.php\/author\/pauline-hirschberg\/\" title=\"Beitr\u00e4ge von Pauline Hirschberg\" rel=\"author\">Pauline Hirschberg<\/a><\/span><\/span><span class=\"fusion-inline-sep\">|<\/span><a href=\"https:\/\/paulinenaue.info\/index.php\/category\/allgemein\/\" rel=\"category tag\">Allgemein<\/a>, <a href=\"https:\/\/paulinenaue.info\/index.php\/category\/ehrenamt\/\" rel=\"category tag\">Ehrenamt<\/a>, <a href=\"https:\/\/paulinenaue.info\/index.php\/category\/pauerfrauen\/\" rel=\"category tag\">Pauerfrauen<\/a>, <a href=\"https:\/\/paulinenaue.info\/index.php\/category\/veranstaltungen\/\" rel=\"category tag\">Veranstaltungen<\/a>, <a href=\"https:\/\/paulinenaue.info\/index.php\/category\/vereine\/\" rel=\"category tag\">Vereine<\/a><span class=\"fusion-inline-sep\">|<\/span><\/p><div class=\"fusion-post-content-container\"><p>Auch in diesem Jahr fand am Ostersonntag wieder unser traditionelles Eiertrudeln an den Paulinenauer Eierbergen statt. Trotz etwas widriger Wetterbedingungen lie\u00dfen sich die Besucherinnen und Besucher nicht davon abhalten, den [...]<\/p><\/div><\/div><div class=\"fusion-clearfix\"><\/div><div class=\"fusion-meta-info\"><div class=\"fusion-alignright\"><a class=\"fusion-read-more\" href=\"https:\/\/paulinenaue.info\/index.php\/traditionelles-eiertrudeln-auch-bei-durchwachsenem-wetter-ein-voller-erfolg\/\" aria-label=\"More on Traditionelles Eiertrudeln \u2013 auch bei durchwachsenem Wetter ein voller Erfolg\">Weiter lesen<\/a><\/div><\/div><\/article>\n<article id=\"blog-2-post-419258\" class=\"fusion-post-medium-alternate post-419258 post type-post status-publish format-standard has-post-thumbnail hentry category-allgemein category-kulturverein category-neuigkeiten category-selbelang tag-osterstrauss tag-osterstrauss-des-jahres tag-schoenste-osterstraeusse tag-selbelang tag-tradition\">\n<div class=\"fusion-date-and-formats\"><div class=\"fusion-date-box updated\"><span class=\"fusion-date\">4<\/span><span class=\"fusion-month-year\">04, 2026<\/span><\/div><div class=\"fusion-format-box\"><i class=\"awb-icon-pen\" aria-hidden=\"true\"><\/i><\/div><\/div>\t<style type=\"text\/css\">\n\t\t\n\t\t\n\t\t\n\t\t\n\t\t\t<\/style>\n\n\n\t\t\t<div class=\"fusion-flexslider flexslider fusion-flexslider-loading fusion-post-slideshow\" style=\"\">\n\t\t<ul class=\"slides\">\n\t\t\t\n\t\t\t\t\t\t\t\t\t\t\t\t\t\t<li><div  class=\"fusion-image-wrapper fusion-image-size-fixed\" aria-haspopup=\"true\">\n\t\t\t\t\t\t\t<a href=\"https:\/\/paulinenaue.info\/index.php\/der-osterstrauss-des-jahres-2026\/\" aria-label=\"Der Osterstrau\u00df des Jahres 2026\">\n\t\t\t\t\t\t\t<img decoding=\"async\" width=\"320\" height=\"202\" src=\"https:\/\/paulinenaue.info\/wp-content\/uploads\/2026\/04\/2026-04-04-Osterstrauss-01-320x202.jpeg\" class=\"attachment-blog-medium size-blog-medium lazyload wp-post-image\" alt=\"\" srcset=\"data:image\/svg+xml,%3Csvg%20xmlns%3D%27http%3A%2F%2Fwww.w3.org%2F2000%2Fsvg%27%20width%3D%271000%27%20height%3D%27667%27%20viewBox%3D%270%200%201000%20667%27%3E%3Crect%20width%3D%271000%27%20height%3D%27667%27%20fill-opacity%3D%220%22%2F%3E%3C%2Fsvg%3E\" data-orig-src=\"https:\/\/paulinenaue.info\/wp-content\/uploads\/2026\/04\/2026-04-04-Osterstrauss-01-320x202.jpeg\" data-srcset=\"https:\/\/paulinenaue.info\/wp-content\/uploads\/2026\/04\/2026-04-04-Osterstrauss-01-320x202.jpeg 320w, https:\/\/paulinenaue.info\/wp-content\/uploads\/2026\/04\/2026-04-04-Osterstrauss-01-700x441.jpeg 700w\" data-sizes=\"auto\" data-attachment-id=\"419260\" data-permalink=\"https:\/\/paulinenaue.info\/index.php\/der-osterstrauss-des-jahres-2026\/2026-04-04-osterstrauss-01\/\" data-orig-file=\"https:\/\/paulinenaue.info\/wp-content\/uploads\/2026\/04\/2026-04-04-Osterstrauss-01.jpeg\" data-orig-size=\"1000,667\" data-comments-opened=\"1\" data-image-meta=\"{&quot;aperture&quot;:&quot;4&quot;,&quot;credit&quot;:&quot;&quot;,&quot;camera&quot;:&quot;DSC-RX10M3&quot;,&quot;caption&quot;:&quot;&quot;,&quot;created_timestamp&quot;:&quot;1775231609&quot;,&quot;copyright&quot;:&quot;&quot;,&quot;focal_length&quot;:&quot;8.82&quot;,&quot;iso&quot;:&quot;100&quot;,&quot;shutter_speed&quot;:&quot;0.0015625&quot;,&quot;title&quot;:&quot;&quot;,&quot;orientation&quot;:&quot;1&quot;}\" data-image-title=\"2026-04-04, Osterstrauss 01\" data-image-description=\"\" data-image-caption=\"&lt;p&gt;Gratulation an Eberhard und Jutta Schwarz.&lt;\/p&gt;\n\" data-large-file=\"https:\/\/paulinenaue.info\/wp-content\/uploads\/2026\/04\/2026-04-04-Osterstrauss-01.jpeg\" \/>\t\t\t<\/a>\n\t\t\t\t\t\t\t<\/div>\n<\/li>\n\t\t\t\n\t\t\t\n\t\t\t\t\t\t\t\t\t\t\t\t\t\t\t\t\t\t\t\t\t\t\t\t\t\t\t\t\t\t\t\t\t\t\t\t\t\t\t\t\t\t\t\t\t\t\t\t\t\t\t\t\t\t\t\t\t\t\t\t\t\t\t\t\t\t\t\t<\/ul>\n\t<\/div>\n\t<div class=\"fusion-post-content post-content\"><h2 class=\"blog-shortcode-post-title entry-title\"><a href=\"https:\/\/paulinenaue.info\/index.php\/der-osterstrauss-des-jahres-2026\/\">Der Osterstrau\u00df des Jahres 2026<\/a><\/h2><p class=\"fusion-single-line-meta\"><span class=\"updated\" style=\"display:none;\">2026-04-06T01:34:19+02:00<\/span>By <span class=\"vcard\"><span class=\"fn\"><a href=\"https:\/\/paulinenaue.info\/index.php\/author\/jjscholz\/\" title=\"Beitr\u00e4ge von Joachim Scholz\" rel=\"author\">Joachim Scholz<\/a><\/span><\/span><span class=\"fusion-inline-sep\">|<\/span><a href=\"https:\/\/paulinenaue.info\/index.php\/category\/allgemein\/\" rel=\"category tag\">Allgemein<\/a>, <a href=\"https:\/\/paulinenaue.info\/index.php\/category\/kulturverein\/\" rel=\"category tag\">Kulturverein<\/a>, <a href=\"https:\/\/paulinenaue.info\/index.php\/category\/neuigkeiten\/\" rel=\"category tag\">Neuigkeiten<\/a>, <a href=\"https:\/\/paulinenaue.info\/index.php\/category\/selbelang\/\" rel=\"category tag\">Selbelang<\/a><span class=\"fusion-inline-sep\">|<\/span><\/p><div class=\"fusion-post-content-container\"><p>Erkundungen in Paulinenaue und Selbelang \u201eThere is nothing you can do that can't be done,\u201c sangen 1967 die Beatles in ihrem Klassiker \u201eAll You Need is Love\u201c. Es gibt nichts [...]<\/p><\/div><\/div><div class=\"fusion-clearfix\"><\/div><div class=\"fusion-meta-info\"><div class=\"fusion-alignright\"><a class=\"fusion-read-more\" href=\"https:\/\/paulinenaue.info\/index.php\/der-osterstrauss-des-jahres-2026\/\" aria-label=\"More on Der Osterstrau\u00df des Jahres 2026\">Weiter lesen<\/a><\/div><\/div><\/article>\n<article id=\"blog-2-post-419241\" class=\"fusion-post-medium-alternate post-419241 post type-post status-publish format-standard has-post-thumbnail hentry category-neuigkeiten category-ptsv category-sport tag-ptsv tag-sportverein tag-tischtennis tag-tischtennisturnier\">\n<div class=\"fusion-date-and-formats\"><div class=\"fusion-date-box updated\"><span class=\"fusion-date\">3<\/span><span class=\"fusion-month-year\">04, 2026<\/span><\/div><div class=\"fusion-format-box\"><i class=\"awb-icon-pen\" aria-hidden=\"true\"><\/i><\/div><\/div>\t<style type=\"text\/css\">\n\t\t\n\t\t\n\t\t\n\t\t\n\t\t\t<\/style>\n\n\n\t\t\t<div class=\"fusion-flexslider flexslider fusion-flexslider-loading fusion-post-slideshow\" style=\"\">\n\t\t<ul class=\"slides\">\n\t\t\t\n\t\t\t\t\t\t\t\t\t\t\t\t\t\t<li><div  class=\"fusion-image-wrapper fusion-image-size-fixed\" aria-haspopup=\"true\">\n\t\t\t\t\t\t\t<a href=\"https:\/\/paulinenaue.info\/index.php\/zweites-tischtennis-freizeitturnier\/\" aria-label=\"Zweites Tischtennis-Freizeitturnier\">\n\t\t\t\t\t\t\t<img decoding=\"async\" width=\"320\" height=\"202\" src=\"https:\/\/paulinenaue.info\/wp-content\/uploads\/2026\/04\/2026-03-28_TT-Paue-034-320x202.jpeg\" class=\"attachment-blog-medium size-blog-medium lazyload wp-post-image\" alt=\"\" srcset=\"data:image\/svg+xml,%3Csvg%20xmlns%3D%27http%3A%2F%2Fwww.w3.org%2F2000%2Fsvg%27%20width%3D%271000%27%20height%3D%27563%27%20viewBox%3D%270%200%201000%20563%27%3E%3Crect%20width%3D%271000%27%20height%3D%27563%27%20fill-opacity%3D%220%22%2F%3E%3C%2Fsvg%3E\" data-orig-src=\"https:\/\/paulinenaue.info\/wp-content\/uploads\/2026\/04\/2026-03-28_TT-Paue-034-320x202.jpeg\" data-srcset=\"https:\/\/paulinenaue.info\/wp-content\/uploads\/2026\/04\/2026-03-28_TT-Paue-034-320x202.jpeg 320w, https:\/\/paulinenaue.info\/wp-content\/uploads\/2026\/04\/2026-03-28_TT-Paue-034-700x441.jpeg 700w\" data-sizes=\"auto\" data-attachment-id=\"419242\" data-permalink=\"https:\/\/paulinenaue.info\/index.php\/zweites-tischtennis-freizeitturnier\/2026-03-28_tt-paue-034\/\" data-orig-file=\"https:\/\/paulinenaue.info\/wp-content\/uploads\/2026\/04\/2026-03-28_TT-Paue-034.jpeg\" data-orig-size=\"1000,563\" data-comments-opened=\"1\" data-image-meta=\"{&quot;aperture&quot;:&quot;1.78&quot;,&quot;credit&quot;:&quot;&quot;,&quot;camera&quot;:&quot;iPhone 15 Pro Max&quot;,&quot;caption&quot;:&quot;&quot;,&quot;created_timestamp&quot;:&quot;1774701892&quot;,&quot;copyright&quot;:&quot;&quot;,&quot;focal_length&quot;:&quot;6.7649998656528&quot;,&quot;iso&quot;:&quot;125&quot;,&quot;shutter_speed&quot;:&quot;0.02&quot;,&quot;title&quot;:&quot;&quot;,&quot;orientation&quot;:&quot;1&quot;}\" data-image-title=\"2026-03-28_TT-Paue 034\" data-image-description=\"\" data-image-caption=\"&lt;p&gt;Die Teilnehmer des TT-Freizeitturnieres 2026&lt;\/p&gt;\n\" data-large-file=\"https:\/\/paulinenaue.info\/wp-content\/uploads\/2026\/04\/2026-03-28_TT-Paue-034.jpeg\" \/>\t\t\t<\/a>\n\t\t\t\t\t\t\t<\/div>\n<\/li>\n\t\t\t\n\t\t\t\n\t\t\t\t\t\t\t\t\t\t\t\t\t\t\t\t\t\t\t\t\t\t\t\t\t\t\t\t\t\t\t\t\t\t\t\t\t\t\t\t\t\t\t\t\t\t\t\t\t\t\t\t\t\t\t\t\t\t\t\t\t\t\t\t\t\t\t\t<\/ul>\n\t<\/div>\n\t<div class=\"fusion-post-content post-content\"><h2 class=\"blog-shortcode-post-title entry-title\"><a href=\"https:\/\/paulinenaue.info\/index.php\/zweites-tischtennis-freizeitturnier\/\">Zweites Tischtennis-Freizeitturnier<\/a><\/h2><p class=\"fusion-single-line-meta\"><span class=\"updated\" style=\"display:none;\">2026-04-03T01:48:57+02:00<\/span>By <span class=\"vcard\"><span class=\"fn\"><a href=\"https:\/\/paulinenaue.info\/index.php\/author\/jjscholz\/\" title=\"Beitr\u00e4ge von Joachim Scholz\" rel=\"author\">Joachim Scholz<\/a><\/span><\/span><span class=\"fusion-inline-sep\">|<\/span><a href=\"https:\/\/paulinenaue.info\/index.php\/category\/neuigkeiten\/\" rel=\"category tag\">Neuigkeiten<\/a>, <a href=\"https:\/\/paulinenaue.info\/index.php\/category\/ptsv\/\" rel=\"category tag\">PTSV<\/a>, <a href=\"https:\/\/paulinenaue.info\/index.php\/category\/sport\/\" rel=\"category tag\">Sport<\/a><span class=\"fusion-inline-sep\">|<\/span><\/p><div class=\"fusion-post-content-container\"><p>Bild und Text: Eberhard Schwarz Im Veranstaltungskalender von Paulinenaue standen am 28. M\u00e4rz zwei Veranstaltungen: Fr\u00fchjahrsputz und\u00a0 TT-Freizeitturnier 2026. Die Planungen der Veranstalter konnten diese Dopplung nicht verhindern. Trotzdem wurden [...]<\/p><\/div><\/div><div class=\"fusion-clearfix\"><\/div><div class=\"fusion-meta-info\"><div class=\"fusion-alignright\"><a class=\"fusion-read-more\" href=\"https:\/\/paulinenaue.info\/index.php\/zweites-tischtennis-freizeitturnier\/\" aria-label=\"More on Zweites Tischtennis-Freizeitturnier\">Weiter lesen<\/a><\/div><\/div><\/article>\n<\/div><div class=\"pagination clearfix\"><span class=\"current\">1<\/span><a href=\"https:\/\/paulinenaue.info\/index.php\/wp-json\/wp\/v2\/pages\/5628\/page\/2\/\" class=\"inactive\">2<\/a><a class=\"pagination-next\" rel=\"next\" href=\"https:\/\/paulinenaue.info\/index.php\/wp-json\/wp\/v2\/pages\/5628\/page\/2\/\"><span class=\"page-text\">Vor<\/span><span class=\"page-next\"><\/span><\/a><\/div><div class=\"fusion-clearfix\"><\/div><\/div><\/div><\/div><div class=\"fusion-layout-column fusion_builder_column fusion-builder-column-4 fusion_builder_column_1_1 1_1 fusion-flex-column\" style=\"--awb-bg-size:cover;--awb-width-large:100%;--awb-margin-top-large:0px;--awb-spacing-right-large:1.92%;--awb-margin-bottom-large:20px;--awb-spacing-left-large:1.92%;--awb-width-medium:100%;--awb-order-medium:0;--awb-spacing-right-medium:1.92%;--awb-spacing-left-medium:1.92%;--awb-width-small:100%;--awb-order-small:0;--awb-spacing-right-small:1.92%;--awb-spacing-left-small:1.92%;\"><div class=\"fusion-column-wrapper fusion-column-has-shadow fusion-flex-justify-content-flex-start fusion-content-layout-column\"><\/div><\/div><\/div><\/div><div class=\"fusion-fullwidth fullwidth-box fusion-builder-row-2 fusion-flex-container news-meta-typo nonhundred-percent-fullwidth non-hundred-percent-height-scrolling\" style=\"--link_color: #668c4a;--awb-border-radius-top-left:0px;--awb-border-radius-top-right:0px;--awb-border-radius-bottom-right:0px;--awb-border-radius-bottom-left:0px;--awb-padding-top:0px;--awb-padding-bottom:60px;\" id=\"flex-container\" ><div class=\"fusion-builder-row fusion-row fusion-flex-align-items-flex-start\" style=\"max-width:1248px;margin-left: calc(-4% \/ 2 );margin-right: calc(-4% \/ 2 );\"><div class=\"fusion-layout-column fusion_builder_column fusion-builder-column-5 fusion_builder_column_1_1 1_1 fusion-flex-column\" style=\"--awb-padding-top:50px;--awb-bg-size:cover;--awb-width-large:100%;--awb-margin-top-large:0px;--awb-spacing-right-large:1.92%;--awb-margin-bottom-large:20px;--awb-spacing-left-large:1.92%;--awb-width-medium:100%;--awb-order-medium:0;--awb-spacing-right-medium:1.92%;--awb-spacing-left-medium:1.92%;--awb-width-small:100%;--awb-order-small:0;--awb-spacing-right-small:1.92%;--awb-spacing-left-small:1.92%;\"><div class=\"fusion-column-wrapper fusion-column-has-shadow fusion-flex-justify-content-flex-start fusion-content-layout-column\"><div style=\"text-align:left;\"><a class=\"fusion-button button-flat fusion-button-default-size button-custom fusion-button-default button-2 fusion-button-default-span fusion-button-default-type fusion-has-button-gradient\" style=\"--button_accent_color:#ffffff;--button_accent_hover_color:#ffffff;--button_border_hover_color:rgba(255,255,255,0);--button_gradient_top_color:#363e44;--button_gradient_bottom_color:#40454f;--button_gradient_top_color_hover:#668c4a;--button_gradient_bottom_color_hover:#668c4a;\" target=\"_self\" href=\"https:\/\/paulinenaue.info\/wp-admin\/\"><span class=\"fusion-button-text\">Login f\u00fcr Autoren<\/span><i class=\"fa-address-card fas button-icon-right\" aria-hidden=\"true\"><\/i><\/a><\/div><\/div><\/div><\/div><\/div><div class=\"fusion-fullwidth fullwidth-box fusion-builder-row-3 fusion-flex-container has-pattern-background has-mask-background nonhundred-percent-fullwidth non-hundred-percent-height-scrolling\" style=\"--awb-border-radius-top-left:0px;--awb-border-radius-top-right:0px;--awb-border-radius-bottom-right:0px;--awb-border-radius-bottom-left:0px;\" ><div class=\"fusion-builder-row fusion-row fusion-flex-align-items-flex-start\" style=\"max-width:1248px;margin-left: calc(-4% \/ 2 );margin-right: calc(-4% \/ 2 );\"><\/div><\/div><div class=\"fusion-fullwidth fullwidth-box fusion-builder-row-4 fusion-flex-container hundred-percent-fullwidth non-hundred-percent-height-scrolling\" style=\"--link_hover_color: #000000;--link_color: #cec18a;--awb-border-radius-top-left:0px;--awb-border-radius-top-right:0px;--awb-border-radius-bottom-right:0px;--awb-border-radius-bottom-left:0px;--awb-padding-top:90px;--awb-padding-right:12%;--awb-padding-bottom:90px;--awb-padding-left:12%;--awb-padding-right-medium:30.546999999999997px;--awb-padding-left-medium:49.547px;--awb-padding-top-small:39px;--awb-padding-right-small:30px;--awb-padding-left-small:30px;--awb-background-color:#f2f3f4;--awb-background-image:linear-gradient(0deg, rgba(0,0,0,0.21) 0%,rgba(255,255,255,0) 6%);\" ><div class=\"fusion-builder-row fusion-row fusion-flex-align-items-flex-start fusion-flex-justify-content-center\" style=\"width:104% !important;max-width:104% !important;margin-left: calc(-4% \/ 2 );margin-right: calc(-4% \/ 2 );\"><div class=\"fusion-layout-column fusion_builder_column fusion-builder-column-6 fusion_builder_column_1_1 1_1 fusion-flex-column\" style=\"--awb-padding-top:50px;--awb-bg-size:cover;--awb-width-large:100%;--awb-margin-top-large:0px;--awb-spacing-right-large:1.92%;--awb-margin-bottom-large:20px;--awb-spacing-left-large:1.92%;--awb-width-medium:100%;--awb-order-medium:0;--awb-spacing-right-medium:1.92%;--awb-spacing-left-medium:1.92%;--awb-width-small:100%;--awb-order-small:0;--awb-spacing-right-small:1.92%;--awb-spacing-left-small:1.92%;\"><div class=\"fusion-column-wrapper fusion-column-has-shadow fusion-flex-justify-content-flex-start fusion-content-layout-column\"><div class=\"fusion-title title fusion-title-6 fusion-title-text fusion-title-size-two\"><div class=\"title-sep-container title-sep-container-left fusion-no-large-visibility fusion-no-medium-visibility fusion-no-small-visibility\"><div class=\"title-sep sep-double sep-solid\" style=\"border-color:#e2e2e2;\"><\/div><\/div><span class=\"awb-title-spacer fusion-no-large-visibility fusion-no-medium-visibility fusion-no-small-visibility\"><\/span><h2 class=\"title-heading-left\" style=\"margin:0;\">Paulinenaue in Zahlen<\/h2><span class=\"awb-title-spacer\"><\/span><div class=\"title-sep-container title-sep-container-right\"><div class=\"title-sep sep-double sep-solid\" style=\"border-color:#e2e2e2;\"><\/div><\/div><\/div><div class=\"fusion-counters-box counters-box row fusion-clearfix fusion-columns-4\" style=\"--awb-border-color:rgba(226,226,226,0);--awb-color:#668c4a;--awb-border-color:rgba(226,226,226,0);\"><div class=\"fusion-counter-box fusion-column col-counter-box counter-box-wrapper col-lg-3 col-md-3 col-sm-3\" data-animationOffset=\"top-into-view\"><div class=\"counter-box-container\"><div class=\"content-box-percentage content-box-counter\"><i class=\"counter-box-icon fontawesome-icon fa-users fas\" aria-hidden=\"true\"><\/i><span class=\"display-counter\" data-value=\"1370\" data-direction=\"up\" data-decimals=\"0\">0<\/span><\/div><div class=\"counter-box-content\">Einwohner<\/div><\/div><\/div><div class=\"fusion-counter-box fusion-column col-counter-box counter-box-wrapper col-lg-3 col-md-3 col-sm-3\" data-animationOffset=\"top-into-view\"><div class=\"counter-box-container\"><div class=\"content-box-percentage content-box-counter\"><i class=\"counter-box-icon fontawesome-icon fa-bookmark fas\" aria-hidden=\"true\"><\/i><span class=\"display-counter\" data-value=\"1833\" data-direction=\"up\" data-decimals=\"0\">0<\/span><\/div><div class=\"counter-box-content\">Namensgebung<\/div><\/div><\/div><div class=\"fusion-counter-box fusion-column col-counter-box counter-box-wrapper col-lg-3 col-md-3 col-sm-3\" data-animationOffset=\"top-into-view\"><div class=\"counter-box-container\"><div class=\"content-box-percentage content-box-counter\"><i class=\"counter-box-icon fontawesome-icon fa-map-pin fas\" aria-hidden=\"true\"><\/i><span class=\"display-counter\" data-value=\"1924\" data-direction=\"up\" data-decimals=\"0\">0<\/span><\/div><div class=\"counter-box-content\">Gemeindegr\u00fcndung<\/div><\/div><\/div><div class=\"fusion-counter-box fusion-column col-counter-box counter-box-wrapper col-lg-3 col-md-3 col-sm-3\" data-animationOffset=\"top-into-view\"><div class=\"counter-box-container\"><div class=\"content-box-percentage content-box-counter\"><i class=\"counter-box-icon fontawesome-icon fa-map-marker-alt fas\" aria-hidden=\"true\"><\/i><span class=\"display-counter\" data-value=\"50\" data-direction=\"up\" data-decimals=\"0\">0<\/span><span class=\"unit\">km<\/span><\/div><div class=\"counter-box-content\">bis Berlin<\/div><\/div><\/div><div class=\"fusion-counter-box fusion-column col-counter-box counter-box-wrapper col-lg-3 col-md-3 col-sm-3\" data-animationOffset=\"top-into-view\"><div class=\"counter-box-container\"><div class=\"content-box-percentage content-box-counter\"><i class=\"counter-box-icon fontawesome-icon fa-subway fas\" aria-hidden=\"true\"><\/i><span class=\"display-counter\" data-value=\"42\" data-direction=\"up\" data-decimals=\"0\">0<\/span><span class=\"unit\">min<\/span><\/div><div class=\"counter-box-content\">mit dem Zug bis Berlin Zoo<\/div><\/div><\/div><div class=\"fusion-counter-box fusion-column col-counter-box counter-box-wrapper col-lg-3 col-md-3 col-sm-3\" data-animationOffset=\"top-into-view\"><div class=\"counter-box-container\"><div class=\"content-box-percentage content-box-counter\"><i class=\"counter-box-icon fontawesome-icon fa-biking fas\" aria-hidden=\"true\"><\/i><span class=\"display-counter\" data-value=\"2\" data-direction=\"up\" data-decimals=\"0\">0<\/span><\/div><div class=\"counter-box-content\">Radwege (Havelland-Radweg und Stille Pauline)<\/div><\/div><\/div><div class=\"fusion-counter-box fusion-column col-counter-box counter-box-wrapper col-lg-3 col-md-3 col-sm-3\" data-animationOffset=\"top-into-view\"><div class=\"counter-box-container\"><div class=\"content-box-percentage content-box-counter\"><i class=\"counter-box-icon fontawesome-icon fa-tree fas\" aria-hidden=\"true\"><\/i><span class=\"display-counter\" data-value=\"2\" data-direction=\"up\" data-decimals=\"0\">0<\/span><\/div><div class=\"counter-box-content\">angrenzende Naturschutzgebiete<\/div><\/div><\/div><div class=\"fusion-counter-box fusion-column col-counter-box counter-box-wrapper col-lg-3 col-md-3 col-sm-3\" data-animationOffset=\"top-into-view\"><div class=\"counter-box-container\"><div class=\"content-box-percentage content-box-counter\"><i class=\"counter-box-icon fontawesome-icon fa-plane fas\" aria-hidden=\"true\"><\/i><span class=\"display-counter\" data-value=\"1\" data-direction=\"up\" data-decimals=\"0\">0<\/span><\/div><div class=\"counter-box-content\">Flugplatz<\/div><\/div><\/div><\/div><\/div><\/div><\/div><\/div><\/p>\n","protected":false},"excerpt":{"rendered":"","protected":false},"author":2,"featured_media":416354,"parent":0,"menu_order":0,"comment_status":"closed","ping_status":"closed","template":"100-width.php","meta":{"_acf_changed":false,"_price":"","_stock":"","_tribe_ticket_header":"","_tribe_default_ticket_provider":"","_tribe_ticket_capacity":"0","_ticket_start_date":"","_ticket_end_date":"","_tribe_ticket_show_description":"","_tribe_ticket_show_not_going":false,"_tribe_ticket_use_global_stock":"","_tribe_ticket_global_stock_level":"","_global_stock_mode":"","_global_stock_cap":"","_tribe_rsvp_for_event":"","_tribe_ticket_going_count":"","_tribe_ticket_not_going_count":"","_tribe_tickets_list":"[]","_tribe_ticket_has_attendee_info_fields":false,"jetpack_post_was_ever_published":false,"footnotes":"","_tec_slr_enabled":"","_tec_slr_layout":""},"class_list":["post-5628","page","type-page","status-publish","has-post-thumbnail","hentry"],"acf":[],"yoast_head":"<!-- This site is optimized with the Yoast SEO plugin v27.5 - https:\/\/yoast.com\/product\/yoast-seo-wordpress\/ -->\n<title>Paulinenaue im Havelland - Paulinenaue<\/title>\n<meta name=\"robots\" content=\"index, follow, max-snippet:-1, max-image-preview:large, max-video-preview:-1\" \/>\n<link rel=\"canonical\" href=\"https:\/\/paulinenaue.info\/\" \/>\n<meta property=\"og:locale\" content=\"de_DE\" \/>\n<meta property=\"og:type\" content=\"article\" \/>\n<meta property=\"og:title\" content=\"Paulinenaue im Havelland - Paulinenaue\" \/>\n<meta property=\"og:url\" content=\"https:\/\/paulinenaue.info\/\" \/>\n<meta property=\"og:site_name\" content=\"Paulinenaue\" \/>\n<meta property=\"article:modified_time\" content=\"2026-04-16T18:17:47+00:00\" \/>\n<meta property=\"og:image\" content=\"https:\/\/paulinenaue.info\/wp-content\/uploads\/2024\/05\/C2CC9C77-D9E8-4303-9399-8FF00878493B_1_201_a-scaled.jpeg\" \/>\n\t<meta property=\"og:image:width\" content=\"2560\" \/>\n\t<meta property=\"og:image:height\" content=\"599\" \/>\n\t<meta property=\"og:image:type\" content=\"image\/jpeg\" \/>\n<meta name=\"twitter:card\" content=\"summary_large_image\" \/>\n<meta name=\"twitter:label1\" content=\"Gesch\u00e4tzte Lesezeit\" \/>\n\t<meta name=\"twitter:data1\" content=\"12\u00a0Minuten\" \/>\n<script type=\"application\/ld+json\" class=\"yoast-schema-graph\">{\"@context\":\"https:\\\/\\\/schema.org\",\"@graph\":[{\"@type\":\"WebPage\",\"@id\":\"https:\\\/\\\/paulinenaue.info\\\/\",\"url\":\"https:\\\/\\\/paulinenaue.info\\\/\",\"name\":\"Paulinenaue im Havelland - Paulinenaue\",\"isPartOf\":{\"@id\":\"https:\\\/\\\/paulinenaue.info\\\/#website\"},\"primaryImageOfPage\":{\"@id\":\"https:\\\/\\\/paulinenaue.info\\\/#primaryimage\"},\"image\":{\"@id\":\"https:\\\/\\\/paulinenaue.info\\\/#primaryimage\"},\"thumbnailUrl\":\"https:\\\/\\\/paulinenaue.info\\\/wp-content\\\/uploads\\\/2024\\\/05\\\/C2CC9C77-D9E8-4303-9399-8FF00878493B_1_201_a-scaled.jpeg\",\"datePublished\":\"2021-04-08T10:10:47+00:00\",\"dateModified\":\"2026-04-16T18:17:47+00:00\",\"breadcrumb\":{\"@id\":\"https:\\\/\\\/paulinenaue.info\\\/#breadcrumb\"},\"inLanguage\":\"de\",\"potentialAction\":[{\"@type\":\"ReadAction\",\"target\":[\"https:\\\/\\\/paulinenaue.info\\\/\"]}]},{\"@type\":\"ImageObject\",\"inLanguage\":\"de\",\"@id\":\"https:\\\/\\\/paulinenaue.info\\\/#primaryimage\",\"url\":\"https:\\\/\\\/paulinenaue.info\\\/wp-content\\\/uploads\\\/2024\\\/05\\\/C2CC9C77-D9E8-4303-9399-8FF00878493B_1_201_a-scaled.jpeg\",\"contentUrl\":\"https:\\\/\\\/paulinenaue.info\\\/wp-content\\\/uploads\\\/2024\\\/05\\\/C2CC9C77-D9E8-4303-9399-8FF00878493B_1_201_a-scaled.jpeg\",\"width\":2560,\"height\":599},{\"@type\":\"BreadcrumbList\",\"@id\":\"https:\\\/\\\/paulinenaue.info\\\/#breadcrumb\",\"itemListElement\":[{\"@type\":\"ListItem\",\"position\":1,\"name\":\"Home\",\"item\":\"https:\\\/\\\/paulinenaue.info\\\/\"},{\"@type\":\"ListItem\",\"position\":2,\"name\":\"Paulinenaue im Havelland\"}]},{\"@type\":\"WebSite\",\"@id\":\"https:\\\/\\\/paulinenaue.info\\\/#website\",\"url\":\"https:\\\/\\\/paulinenaue.info\\\/\",\"name\":\"Paulinenaue\",\"description\":\"Ein Dorf im Havelland\",\"potentialAction\":[{\"@type\":\"SearchAction\",\"target\":{\"@type\":\"EntryPoint\",\"urlTemplate\":\"https:\\\/\\\/paulinenaue.info\\\/?s={search_term_string}\"},\"query-input\":{\"@type\":\"PropertyValueSpecification\",\"valueRequired\":true,\"valueName\":\"search_term_string\"}}],\"inLanguage\":\"de\"}]}<\/script>\n<!-- \/ Yoast SEO plugin. -->","yoast_head_json":{"title":"Paulinenaue im Havelland - Paulinenaue","robots":{"index":"index","follow":"follow","max-snippet":"max-snippet:-1","max-image-preview":"max-image-preview:large","max-video-preview":"max-video-preview:-1"},"canonical":"https:\/\/paulinenaue.info\/","og_locale":"de_DE","og_type":"article","og_title":"Paulinenaue im Havelland - Paulinenaue","og_url":"https:\/\/paulinenaue.info\/","og_site_name":"Paulinenaue","article_modified_time":"2026-04-16T18:17:47+00:00","og_image":[{"width":2560,"height":599,"url":"https:\/\/paulinenaue.info\/wp-content\/uploads\/2024\/05\/C2CC9C77-D9E8-4303-9399-8FF00878493B_1_201_a-scaled.jpeg","type":"image\/jpeg"}],"twitter_card":"summary_large_image","twitter_misc":{"Gesch\u00e4tzte Lesezeit":"12\u00a0Minuten"},"schema":{"@context":"https:\/\/schema.org","@graph":[{"@type":"WebPage","@id":"https:\/\/paulinenaue.info\/","url":"https:\/\/paulinenaue.info\/","name":"Paulinenaue im Havelland - Paulinenaue","isPartOf":{"@id":"https:\/\/paulinenaue.info\/#website"},"primaryImageOfPage":{"@id":"https:\/\/paulinenaue.info\/#primaryimage"},"image":{"@id":"https:\/\/paulinenaue.info\/#primaryimage"},"thumbnailUrl":"https:\/\/paulinenaue.info\/wp-content\/uploads\/2024\/05\/C2CC9C77-D9E8-4303-9399-8FF00878493B_1_201_a-scaled.jpeg","datePublished":"2021-04-08T10:10:47+00:00","dateModified":"2026-04-16T18:17:47+00:00","breadcrumb":{"@id":"https:\/\/paulinenaue.info\/#breadcrumb"},"inLanguage":"de","potentialAction":[{"@type":"ReadAction","target":["https:\/\/paulinenaue.info\/"]}]},{"@type":"ImageObject","inLanguage":"de","@id":"https:\/\/paulinenaue.info\/#primaryimage","url":"https:\/\/paulinenaue.info\/wp-content\/uploads\/2024\/05\/C2CC9C77-D9E8-4303-9399-8FF00878493B_1_201_a-scaled.jpeg","contentUrl":"https:\/\/paulinenaue.info\/wp-content\/uploads\/2024\/05\/C2CC9C77-D9E8-4303-9399-8FF00878493B_1_201_a-scaled.jpeg","width":2560,"height":599},{"@type":"BreadcrumbList","@id":"https:\/\/paulinenaue.info\/#breadcrumb","itemListElement":[{"@type":"ListItem","position":1,"name":"Home","item":"https:\/\/paulinenaue.info\/"},{"@type":"ListItem","position":2,"name":"Paulinenaue im Havelland"}]},{"@type":"WebSite","@id":"https:\/\/paulinenaue.info\/#website","url":"https:\/\/paulinenaue.info\/","name":"Paulinenaue","description":"Ein Dorf im Havelland","potentialAction":[{"@type":"SearchAction","target":{"@type":"EntryPoint","urlTemplate":"https:\/\/paulinenaue.info\/?s={search_term_string}"},"query-input":{"@type":"PropertyValueSpecification","valueRequired":true,"valueName":"search_term_string"}}],"inLanguage":"de"}]}},"jetpack_sharing_enabled":true,"jetpack_shortlink":"https:\/\/wp.me\/PcYhWA-1sM","jetpack-related-posts":[{"id":374,"url":"https:\/\/paulinenaue.info\/index.php\/kita-verein\/","url_meta":{"origin":5628,"position":0},"title":"KITA-Verein","author":"Elisa","date":"22. M\u00e4rz 2016","format":false,"excerpt":"","rel":"","context":"\u00c4hnlicher Beitrag","block_context":{"text":"\u00c4hnlicher Beitrag","link":""},"img":{"alt_text":"","src":"","width":0,"height":0},"classes":[]},{"id":324201,"url":"https:\/\/paulinenaue.info\/index.php\/tourismus\/geocaching\/","url_meta":{"origin":5628,"position":1},"title":"Geocaching in Paulinenaue","author":"Konstantin von der Waydbrink","date":"28. Juli 2022","format":false,"excerpt":"","rel":"","context":"\u00c4hnlicher Beitrag","block_context":{"text":"\u00c4hnlicher Beitrag","link":""},"img":{"alt_text":"","src":"https:\/\/i0.wp.com\/paulinenaue.info\/wp-content\/uploads\/2026\/03\/Paulinenaue-Geocaching-Ausschnitt.jpg?resize=350%2C200&ssl=1","width":350,"height":200,"srcset":"https:\/\/i0.wp.com\/paulinenaue.info\/wp-content\/uploads\/2026\/03\/Paulinenaue-Geocaching-Ausschnitt.jpg?resize=350%2C200&ssl=1 1x, https:\/\/i0.wp.com\/paulinenaue.info\/wp-content\/uploads\/2026\/03\/Paulinenaue-Geocaching-Ausschnitt.jpg?resize=525%2C300&ssl=1 1.5x, https:\/\/i0.wp.com\/paulinenaue.info\/wp-content\/uploads\/2026\/03\/Paulinenaue-Geocaching-Ausschnitt.jpg?resize=700%2C400&ssl=1 2x"},"classes":[]},{"id":26,"url":"https:\/\/paulinenaue.info\/index.php\/tourismus\/","url_meta":{"origin":5628,"position":2},"title":"Paulinenaue entdecken","author":"Elisa","date":"29. Oktober 2015","format":false,"excerpt":"","rel":"","context":"\u00c4hnlicher Beitrag","block_context":{"text":"\u00c4hnlicher Beitrag","link":""},"img":{"alt_text":"","src":"https:\/\/i0.wp.com\/paulinenaue.info\/wp-content\/uploads\/2025\/03\/A64D5D60-47E7-45E8-BFE3-0678F0147972_1_201_a-1200x378.jpeg?resize=350%2C200&ssl=1","width":350,"height":200,"srcset":"https:\/\/i0.wp.com\/paulinenaue.info\/wp-content\/uploads\/2025\/03\/A64D5D60-47E7-45E8-BFE3-0678F0147972_1_201_a-1200x378.jpeg?resize=350%2C200&ssl=1 1x, https:\/\/i0.wp.com\/paulinenaue.info\/wp-content\/uploads\/2025\/03\/A64D5D60-47E7-45E8-BFE3-0678F0147972_1_201_a-1200x378.jpeg?resize=525%2C300&ssl=1 1.5x, https:\/\/i0.wp.com\/paulinenaue.info\/wp-content\/uploads\/2025\/03\/A64D5D60-47E7-45E8-BFE3-0678F0147972_1_201_a-1200x378.jpeg?resize=700%2C400&ssl=1 2x, https:\/\/i0.wp.com\/paulinenaue.info\/wp-content\/uploads\/2025\/03\/A64D5D60-47E7-45E8-BFE3-0678F0147972_1_201_a-1200x378.jpeg?resize=1050%2C600&ssl=1 3x"},"classes":[]},{"id":425,"url":"https:\/\/paulinenaue.info\/index.php\/kleintierverein\/","url_meta":{"origin":5628,"position":3},"title":"Kleintierverein","author":"Elisa","date":"22. M\u00e4rz 2016","format":false,"excerpt":"Kleintierz\u00fcchterverein D 719 Paulinenaue e.V. Kontakt Hartmut Ulrich Unter den Eichen 28 14641 Paulinenaue Tel.: (033237) 88 64 0 Beitr\u00e4ge Kleintierausstellung im Jubil\u00e4umsjahr \u2013 50 Jahre KTZV \u201eD 719 Paulinenaue\u201c","rel":"","context":"\u00c4hnlicher Beitrag","block_context":{"text":"\u00c4hnlicher Beitrag","link":""},"img":{"alt_text":"","src":"","width":0,"height":0},"classes":[]},{"id":364,"url":"https:\/\/paulinenaue.info\/index.php\/kirche\/","url_meta":{"origin":5628,"position":4},"title":"Ev. Kirchengemeinde","author":"Elisa","date":"22. M\u00e4rz 2016","format":false,"excerpt":"","rel":"","context":"\u00c4hnlicher Beitrag","block_context":{"text":"\u00c4hnlicher Beitrag","link":""},"img":{"alt_text":"","src":"https:\/\/i0.wp.com\/paulinenaue.info\/wp-content\/uploads\/2016\/03\/Firmenschild_Pfarramt.png?resize=350%2C200","width":350,"height":200,"srcset":"https:\/\/i0.wp.com\/paulinenaue.info\/wp-content\/uploads\/2016\/03\/Firmenschild_Pfarramt.png?resize=350%2C200 1x, https:\/\/i0.wp.com\/paulinenaue.info\/wp-content\/uploads\/2016\/03\/Firmenschild_Pfarramt.png?resize=525%2C300 1.5x, https:\/\/i0.wp.com\/paulinenaue.info\/wp-content\/uploads\/2016\/03\/Firmenschild_Pfarramt.png?resize=700%2C400 2x"},"classes":[]},{"id":6530,"url":"https:\/\/paulinenaue.info\/index.php\/neuigkeiten-aus-paulinenaue-2003-2014\/","url_meta":{"origin":5628,"position":5},"title":"Neuigkeiten aus Paulinenaue (2003\u20132014)","author":"Joachim Scholz","date":"29. Dezember 2021","format":false,"excerpt":"","rel":"","context":"\u00c4hnlicher Beitrag","block_context":{"text":"\u00c4hnlicher Beitrag","link":""},"img":{"alt_text":"","src":"","width":0,"height":0},"classes":[]}],"ticketed":false,"_links":{"self":[{"href":"https:\/\/paulinenaue.info\/index.php\/wp-json\/wp\/v2\/pages\/5628","targetHints":{"allow":["GET"]}}],"collection":[{"href":"https:\/\/paulinenaue.info\/index.php\/wp-json\/wp\/v2\/pages"}],"about":[{"href":"https:\/\/paulinenaue.info\/index.php\/wp-json\/wp\/v2\/types\/page"}],"author":[{"embeddable":true,"href":"https:\/\/paulinenaue.info\/index.php\/wp-json\/wp\/v2\/users\/2"}],"replies":[{"embeddable":true,"href":"https:\/\/paulinenaue.info\/index.php\/wp-json\/wp\/v2\/comments?post=5628"}],"version-history":[{"count":235,"href":"https:\/\/paulinenaue.info\/index.php\/wp-json\/wp\/v2\/pages\/5628\/revisions"}],"predecessor-version":[{"id":419394,"href":"https:\/\/paulinenaue.info\/index.php\/wp-json\/wp\/v2\/pages\/5628\/revisions\/419394"}],"wp:featuredmedia":[{"embeddable":true,"href":"https:\/\/paulinenaue.info\/index.php\/wp-json\/wp\/v2\/media\/416354"}],"wp:attachment":[{"href":"https:\/\/paulinenaue.info\/index.php\/wp-json\/wp\/v2\/media?parent=5628"}],"curies":[{"name":"wp","href":"https:\/\/api.w.org\/{rel}","templated":true}]}}