{"id":417306,"date":"2025-02-20T18:30:35","date_gmt":"2025-02-20T17:30:35","guid":{"rendered":"https:\/\/paulinenaue.info\/?post_type=tribe_events&#038;p=417306"},"modified":"2025-05-12T19:37:13","modified_gmt":"2025-05-12T17:37:13","slug":"fete-de-la-musique-2","status":"publish","type":"tribe_events","link":"https:\/\/paulinenaue.info\/index.php\/event\/fete-de-la-musique-2\/","title":{"rendered":"F\u00eate de la musique"},"content":{"rendered":"<p>Einige Paulinenauer Kumpels hatten schon seit einigen Jahren die Idee, die F\u00eate de la Musique auch nach Paulinenaue zu holen! Dieses Jahr darf nun schon zum zweiten Mal getanzt und geschwooft werden \u2013 in Paulinenaue aber auch in Friesack und in Brieselang!<\/p>\n<p><strong>Was ist die F\u00eate\u00a0de la Musique?<\/strong><\/p>\n<p>Aus dem Fest der Stra\u00dfenmusik in Frankreich ist eine weltumspannende vielf\u00e4ltige Musikparty geworden. Grundgedanke ist es, die Musikbegeisterung bei den Menschen zu st\u00e4rken, jungen Nachwuchstalenten eine B\u00fchne zu geben und zugleich den Sommer musikalisch zu begr\u00fc\u00dfen.<\/p>\n<p><strong>Programm in Paulinenaue:<\/strong><br \/>\n<strong>ab 15:00 Gro\u00dfer Sportplatz Paulinenaue<\/strong><\/p>\n<ul>\n<li><strong>15 Uhr &#8211; Er\u00f6ffnung durch Karibu\u00a0Grundschule<\/strong><\/li>\n<\/ul>\n<p>Danach Live-Musik von:<\/p>\n<ul>\n<li>Freaks from playground\u00a0(Sch\u00fclerband aus Seegefeld\/Falkensee, Liedermaching Akustik-Rock)<\/li>\n<li><a href=\"https:\/\/www.youtube.com\/watch?v=QDaL27vTyaE\">Captain Zorxs<\/a> unplugged (disco metal from outa space aus Berlin)<\/li>\n<li><a href=\"https:\/\/www.youtube.com\/watch?v=ByZVflq01yk&amp;t=149s\"><strong>Sunset<\/strong> Seeds\u00a0<\/a>(Surfrock aus Berlin\/Ribbeck)<\/li>\n<li><a href=\"https:\/\/www.facebook.com\/p\/The-Anulus-100063480549843\/\">The Anulus<\/a> (Alternative-Stoner-JobRock aus Rathenow)<\/li>\n<li><a href=\"http:\/\/www.abm-punkrock.de\/\">Alcoholic Breakdance Massacre<\/a> (Ska-Punk aus Rathenow)<\/li>\n<\/ul>\n<p><strong>\u00a0<\/strong><\/p>\n<p><strong>Open Stage<\/strong>\u00a0(die B\u00fchne geh\u00f6rt Dir)<\/p>\n<p><strong>Eintritt frei!<\/strong><\/p>\n<p><em>F\u00fcr Kaffee und Kuchen sowie deftiges und vegetarisches vom Grill ist gesorgt.<\/em><\/p>\n<p>Eine Veranstaltung des\u00a0<em>Paulinenauer Kulturvereins<\/em> in Kooperation mit dem <em>Paulinenauer TSV<\/em><\/p>\n<p>&nbsp;<\/p>\n<p>Wer Lust hat, selbst auf der B\u00fchne zu stehen oder beim Event zu unterst\u00fctzen, meldet sich bitte bei Valentin Franklyn per mail: <a href=\"mailto:valentin.franklyn@gmx.de\">valentin.franklyn@gmx.de<\/a> .<\/p>\n<p><a href=\"https:\/\/paulinenaue.info\/wp-content\/uploads\/2025\/02\/fete-aue_vs.png\"><img decoding=\"async\" data-attachment-id=\"417853\" data-permalink=\"https:\/\/paulinenaue.info\/index.php\/event\/fete-de-la-musique-2\/fete-aue_vs\/\" data-orig-file=\"https:\/\/paulinenaue.info\/wp-content\/uploads\/2025\/02\/fete-aue_vs.png\" data-orig-size=\"1123,2382\" data-comments-opened=\"1\" data-image-meta=\"{&quot;aperture&quot;:&quot;0&quot;,&quot;credit&quot;:&quot;&quot;,&quot;camera&quot;:&quot;&quot;,&quot;caption&quot;:&quot;&quot;,&quot;created_timestamp&quot;:&quot;0&quot;,&quot;copyright&quot;:&quot;&quot;,&quot;focal_length&quot;:&quot;0&quot;,&quot;iso&quot;:&quot;0&quot;,&quot;shutter_speed&quot;:&quot;0&quot;,&quot;title&quot;:&quot;&quot;,&quot;orientation&quot;:&quot;0&quot;}\" data-image-title=\"fete-aue_vs\" data-image-description=\"\" data-image-caption=\"\" data-large-file=\"https:\/\/paulinenaue.info\/wp-content\/uploads\/2025\/02\/fete-aue_vs-483x1024.png\" class=\"lazyload alignnone size-medium wp-image-417853\" src=\"https:\/\/paulinenaue.info\/wp-content\/uploads\/2025\/02\/fete-aue_vs-141x300.png\" data-orig-src=\"https:\/\/paulinenaue.info\/wp-content\/uploads\/2025\/02\/fete-aue_vs-141x300.png\" alt=\"\" width=\"141\" height=\"300\" srcset=\"data:image\/svg+xml,%3Csvg%20xmlns%3D%27http%3A%2F%2Fwww.w3.org%2F2000%2Fsvg%27%20width%3D%27141%27%20height%3D%27300%27%20viewBox%3D%270%200%20141%20300%27%3E%3Crect%20width%3D%27141%27%20height%3D%27300%27%20fill-opacity%3D%220%22%2F%3E%3C%2Fsvg%3E\" data-srcset=\"https:\/\/paulinenaue.info\/wp-content\/uploads\/2025\/02\/fete-aue_vs-141x300.png 141w, https:\/\/paulinenaue.info\/wp-content\/uploads\/2025\/02\/fete-aue_vs-200x424.png 200w, https:\/\/paulinenaue.info\/wp-content\/uploads\/2025\/02\/fete-aue_vs-400x848.png 400w, https:\/\/paulinenaue.info\/wp-content\/uploads\/2025\/02\/fete-aue_vs-483x1024.png 483w, https:\/\/paulinenaue.info\/wp-content\/uploads\/2025\/02\/fete-aue_vs-600x1273.png 600w, https:\/\/paulinenaue.info\/wp-content\/uploads\/2025\/02\/fete-aue_vs-724x1536.png 724w, https:\/\/paulinenaue.info\/wp-content\/uploads\/2025\/02\/fete-aue_vs-768x1629.png 768w, https:\/\/paulinenaue.info\/wp-content\/uploads\/2025\/02\/fete-aue_vs-800x1697.png 800w, https:\/\/paulinenaue.info\/wp-content\/uploads\/2025\/02\/fete-aue_vs-966x2048.png 966w, https:\/\/paulinenaue.info\/wp-content\/uploads\/2025\/02\/fete-aue_vs.png 1123w\" data-sizes=\"auto\" data-orig-sizes=\"(max-width: 141px) 100vw, 141px\" \/><\/a> <a href=\"https:\/\/paulinenaue.info\/wp-content\/uploads\/2025\/02\/fete-paue_rs.png\"><img decoding=\"async\" data-attachment-id=\"417854\" data-permalink=\"https:\/\/paulinenaue.info\/index.php\/event\/fete-de-la-musique-2\/fete-paue_rs\/\" data-orig-file=\"https:\/\/paulinenaue.info\/wp-content\/uploads\/2025\/02\/fete-paue_rs.png\" data-orig-size=\"1124,2382\" data-comments-opened=\"1\" data-image-meta=\"{&quot;aperture&quot;:&quot;0&quot;,&quot;credit&quot;:&quot;&quot;,&quot;camera&quot;:&quot;&quot;,&quot;caption&quot;:&quot;&quot;,&quot;created_timestamp&quot;:&quot;0&quot;,&quot;copyright&quot;:&quot;&quot;,&quot;focal_length&quot;:&quot;0&quot;,&quot;iso&quot;:&quot;0&quot;,&quot;shutter_speed&quot;:&quot;0&quot;,&quot;title&quot;:&quot;&quot;,&quot;orientation&quot;:&quot;0&quot;}\" data-image-title=\"fete-paue_rs\" data-image-description=\"\" data-image-caption=\"\" data-large-file=\"https:\/\/paulinenaue.info\/wp-content\/uploads\/2025\/02\/fete-paue_rs-483x1024.png\" class=\"lazyload alignnone size-medium wp-image-417854\" src=\"https:\/\/paulinenaue.info\/wp-content\/uploads\/2025\/02\/fete-paue_rs-142x300.png\" data-orig-src=\"https:\/\/paulinenaue.info\/wp-content\/uploads\/2025\/02\/fete-paue_rs-142x300.png\" alt=\"\" width=\"142\" height=\"300\" srcset=\"data:image\/svg+xml,%3Csvg%20xmlns%3D%27http%3A%2F%2Fwww.w3.org%2F2000%2Fsvg%27%20width%3D%27142%27%20height%3D%27300%27%20viewBox%3D%270%200%20142%20300%27%3E%3Crect%20width%3D%27142%27%20height%3D%27300%27%20fill-opacity%3D%220%22%2F%3E%3C%2Fsvg%3E\" data-srcset=\"https:\/\/paulinenaue.info\/wp-content\/uploads\/2025\/02\/fete-paue_rs-142x300.png 142w, https:\/\/paulinenaue.info\/wp-content\/uploads\/2025\/02\/fete-paue_rs-200x424.png 200w, https:\/\/paulinenaue.info\/wp-content\/uploads\/2025\/02\/fete-paue_rs-400x848.png 400w, https:\/\/paulinenaue.info\/wp-content\/uploads\/2025\/02\/fete-paue_rs-483x1024.png 483w, https:\/\/paulinenaue.info\/wp-content\/uploads\/2025\/02\/fete-paue_rs-600x1272.png 600w, https:\/\/paulinenaue.info\/wp-content\/uploads\/2025\/02\/fete-paue_rs-725x1536.png 725w, https:\/\/paulinenaue.info\/wp-content\/uploads\/2025\/02\/fete-paue_rs-768x1628.png 768w, https:\/\/paulinenaue.info\/wp-content\/uploads\/2025\/02\/fete-paue_rs-800x1695.png 800w, https:\/\/paulinenaue.info\/wp-content\/uploads\/2025\/02\/fete-paue_rs-966x2048.png 966w, https:\/\/paulinenaue.info\/wp-content\/uploads\/2025\/02\/fete-paue_rs.png 1124w\" data-sizes=\"auto\" data-orig-sizes=\"(max-width: 142px) 100vw, 142px\" \/><\/a><\/p>\n","protected":false},"excerpt":{"rendered":"<p>Einige Paulinenauer Kumpels hatten schon seit einigen Jahren die Idee, [&hellip;]<\/p>\n","protected":false},"author":1,"featured_media":416563,"template":"","meta":{"_acf_changed":false,"_price":"","_stock":"","_tribe_ticket_header":"","_tribe_default_ticket_provider":"","_tribe_ticket_capacity":"0","_ticket_start_date":"","_ticket_end_date":"","_tribe_ticket_show_description":"","_tribe_ticket_show_not_going":false,"_tribe_ticket_use_global_stock":"","_tribe_ticket_global_stock_level":"","_global_stock_mode":"","_global_stock_cap":"","_tribe_rsvp_for_event":"","_tribe_ticket_going_count":"","_tribe_ticket_not_going_count":"","_tribe_tickets_list":"[]","_tribe_ticket_has_attendee_info_fields":false,"jetpack_post_was_ever_published":false,"_tribe_events_status":"","_tribe_events_status_reason":"","footnotes":"","_tec_slr_enabled":"","_tec_slr_layout":""},"tags":[553],"tribe_events_cat":[387],"class_list":["post-417306","tribe_events","type-tribe_events","status-publish","has-post-thumbnail","hentry","tag-fete-de-la-musique","tribe_events_cat-kulturverein","cat_kulturverein"],"acf":[],"yoast_head":"<!-- This site is optimized with the Yoast SEO plugin v27.5 - https:\/\/yoast.com\/product\/yoast-seo-wordpress\/ -->\n<title>F\u00eate de la musique - Paulinenaue<\/title>\n<meta name=\"robots\" content=\"index, follow, max-snippet:-1, max-image-preview:large, max-video-preview:-1\" \/>\n<link rel=\"canonical\" href=\"https:\/\/paulinenaue.info\/index.php\/event\/fete-de-la-musique-2\/\" \/>\n<meta property=\"og:locale\" content=\"de_DE\" \/>\n<meta property=\"og:type\" content=\"article\" \/>\n<meta property=\"og:title\" content=\"F\u00eate de la musique - Paulinenaue\" \/>\n<meta property=\"og:description\" content=\"Einige Paulinenauer Kumpels hatten schon seit einigen Jahren die Idee, [&hellip;]\" \/>\n<meta property=\"og:url\" content=\"https:\/\/paulinenaue.info\/index.php\/event\/fete-de-la-musique-2\/\" \/>\n<meta property=\"og:site_name\" content=\"Paulinenaue\" \/>\n<meta property=\"article:modified_time\" content=\"2025-05-12T17:37:13+00:00\" \/>\n<meta property=\"og:image\" content=\"https:\/\/paulinenaue.info\/wp-content\/uploads\/2024\/06\/2024-06-21-Fete-de-la-Muique-06.jpg\" \/>\n\t<meta property=\"og:image:width\" content=\"1600\" \/>\n\t<meta property=\"og:image:height\" content=\"1200\" \/>\n\t<meta property=\"og:image:type\" content=\"image\/jpeg\" \/>\n<meta name=\"twitter:card\" content=\"summary_large_image\" \/>\n<meta name=\"twitter:label1\" content=\"Gesch\u00e4tzte Lesezeit\" \/>\n\t<meta name=\"twitter:data1\" content=\"2\u00a0Minuten\" \/>\n<script type=\"application\/ld+json\" class=\"yoast-schema-graph\">{\"@context\":\"https:\\\/\\\/schema.org\",\"@graph\":[{\"@type\":\"WebPage\",\"@id\":\"https:\\\/\\\/paulinenaue.info\\\/index.php\\\/event\\\/fete-de-la-musique-2\\\/\",\"url\":\"https:\\\/\\\/paulinenaue.info\\\/index.php\\\/event\\\/fete-de-la-musique-2\\\/\",\"name\":\"F\u00eate de la musique - Paulinenaue\",\"isPartOf\":{\"@id\":\"https:\\\/\\\/paulinenaue.info\\\/#website\"},\"primaryImageOfPage\":{\"@id\":\"https:\\\/\\\/paulinenaue.info\\\/index.php\\\/event\\\/fete-de-la-musique-2\\\/#primaryimage\"},\"image\":{\"@id\":\"https:\\\/\\\/paulinenaue.info\\\/index.php\\\/event\\\/fete-de-la-musique-2\\\/#primaryimage\"},\"thumbnailUrl\":\"https:\\\/\\\/paulinenaue.info\\\/wp-content\\\/uploads\\\/2024\\\/06\\\/2024-06-21-Fete-de-la-Muique-06.jpg\",\"datePublished\":\"2025-02-20T17:30:35+00:00\",\"dateModified\":\"2025-05-12T17:37:13+00:00\",\"breadcrumb\":{\"@id\":\"https:\\\/\\\/paulinenaue.info\\\/index.php\\\/event\\\/fete-de-la-musique-2\\\/#breadcrumb\"},\"inLanguage\":\"de\",\"potentialAction\":[{\"@type\":\"ReadAction\",\"target\":[\"https:\\\/\\\/paulinenaue.info\\\/index.php\\\/event\\\/fete-de-la-musique-2\\\/\"]}]},{\"@type\":\"ImageObject\",\"inLanguage\":\"de\",\"@id\":\"https:\\\/\\\/paulinenaue.info\\\/index.php\\\/event\\\/fete-de-la-musique-2\\\/#primaryimage\",\"url\":\"https:\\\/\\\/paulinenaue.info\\\/wp-content\\\/uploads\\\/2024\\\/06\\\/2024-06-21-Fete-de-la-Muique-06.jpg\",\"contentUrl\":\"https:\\\/\\\/paulinenaue.info\\\/wp-content\\\/uploads\\\/2024\\\/06\\\/2024-06-21-Fete-de-la-Muique-06.jpg\",\"width\":1600,\"height\":1200,\"caption\":\"Die erste F\u00eate de la Musique in Paulinenaue. Foto: E. Schwarz, 2024.\"},{\"@type\":\"BreadcrumbList\",\"@id\":\"https:\\\/\\\/paulinenaue.info\\\/index.php\\\/event\\\/fete-de-la-musique-2\\\/#breadcrumb\",\"itemListElement\":[{\"@type\":\"ListItem\",\"position\":1,\"name\":\"Home\",\"item\":\"https:\\\/\\\/paulinenaue.info\\\/\"},{\"@type\":\"ListItem\",\"position\":2,\"name\":\"Veranstaltungen\",\"item\":\"https:\\\/\\\/paulinenaue.info\\\/index.php\\\/events\\\/\"},{\"@type\":\"ListItem\",\"position\":3,\"name\":\"F\u00eate de la musique\"}]},{\"@type\":\"WebSite\",\"@id\":\"https:\\\/\\\/paulinenaue.info\\\/#website\",\"url\":\"https:\\\/\\\/paulinenaue.info\\\/\",\"name\":\"Paulinenaue\",\"description\":\"Ein Dorf im Havelland\",\"potentialAction\":[{\"@type\":\"SearchAction\",\"target\":{\"@type\":\"EntryPoint\",\"urlTemplate\":\"https:\\\/\\\/paulinenaue.info\\\/?s={search_term_string}\"},\"query-input\":{\"@type\":\"PropertyValueSpecification\",\"valueRequired\":true,\"valueName\":\"search_term_string\"}}],\"inLanguage\":\"de\"}]}<\/script>\n<!-- \/ Yoast SEO plugin. -->","yoast_head_json":{"title":"F\u00eate de la musique - Paulinenaue","robots":{"index":"index","follow":"follow","max-snippet":"max-snippet:-1","max-image-preview":"max-image-preview:large","max-video-preview":"max-video-preview:-1"},"canonical":"https:\/\/paulinenaue.info\/index.php\/event\/fete-de-la-musique-2\/","og_locale":"de_DE","og_type":"article","og_title":"F\u00eate de la musique - Paulinenaue","og_description":"Einige Paulinenauer Kumpels hatten schon seit einigen Jahren die Idee, [&hellip;]","og_url":"https:\/\/paulinenaue.info\/index.php\/event\/fete-de-la-musique-2\/","og_site_name":"Paulinenaue","article_modified_time":"2025-05-12T17:37:13+00:00","og_image":[{"width":1600,"height":1200,"url":"https:\/\/paulinenaue.info\/wp-content\/uploads\/2024\/06\/2024-06-21-Fete-de-la-Muique-06.jpg","type":"image\/jpeg"}],"twitter_card":"summary_large_image","twitter_misc":{"Gesch\u00e4tzte Lesezeit":"2\u00a0Minuten"},"schema":{"@context":"https:\/\/schema.org","@graph":[{"@type":"WebPage","@id":"https:\/\/paulinenaue.info\/index.php\/event\/fete-de-la-musique-2\/","url":"https:\/\/paulinenaue.info\/index.php\/event\/fete-de-la-musique-2\/","name":"F\u00eate de la musique - Paulinenaue","isPartOf":{"@id":"https:\/\/paulinenaue.info\/#website"},"primaryImageOfPage":{"@id":"https:\/\/paulinenaue.info\/index.php\/event\/fete-de-la-musique-2\/#primaryimage"},"image":{"@id":"https:\/\/paulinenaue.info\/index.php\/event\/fete-de-la-musique-2\/#primaryimage"},"thumbnailUrl":"https:\/\/paulinenaue.info\/wp-content\/uploads\/2024\/06\/2024-06-21-Fete-de-la-Muique-06.jpg","datePublished":"2025-02-20T17:30:35+00:00","dateModified":"2025-05-12T17:37:13+00:00","breadcrumb":{"@id":"https:\/\/paulinenaue.info\/index.php\/event\/fete-de-la-musique-2\/#breadcrumb"},"inLanguage":"de","potentialAction":[{"@type":"ReadAction","target":["https:\/\/paulinenaue.info\/index.php\/event\/fete-de-la-musique-2\/"]}]},{"@type":"ImageObject","inLanguage":"de","@id":"https:\/\/paulinenaue.info\/index.php\/event\/fete-de-la-musique-2\/#primaryimage","url":"https:\/\/paulinenaue.info\/wp-content\/uploads\/2024\/06\/2024-06-21-Fete-de-la-Muique-06.jpg","contentUrl":"https:\/\/paulinenaue.info\/wp-content\/uploads\/2024\/06\/2024-06-21-Fete-de-la-Muique-06.jpg","width":1600,"height":1200,"caption":"Die erste F\u00eate de la Musique in Paulinenaue. Foto: E. Schwarz, 2024."},{"@type":"BreadcrumbList","@id":"https:\/\/paulinenaue.info\/index.php\/event\/fete-de-la-musique-2\/#breadcrumb","itemListElement":[{"@type":"ListItem","position":1,"name":"Home","item":"https:\/\/paulinenaue.info\/"},{"@type":"ListItem","position":2,"name":"Veranstaltungen","item":"https:\/\/paulinenaue.info\/index.php\/events\/"},{"@type":"ListItem","position":3,"name":"F\u00eate de la musique"}]},{"@type":"WebSite","@id":"https:\/\/paulinenaue.info\/#website","url":"https:\/\/paulinenaue.info\/","name":"Paulinenaue","description":"Ein Dorf im Havelland","potentialAction":[{"@type":"SearchAction","target":{"@type":"EntryPoint","urlTemplate":"https:\/\/paulinenaue.info\/?s={search_term_string}"},"query-input":{"@type":"PropertyValueSpecification","valueRequired":true,"valueName":"search_term_string"}}],"inLanguage":"de"}]}},"jetpack_sharing_enabled":true,"ticketed":false,"_links":{"self":[{"href":"https:\/\/paulinenaue.info\/index.php\/wp-json\/wp\/v2\/tribe_events\/417306","targetHints":{"allow":["GET"]}}],"collection":[{"href":"https:\/\/paulinenaue.info\/index.php\/wp-json\/wp\/v2\/tribe_events"}],"about":[{"href":"https:\/\/paulinenaue.info\/index.php\/wp-json\/wp\/v2\/types\/tribe_events"}],"author":[{"embeddable":true,"href":"https:\/\/paulinenaue.info\/index.php\/wp-json\/wp\/v2\/users\/1"}],"version-history":[{"count":3,"href":"https:\/\/paulinenaue.info\/index.php\/wp-json\/wp\/v2\/tribe_events\/417306\/revisions"}],"predecessor-version":[{"id":417855,"href":"https:\/\/paulinenaue.info\/index.php\/wp-json\/wp\/v2\/tribe_events\/417306\/revisions\/417855"}],"wp:featuredmedia":[{"embeddable":true,"href":"https:\/\/paulinenaue.info\/index.php\/wp-json\/wp\/v2\/media\/416563"}],"wp:attachment":[{"href":"https:\/\/paulinenaue.info\/index.php\/wp-json\/wp\/v2\/media?parent=417306"}],"wp:term":[{"taxonomy":"post_tag","embeddable":true,"href":"https:\/\/paulinenaue.info\/index.php\/wp-json\/wp\/v2\/tags?post=417306"},{"taxonomy":"tribe_events_cat","embeddable":true,"href":"https:\/\/paulinenaue.info\/index.php\/wp-json\/wp\/v2\/tribe_events_cat?post=417306"}],"curies":[{"name":"wp","href":"https:\/\/api.w.org\/{rel}","templated":true}]}}