{"id":418172,"date":"2025-07-07T20:27:38","date_gmt":"2025-07-07T18:27:38","guid":{"rendered":"https:\/\/paulinenaue.info\/?post_type=tribe_events&#038;p=418172"},"modified":"2025-07-07T20:27:38","modified_gmt":"2025-07-07T18:27:38","slug":"miteinander-reden-buergerdialog-in-paulinenaue","status":"publish","type":"tribe_events","link":"https:\/\/paulinenaue.info\/index.php\/event\/miteinander-reden-buergerdialog-in-paulinenaue\/","title":{"rendered":"Miteinander Reden &#8211; B\u00fcrgerdialog in Paulinenaue"},"content":{"rendered":"<p><strong>Thema: Soziale Ungleichheit \u2013 ein verdr\u00e4ngtes Thema?<\/strong><\/p>\n<p><strong>In den letzten Jahrzehnten ist die soziale Ungleichheit in vielen Gesellschaften deutlich gewachsen \u2013 auch in Deutschland. Gleichzeitig wurde immer weniger dar\u00fcber gesprochen. Warum ist das so? Und welche Folgen hat es, wenn soziale Fragen in der politischen Debatte kaum mehr vorkommen?<\/strong><\/p>\n<p>Der Sozialwissenschaftler Hans Blokland stellt zur Diskussion:<\/p>\n<p><em>\u201eWahrscheinlich h\u00e4ngen beide Entwicklungen zusammen: der Anstieg sozialer Ungleichheit \u2013 und das Schweigen dar\u00fcber. Ein Teil der Erkl\u00e4rung f\u00fcr den Aufstieg des Rechtspopulismus liegt sicher auch darin, dass Regierungen es vers\u00e4umt haben, Menschen vor tiefgreifenden gesellschaftlichen Ver\u00e4nderungen zu sch\u00fctzen.\u201c<\/em><\/p>\n<p>&nbsp;<\/p>\n<p>Gemeinsam wollen wir dar\u00fcber ins Gespr\u00e4ch kommen:<\/p>\n<ul>\n<li>Warum ist soziale Gerechtigkeit kein zentrales Thema mehr?<\/li>\n<li>Was macht das mit unserem gesellschaftlichen Zusammenhalt?<\/li>\n<li>Welche Handlungsm\u00f6glichkeiten gibt es \u2013 politisch wie pers\u00f6nlich?<\/li>\n<\/ul>\n<p>&nbsp;<\/p>\n<p><strong>Alle Interessierten sind herzlich eingeladen!<\/strong><\/p>\n<p><a href=\"https:\/\/paulinenaue.info\/wp-content\/uploads\/2025\/07\/Buergerdialog-20.07.2025.png\"><img decoding=\"async\" data-attachment-id=\"418173\" data-permalink=\"https:\/\/paulinenaue.info\/index.php\/event\/miteinander-reden-buergerdialog-in-paulinenaue\/buergerdialog-20-07-2025\/\" data-orig-file=\"https:\/\/paulinenaue.info\/wp-content\/uploads\/2025\/07\/Buergerdialog-20.07.2025.png\" data-orig-size=\"1414,2000\" data-comments-opened=\"1\" data-image-meta=\"{&quot;aperture&quot;:&quot;0&quot;,&quot;credit&quot;:&quot;&quot;,&quot;camera&quot;:&quot;&quot;,&quot;caption&quot;:&quot;&quot;,&quot;created_timestamp&quot;:&quot;0&quot;,&quot;copyright&quot;:&quot;&quot;,&quot;focal_length&quot;:&quot;0&quot;,&quot;iso&quot;:&quot;0&quot;,&quot;shutter_speed&quot;:&quot;0&quot;,&quot;title&quot;:&quot;&quot;,&quot;orientation&quot;:&quot;0&quot;}\" data-image-title=\"B\u00fcrgerdialog 20.07.2025\" data-image-description=\"\" data-image-caption=\"\" data-large-file=\"https:\/\/paulinenaue.info\/wp-content\/uploads\/2025\/07\/Buergerdialog-20.07.2025-724x1024.png\" class=\"lazyload alignnone  wp-image-418173\" src=\"https:\/\/paulinenaue.info\/wp-content\/uploads\/2025\/07\/Buergerdialog-20.07.2025-212x300.png\" data-orig-src=\"https:\/\/paulinenaue.info\/wp-content\/uploads\/2025\/07\/Buergerdialog-20.07.2025-212x300.png\" alt=\"\" width=\"470\" height=\"665\" srcset=\"data:image\/svg+xml,%3Csvg%20xmlns%3D%27http%3A%2F%2Fwww.w3.org%2F2000%2Fsvg%27%20width%3D%27470%27%20height%3D%27665%27%20viewBox%3D%270%200%20470%20665%27%3E%3Crect%20width%3D%27470%27%20height%3D%27665%27%20fill-opacity%3D%220%22%2F%3E%3C%2Fsvg%3E\" data-srcset=\"https:\/\/paulinenaue.info\/wp-content\/uploads\/2025\/07\/Buergerdialog-20.07.2025-200x283.png 200w, https:\/\/paulinenaue.info\/wp-content\/uploads\/2025\/07\/Buergerdialog-20.07.2025-212x300.png 212w, https:\/\/paulinenaue.info\/wp-content\/uploads\/2025\/07\/Buergerdialog-20.07.2025-400x566.png 400w, https:\/\/paulinenaue.info\/wp-content\/uploads\/2025\/07\/Buergerdialog-20.07.2025-600x849.png 600w, https:\/\/paulinenaue.info\/wp-content\/uploads\/2025\/07\/Buergerdialog-20.07.2025-724x1024.png 724w, https:\/\/paulinenaue.info\/wp-content\/uploads\/2025\/07\/Buergerdialog-20.07.2025-768x1086.png 768w, https:\/\/paulinenaue.info\/wp-content\/uploads\/2025\/07\/Buergerdialog-20.07.2025-800x1132.png 800w, https:\/\/paulinenaue.info\/wp-content\/uploads\/2025\/07\/Buergerdialog-20.07.2025-1086x1536.png 1086w, https:\/\/paulinenaue.info\/wp-content\/uploads\/2025\/07\/Buergerdialog-20.07.2025-1200x1697.png 1200w, https:\/\/paulinenaue.info\/wp-content\/uploads\/2025\/07\/Buergerdialog-20.07.2025.png 1414w\" data-sizes=\"auto\" data-orig-sizes=\"(max-width: 470px) 100vw, 470px\" \/><\/a><\/p>\n<p>&nbsp;<\/p>\n","protected":false},"excerpt":{"rendered":"<p>Thema: Soziale Ungleichheit \u2013 ein verdr\u00e4ngtes Thema? In den letzten [&hellip;]<\/p>\n","protected":false},"author":3,"featured_media":418173,"template":"","meta":{"_acf_changed":false,"_price":"","_stock":"","_tribe_ticket_header":"","_tribe_default_ticket_provider":"","_tribe_ticket_capacity":"0","_ticket_start_date":"","_ticket_end_date":"","_tribe_ticket_show_description":"","_tribe_ticket_show_not_going":false,"_tribe_ticket_use_global_stock":"","_tribe_ticket_global_stock_level":"","_global_stock_mode":"","_global_stock_cap":"","_tribe_rsvp_for_event":"","_tribe_ticket_going_count":"","_tribe_ticket_not_going_count":"","_tribe_tickets_list":"[]","_tribe_ticket_has_attendee_info_fields":false,"jetpack_post_was_ever_published":false,"_tribe_events_status":"","_tribe_events_status_reason":"","footnotes":"","_tec_slr_enabled":"","_tec_slr_layout":""},"tags":[603,625,624],"tribe_events_cat":[388,400,387],"class_list":["post-418172","tribe_events","type-tribe_events","status-publish","has-post-thumbnail","hentry","tag-buergerdialog","tag-hans-blokland","tag-soziale-ungerechtigkeit","tribe_events_cat-gemeinde","tribe_events_cat-kirche","tribe_events_cat-kulturverein","cat_gemeinde","cat_kirche","cat_kulturverein"],"acf":[],"yoast_head":"<!-- This site is optimized with the Yoast SEO plugin v27.5 - https:\/\/yoast.com\/product\/yoast-seo-wordpress\/ -->\n<title>Miteinander Reden - B\u00fcrgerdialog in Paulinenaue - Paulinenaue<\/title>\n<meta name=\"robots\" content=\"index, follow, max-snippet:-1, max-image-preview:large, max-video-preview:-1\" \/>\n<link rel=\"canonical\" href=\"https:\/\/paulinenaue.info\/index.php\/event\/miteinander-reden-buergerdialog-in-paulinenaue\/\" \/>\n<meta property=\"og:locale\" content=\"de_DE\" \/>\n<meta property=\"og:type\" content=\"article\" \/>\n<meta property=\"og:title\" content=\"Miteinander Reden - B\u00fcrgerdialog in Paulinenaue - Paulinenaue\" \/>\n<meta property=\"og:description\" content=\"Thema: Soziale Ungleichheit \u2013 ein verdr\u00e4ngtes Thema? In den letzten [&hellip;]\" \/>\n<meta property=\"og:url\" content=\"https:\/\/paulinenaue.info\/index.php\/event\/miteinander-reden-buergerdialog-in-paulinenaue\/\" \/>\n<meta property=\"og:site_name\" content=\"Paulinenaue\" \/>\n<meta property=\"og:image\" content=\"https:\/\/paulinenaue.info\/wp-content\/uploads\/2025\/07\/Buergerdialog-20.07.2025.png\" \/>\n\t<meta property=\"og:image:width\" content=\"1414\" \/>\n\t<meta property=\"og:image:height\" content=\"2000\" \/>\n\t<meta property=\"og:image:type\" content=\"image\/png\" \/>\n<meta name=\"twitter:card\" content=\"summary_large_image\" \/>\n<meta name=\"twitter:label1\" content=\"Gesch\u00e4tzte Lesezeit\" \/>\n\t<meta name=\"twitter:data1\" content=\"2\u00a0Minuten\" \/>\n<script type=\"application\/ld+json\" class=\"yoast-schema-graph\">{\"@context\":\"https:\\\/\\\/schema.org\",\"@graph\":[{\"@type\":\"WebPage\",\"@id\":\"https:\\\/\\\/paulinenaue.info\\\/index.php\\\/event\\\/miteinander-reden-buergerdialog-in-paulinenaue\\\/\",\"url\":\"https:\\\/\\\/paulinenaue.info\\\/index.php\\\/event\\\/miteinander-reden-buergerdialog-in-paulinenaue\\\/\",\"name\":\"Miteinander Reden - B\u00fcrgerdialog in Paulinenaue - Paulinenaue\",\"isPartOf\":{\"@id\":\"https:\\\/\\\/paulinenaue.info\\\/#website\"},\"primaryImageOfPage\":{\"@id\":\"https:\\\/\\\/paulinenaue.info\\\/index.php\\\/event\\\/miteinander-reden-buergerdialog-in-paulinenaue\\\/#primaryimage\"},\"image\":{\"@id\":\"https:\\\/\\\/paulinenaue.info\\\/index.php\\\/event\\\/miteinander-reden-buergerdialog-in-paulinenaue\\\/#primaryimage\"},\"thumbnailUrl\":\"https:\\\/\\\/paulinenaue.info\\\/wp-content\\\/uploads\\\/2025\\\/07\\\/Buergerdialog-20.07.2025.png\",\"datePublished\":\"2025-07-07T18:27:38+00:00\",\"breadcrumb\":{\"@id\":\"https:\\\/\\\/paulinenaue.info\\\/index.php\\\/event\\\/miteinander-reden-buergerdialog-in-paulinenaue\\\/#breadcrumb\"},\"inLanguage\":\"de\",\"potentialAction\":[{\"@type\":\"ReadAction\",\"target\":[\"https:\\\/\\\/paulinenaue.info\\\/index.php\\\/event\\\/miteinander-reden-buergerdialog-in-paulinenaue\\\/\"]}]},{\"@type\":\"ImageObject\",\"inLanguage\":\"de\",\"@id\":\"https:\\\/\\\/paulinenaue.info\\\/index.php\\\/event\\\/miteinander-reden-buergerdialog-in-paulinenaue\\\/#primaryimage\",\"url\":\"https:\\\/\\\/paulinenaue.info\\\/wp-content\\\/uploads\\\/2025\\\/07\\\/Buergerdialog-20.07.2025.png\",\"contentUrl\":\"https:\\\/\\\/paulinenaue.info\\\/wp-content\\\/uploads\\\/2025\\\/07\\\/Buergerdialog-20.07.2025.png\",\"width\":1414,\"height\":2000},{\"@type\":\"BreadcrumbList\",\"@id\":\"https:\\\/\\\/paulinenaue.info\\\/index.php\\\/event\\\/miteinander-reden-buergerdialog-in-paulinenaue\\\/#breadcrumb\",\"itemListElement\":[{\"@type\":\"ListItem\",\"position\":1,\"name\":\"Home\",\"item\":\"https:\\\/\\\/paulinenaue.info\\\/\"},{\"@type\":\"ListItem\",\"position\":2,\"name\":\"Veranstaltungen\",\"item\":\"https:\\\/\\\/paulinenaue.info\\\/index.php\\\/events\\\/\"},{\"@type\":\"ListItem\",\"position\":3,\"name\":\"Miteinander Reden &#8211; B\u00fcrgerdialog in Paulinenaue\"}]},{\"@type\":\"WebSite\",\"@id\":\"https:\\\/\\\/paulinenaue.info\\\/#website\",\"url\":\"https:\\\/\\\/paulinenaue.info\\\/\",\"name\":\"Paulinenaue\",\"description\":\"Ein Dorf im Havelland\",\"potentialAction\":[{\"@type\":\"SearchAction\",\"target\":{\"@type\":\"EntryPoint\",\"urlTemplate\":\"https:\\\/\\\/paulinenaue.info\\\/?s={search_term_string}\"},\"query-input\":{\"@type\":\"PropertyValueSpecification\",\"valueRequired\":true,\"valueName\":\"search_term_string\"}}],\"inLanguage\":\"de\"}]}<\/script>\n<!-- \/ Yoast SEO plugin. -->","yoast_head_json":{"title":"Miteinander Reden - B\u00fcrgerdialog in Paulinenaue - Paulinenaue","robots":{"index":"index","follow":"follow","max-snippet":"max-snippet:-1","max-image-preview":"max-image-preview:large","max-video-preview":"max-video-preview:-1"},"canonical":"https:\/\/paulinenaue.info\/index.php\/event\/miteinander-reden-buergerdialog-in-paulinenaue\/","og_locale":"de_DE","og_type":"article","og_title":"Miteinander Reden - B\u00fcrgerdialog in Paulinenaue - Paulinenaue","og_description":"Thema: Soziale Ungleichheit \u2013 ein verdr\u00e4ngtes Thema? In den letzten [&hellip;]","og_url":"https:\/\/paulinenaue.info\/index.php\/event\/miteinander-reden-buergerdialog-in-paulinenaue\/","og_site_name":"Paulinenaue","og_image":[{"width":1414,"height":2000,"url":"https:\/\/paulinenaue.info\/wp-content\/uploads\/2025\/07\/Buergerdialog-20.07.2025.png","type":"image\/png"}],"twitter_card":"summary_large_image","twitter_misc":{"Gesch\u00e4tzte Lesezeit":"2\u00a0Minuten"},"schema":{"@context":"https:\/\/schema.org","@graph":[{"@type":"WebPage","@id":"https:\/\/paulinenaue.info\/index.php\/event\/miteinander-reden-buergerdialog-in-paulinenaue\/","url":"https:\/\/paulinenaue.info\/index.php\/event\/miteinander-reden-buergerdialog-in-paulinenaue\/","name":"Miteinander Reden - B\u00fcrgerdialog in Paulinenaue - Paulinenaue","isPartOf":{"@id":"https:\/\/paulinenaue.info\/#website"},"primaryImageOfPage":{"@id":"https:\/\/paulinenaue.info\/index.php\/event\/miteinander-reden-buergerdialog-in-paulinenaue\/#primaryimage"},"image":{"@id":"https:\/\/paulinenaue.info\/index.php\/event\/miteinander-reden-buergerdialog-in-paulinenaue\/#primaryimage"},"thumbnailUrl":"https:\/\/paulinenaue.info\/wp-content\/uploads\/2025\/07\/Buergerdialog-20.07.2025.png","datePublished":"2025-07-07T18:27:38+00:00","breadcrumb":{"@id":"https:\/\/paulinenaue.info\/index.php\/event\/miteinander-reden-buergerdialog-in-paulinenaue\/#breadcrumb"},"inLanguage":"de","potentialAction":[{"@type":"ReadAction","target":["https:\/\/paulinenaue.info\/index.php\/event\/miteinander-reden-buergerdialog-in-paulinenaue\/"]}]},{"@type":"ImageObject","inLanguage":"de","@id":"https:\/\/paulinenaue.info\/index.php\/event\/miteinander-reden-buergerdialog-in-paulinenaue\/#primaryimage","url":"https:\/\/paulinenaue.info\/wp-content\/uploads\/2025\/07\/Buergerdialog-20.07.2025.png","contentUrl":"https:\/\/paulinenaue.info\/wp-content\/uploads\/2025\/07\/Buergerdialog-20.07.2025.png","width":1414,"height":2000},{"@type":"BreadcrumbList","@id":"https:\/\/paulinenaue.info\/index.php\/event\/miteinander-reden-buergerdialog-in-paulinenaue\/#breadcrumb","itemListElement":[{"@type":"ListItem","position":1,"name":"Home","item":"https:\/\/paulinenaue.info\/"},{"@type":"ListItem","position":2,"name":"Veranstaltungen","item":"https:\/\/paulinenaue.info\/index.php\/events\/"},{"@type":"ListItem","position":3,"name":"Miteinander Reden &#8211; B\u00fcrgerdialog in Paulinenaue"}]},{"@type":"WebSite","@id":"https:\/\/paulinenaue.info\/#website","url":"https:\/\/paulinenaue.info\/","name":"Paulinenaue","description":"Ein Dorf im Havelland","potentialAction":[{"@type":"SearchAction","target":{"@type":"EntryPoint","urlTemplate":"https:\/\/paulinenaue.info\/?s={search_term_string}"},"query-input":{"@type":"PropertyValueSpecification","valueRequired":true,"valueName":"search_term_string"}}],"inLanguage":"de"}]}},"jetpack_sharing_enabled":true,"ticketed":false,"_links":{"self":[{"href":"https:\/\/paulinenaue.info\/index.php\/wp-json\/wp\/v2\/tribe_events\/418172","targetHints":{"allow":["GET"]}}],"collection":[{"href":"https:\/\/paulinenaue.info\/index.php\/wp-json\/wp\/v2\/tribe_events"}],"about":[{"href":"https:\/\/paulinenaue.info\/index.php\/wp-json\/wp\/v2\/types\/tribe_events"}],"author":[{"embeddable":true,"href":"https:\/\/paulinenaue.info\/index.php\/wp-json\/wp\/v2\/users\/3"}],"version-history":[{"count":1,"href":"https:\/\/paulinenaue.info\/index.php\/wp-json\/wp\/v2\/tribe_events\/418172\/revisions"}],"predecessor-version":[{"id":418174,"href":"https:\/\/paulinenaue.info\/index.php\/wp-json\/wp\/v2\/tribe_events\/418172\/revisions\/418174"}],"wp:featuredmedia":[{"embeddable":true,"href":"https:\/\/paulinenaue.info\/index.php\/wp-json\/wp\/v2\/media\/418173"}],"wp:attachment":[{"href":"https:\/\/paulinenaue.info\/index.php\/wp-json\/wp\/v2\/media?parent=418172"}],"wp:term":[{"taxonomy":"post_tag","embeddable":true,"href":"https:\/\/paulinenaue.info\/index.php\/wp-json\/wp\/v2\/tags?post=418172"},{"taxonomy":"tribe_events_cat","embeddable":true,"href":"https:\/\/paulinenaue.info\/index.php\/wp-json\/wp\/v2\/tribe_events_cat?post=418172"}],"curies":[{"name":"wp","href":"https:\/\/api.w.org\/{rel}","templated":true}]}}